{"id":8856,"date":"2025-12-22T15:28:19","date_gmt":"2025-12-22T14:28:19","guid":{"rendered":"http:\/\/rema-germany.de.blmedia15.virtualhosts.de\/aviso-legal\/"},"modified":"2026-08-25T14:05:09","modified_gmt":"2026-08-25T12:05:09","slug":"aviso-legal","status":"publish","type":"page","link":"https:\/\/www.rema-germany.com\/es\/aviso-legal\/","title":{"rendered":"Aviso legal"},"content":{"rendered":"\t\t<div data-elementor-type=\"wp-page\" data-elementor-id=\"8856\" class=\"elementor elementor-8856 elementor-3900\" data-elementor-post-type=\"page\">\n\t\t\t\t<div class=\"elementor-element elementor-element-8c57c39 e-con-full e-flex e-con e-parent\" data-id=\"8c57c39\" data-element_type=\"container\" data-e-type=\"container\" data-settings=\"{&quot;background_background&quot;:&quot;classic&quot;}\">\n\t\t<div class=\"elementor-element elementor-element-1e5c840 e-con-full e-flex e-con e-child\" data-id=\"1e5c840\" data-element_type=\"container\" data-e-type=\"container\">\n\t\t\t\t<div class=\"elementor-element elementor-element-8c711b7 elementor-widget elementor-widget-heading\" data-id=\"8c711b7\" data-element_type=\"widget\" data-e-type=\"widget\" data-widget_type=\"heading.default\">\n\t\t\t\t\t<h1 class=\"elementor-heading-title elementor-size-default\">Aviso legal<\/h1>\t\t\t\t<\/div>\n\t\t\t\t<\/div>\n\t\t\t\t<\/div>\n\t\t<div class=\"elementor-element elementor-element-b624e5c e-flex e-con-boxed e-con e-parent\" data-id=\"b624e5c\" data-element_type=\"container\" data-e-type=\"container\" data-settings=\"{&quot;background_background&quot;:&quot;gradient&quot;}\">\n\t\t\t\t\t<div class=\"e-con-inner\">\n\t\t<div class=\"elementor-element elementor-element-1109d34 e-con-full e-flex e-con e-child\" data-id=\"1109d34\" data-element_type=\"container\" data-e-type=\"container\">\n\t\t<div class=\"elementor-element elementor-element-7abaa06 e-con-full e-flex e-con e-child\" data-id=\"7abaa06\" data-element_type=\"container\" data-e-type=\"container\">\n\t\t\t\t<div class=\"elementor-element elementor-element-ca59cda elementor-widget elementor-widget-html\" data-id=\"ca59cda\" data-element_type=\"widget\" data-e-type=\"widget\" data-widget_type=\"html.default\">\n\t\t\t\t\t<h1>Aviso legal<\/h1>\n\n<p>rema.germany es una marca de rema.germany GmbH<\/p>\n<p>rema.germany GmbH<br\/>Schuckertstr. 4<br\/>48712 Gescher<\/p>\n\n<p>Registro mercantil: HRB 10069<br\/>Tribunal de registro: Coesfeld<\/p>\n\n<h2><strong>Representado por:<\/strong><\/h2>\n<p><\/p>Heinz H\u00f6lker<\/p>\n\n<h2><strong>Contacto<\/strong><\/h2>\n<p>Tel\u00e9fono: 0049 2542 9 555 111<br\/>Fax: 0049 2542 9 555 122<br\/>Correo electr\u00f3nico: info@rema-germany.com<\/p>\n\n<h2><strong>NIF-IVA<\/strong><\/h2>\n<p>N\u00famero de identificaci\u00f3n fiscal a efectos del IVA seg\u00fan el \u00a7 27 a de la Ley del Impuesto sobre el Valor A\u00f1adido:<br\/>DE 814628052<\/p>\n\n<h2><strong>Resoluci\u00f3n de litigios de consumidores\/Organismo de arbitraje universal<\/strong><\/h2>\n<p><strong>Responsabilidad por los contenidos<\/strong><\/p>\n<p>Los contenidos de nuestras p\u00e1ginas han sido elaborados con el mayor cuidado. Sin embargo, no podemos garantizar la exactitud, integridad y actualidad de los contenidos. Como proveedor de servicios, somos responsables de nuestros propios contenidos en estas p\u00e1ginas de acuerdo con las leyes generales, seg\u00fan el \u00a7 7, apdo. 1 de la TMG. Sin embargo, seg\u00fan los \u00a7\u00a7 8 a 10 de la TMG, como proveedor de servicios, no estamos obligados a supervisar la informaci\u00f3n de terceros transmitida o almacenada ni a investigar circunstancias que indiquen una actividad ilegal. Las obligaciones de eliminar o bloquear el uso de informaci\u00f3n de acuerdo con las leyes generales no se ven afectadas por esto. Sin embargo, la responsabilidad a este respecto solo es posible a partir del momento en que se tiene conocimiento de una infracci\u00f3n legal concreta. En caso de que se tenga conocimiento de infracciones legales correspondientes, eliminaremos estos contenidos de inmediato.       <\/p>\n<br><p><strong>Responsabilidad por los enlaces<\/strong><\/p>\n<p>Nuestra oferta contiene enlaces a sitios web externos de terceros sobre cuyos contenidos no tenemos influencia. Por lo tanto, no podemos garantizar estos contenidos de terceros. El respectivo proveedor u operador de las p\u00e1ginas es siempre responsable del contenido de las p\u00e1ginas enlazadas. Las p\u00e1ginas enlazadas fueron revisadas en el momento de la vinculaci\u00f3n en busca de posibles infracciones legales. En el momento de la vinculaci\u00f3n no se detectaron contenidos ilegales. Sin embargo, no es razonable un control permanente del contenido de las p\u00e1ginas enlazadas sin indicios concretos de una infracci\u00f3n legal. En caso de que se tenga conocimiento de infracciones legales, eliminaremos dichos enlaces de inmediato.      <\/p><br><p><strong>Derechos de autor<\/strong><\/p>\n<p>Los contenidos y obras creados por los operadores de las p\u00e1ginas en estas p\u00e1ginas est\u00e1n sujetos a la legislaci\u00f3n alemana de derechos de autor. La reproducci\u00f3n, edici\u00f3n, distribuci\u00f3n y cualquier tipo de explotaci\u00f3n fuera de los l\u00edmites de los derechos de autor requieren el consentimiento por escrito del respectivo autor o creador. Las descargas y copias de esta p\u00e1gina solo est\u00e1n permitidas para uso privado y no comercial. En la medida en que los contenidos de esta p\u00e1gina no hayan sido creados por el operador, se respetan los derechos de autor de terceros. En particular, los contenidos de terceros se identifican como tales. Si a pesar de ello tuviera conocimiento de una infracci\u00f3n de derechos de autor, le rogamos que nos lo notifique. En caso de que se tenga conocimiento de infracciones legales, eliminaremos dichos contenidos de inmediato.      <\/p><br><p><strong>Protecci\u00f3n de datos<\/strong><\/p>\n<p>El uso de nuestro sitio web es generalmente posible sin proporcionar datos personales. En la medida en que en nuestras p\u00e1ginas se recopilen datos personales (por ejemplo, nombre, direcci\u00f3n o direcciones de correo electr\u00f3nico), esto se realiza, en la medida de lo posible, siempre de forma voluntaria. Estos datos no se transmitir\u00e1n a terceros sin su consentimiento expreso.  \n\nAdvertimos que la transmisi\u00f3n de datos en Internet (por ejemplo, en la comunicaci\u00f3n por correo electr\u00f3nico) puede presentar lagunas de seguridad. No es posible una protecci\u00f3n completa de los datos contra el acceso de terceros. \n\nSe proh\u00edbe expresamente el uso por parte de terceros de los datos de contacto publicados en el marco de la obligaci\u00f3n de identificaci\u00f3n legal para el env\u00edo de publicidad y material informativo no solicitado expresamente. Los operadores de las p\u00e1ginas se reservan expresamente el derecho a emprender acciones legales en caso de env\u00edo no solicitado de informaci\u00f3n publicitaria, por ejemplo, mediante correos electr\u00f3nicos no deseados (spam). <\/p>\n<p>No estamos dispuestos ni obligados a participar en procedimientos de resoluci\u00f3n de litigios ante un organismo de arbitraje de consumidores.<\/p>\n\n<h2><strong>Punto de contacto central seg\u00fan la Ley de Servicios Digitales - DSA (Reglamento (UE) 2022\/2065)<\/strong><\/h2>\n<p>Puedes contactar con nuestro punto de contacto central para usuarios y autoridades seg\u00fan el art. 11, 12 DSA de la siguiente manera:<\/p>\n<p>Correo electr\u00f3nico: info@rema-germany.com<br\/>Tel\u00e9fono: 0049 2542 9 555 111\n<\/p>\n<p>Los idiomas disponibles para el contacto son: alem\u00e1n, ingl\u00e9s.<\/p>\n<p>Fuente: Descargo de responsabilidad de eRecht24, el portal de derecho de Internet del abogado S\u00f6ren Siebert.<\/p>\n<h2><strong>Referencia de fuentes de im\u00e1genes<\/strong><\/h2>\n<p>Las fotograf\u00edas de naturaleza utilizadas en este sitio web proceden de Wirestock, obtenidas a trav\u00e9s de Magnific.com. Todas las dem\u00e1s im\u00e1genes han sido proporcionadas por el titular de este sitio web; se dispone de las licencias y derechos de uso necesarios. <\/p>\n\n<h2><strong>Dise\u00f1o web<\/strong><\/h2>\n<p>BLMEDiA GmbH<\/p>\n<p>Industriepark 12 <br\/> 48739 Legden<\/p>\n<p> \n  <a href=\"www.blmedia.de\">www.blmedia.de<\/a> \n<\/p>\t\t\t\t<\/div>\n\t\t\t\t<\/div>\n\t\t\t\t<\/div>\n\t\t\t\t\t<\/div>\n\t\t\t\t<\/div>\n\t\t\t\t<\/div>\n\t\t","protected":false},"excerpt":{"rendered":"<p>Aviso legal Aviso legal rema.germany es una marca de rema.germany GmbH rema.germany GmbHSchuckertstr. 448712 Gescher Registro mercantil: HRB 10069Tribunal de registro: Coesfeld Representado por: Heinz H\u00f6lker Contacto Tel\u00e9fono: 0049 2542 9 555 111Fax: 0049 2542 9 555 122Correo electr\u00f3nico: info@rema-germany.com NIF-IVA N\u00famero de identificaci\u00f3n fiscal a efectos del IVA seg\u00fan el \u00a7 27 a de [&hellip;]<\/p>\n","protected":false},"author":3,"featured_media":0,"parent":0,"menu_order":0,"comment_status":"closed","ping_status":"closed","template":"elementor_header_footer","meta":{"footnotes":""},"class_list":["post-8856","page","type-page","status-publish","hentry"],"yoast_head":"<!-- This site is optimized with the Yoast SEO plugin v28.3 - https:\/\/yoast.com\/product\/yoast-seo-wordpress\/ -->\n<title>Aviso legal - rema.germany<\/title>\n<meta name=\"robots\" content=\"index, follow, max-snippet:-1, max-image-preview:large, max-video-preview:-1\" \/>\n<link rel=\"canonical\" href=\"https:\/\/www.rema-germany.com\/es\/aviso-legal\/\" \/>\n<meta property=\"og:locale\" content=\"es_ES\" \/>\n<meta property=\"og:type\" content=\"article\" \/>\n<meta property=\"og:title\" content=\"Aviso legal - rema.germany\" \/>\n<meta property=\"og:description\" content=\"Aviso legal Aviso legal rema.germany es una marca de rema.germany GmbH rema.germany GmbHSchuckertstr. 448712 Gescher Registro mercantil: HRB 10069Tribunal de registro: Coesfeld Representado por: Heinz H\u00f6lker Contacto Tel\u00e9fono: 0049 2542 9 555 111Fax: 0049 2542 9 555 122Correo electr\u00f3nico: info@rema-germany.com NIF-IVA N\u00famero de identificaci\u00f3n fiscal a efectos del IVA seg\u00fan el \u00a7 27 a de [&hellip;]\" \/>\n<meta property=\"og:url\" content=\"https:\/\/www.rema-germany.com\/es\/aviso-legal\/\" \/>\n<meta property=\"og:site_name\" content=\"rema.germany\" \/>\n<meta property=\"article:publisher\" content=\"https:\/\/www.facebook.com\/p\/Brokamp-Containerdienst-Mllabfuhr-100057048657158\" \/>\n<meta property=\"article:modified_time\" content=\"2026-08-25T12:05:09+00:00\" \/>\n<meta name=\"twitter:card\" content=\"summary_large_image\" \/>\n<meta name=\"twitter:label1\" content=\"Tiempo de lectura\" \/>\n\t<meta name=\"twitter:data1\" content=\"4 minuto\" \/>\n<script type=\"application\/ld+json\" class=\"yoast-schema-graph\">{\"@context\":\"https:\\\/\\\/schema.org\",\"@graph\":[{\"@type\":\"WebPage\",\"@id\":\"https:\\\/\\\/www.rema-germany.com\\\/es\\\/aviso-legal\\\/\",\"url\":\"https:\\\/\\\/www.rema-germany.com\\\/es\\\/aviso-legal\\\/\",\"name\":\"Aviso legal - rema.germany\",\"isPartOf\":{\"@id\":\"https:\\\/\\\/www.rema-germany.com\\\/es\\\/#website\"},\"datePublished\":\"2025-12-22T14:28:19+00:00\",\"dateModified\":\"2026-08-25T12:05:09+00:00\",\"breadcrumb\":{\"@id\":\"https:\\\/\\\/www.rema-germany.com\\\/es\\\/aviso-legal\\\/#breadcrumb\"},\"inLanguage\":\"es\",\"potentialAction\":[{\"@type\":\"ReadAction\",\"target\":[\"https:\\\/\\\/www.rema-germany.com\\\/es\\\/aviso-legal\\\/\"]}]},{\"@type\":\"BreadcrumbList\",\"@id\":\"https:\\\/\\\/www.rema-germany.com\\\/es\\\/aviso-legal\\\/#breadcrumb\",\"itemListElement\":[{\"@type\":\"ListItem\",\"position\":1,\"name\":\"Inicio\",\"item\":\"https:\\\/\\\/www.rema-germany.com\\\/es\\\/\"},{\"@type\":\"ListItem\",\"position\":2,\"name\":\"Aviso legal\"}]},{\"@type\":\"WebSite\",\"@id\":\"https:\\\/\\\/www.rema-germany.com\\\/es\\\/#website\",\"url\":\"https:\\\/\\\/www.rema-germany.com\\\/es\\\/\",\"name\":\"Brokamp - Containerdienst, M\u00fcllabfuhr und Schubbodentransporte\",\"description\":\"part of a better future\",\"publisher\":{\"@id\":\"https:\\\/\\\/www.rema-germany.com\\\/es\\\/#organization\"},\"potentialAction\":[{\"@type\":\"SearchAction\",\"target\":{\"@type\":\"EntryPoint\",\"urlTemplate\":\"https:\\\/\\\/www.rema-germany.com\\\/es\\\/?s={search_term_string}\"},\"query-input\":{\"@type\":\"PropertyValueSpecification\",\"valueRequired\":true,\"valueName\":\"search_term_string\"}}],\"inLanguage\":\"es\"},{\"@type\":\"Organization\",\"@id\":\"https:\\\/\\\/www.rema-germany.com\\\/es\\\/#organization\",\"name\":\"Brokamp - Containerdienst, M\u00fcllabfuhr und Schubbodentransporte\",\"url\":\"https:\\\/\\\/www.rema-germany.com\\\/es\\\/\",\"logo\":{\"@type\":\"ImageObject\",\"inLanguage\":\"es\",\"@id\":\"https:\\\/\\\/www.rema-germany.com\\\/es\\\/#\\\/schema\\\/logo\\\/image\\\/\",\"url\":\"https:\\\/\\\/www.rema-germany.com\\\/wp-content\\\/uploads\\\/2023\\\/10\\\/rema.germany-Wort-Bild-Marke-Effekt-RBG.svg\",\"contentUrl\":\"https:\\\/\\\/www.rema-germany.com\\\/wp-content\\\/uploads\\\/2023\\\/10\\\/rema.germany-Wort-Bild-Marke-Effekt-RBG.svg\",\"caption\":\"Brokamp - Containerdienst, M\u00fcllabfuhr und Schubbodentransporte\"},\"image\":{\"@id\":\"https:\\\/\\\/www.rema-germany.com\\\/es\\\/#\\\/schema\\\/logo\\\/image\\\/\"},\"sameAs\":[\"https:\\\/\\\/www.facebook.com\\\/p\\\/Brokamp-Containerdienst-Mllabfuhr-100057048657158\",\"https:\\\/\\\/www.instagram.com\\\/brokamp_containerdienst\\\/\"]}]}<\/script>\n<!-- \/ Yoast SEO plugin. -->","yoast_head_json":{"title":"Aviso legal - rema.germany","robots":{"index":"index","follow":"follow","max-snippet":"max-snippet:-1","max-image-preview":"max-image-preview:large","max-video-preview":"max-video-preview:-1"},"canonical":"https:\/\/www.rema-germany.com\/es\/aviso-legal\/","og_locale":"es_ES","og_type":"article","og_title":"Aviso legal - rema.germany","og_description":"Aviso legal Aviso legal rema.germany es una marca de rema.germany GmbH rema.germany GmbHSchuckertstr. 448712 Gescher Registro mercantil: HRB 10069Tribunal de registro: Coesfeld Representado por: Heinz H\u00f6lker Contacto Tel\u00e9fono: 0049 2542 9 555 111Fax: 0049 2542 9 555 122Correo electr\u00f3nico: info@rema-germany.com NIF-IVA N\u00famero de identificaci\u00f3n fiscal a efectos del IVA seg\u00fan el \u00a7 27 a de [&hellip;]","og_url":"https:\/\/www.rema-germany.com\/es\/aviso-legal\/","og_site_name":"rema.germany","article_publisher":"https:\/\/www.facebook.com\/p\/Brokamp-Containerdienst-Mllabfuhr-100057048657158","article_modified_time":"2026-08-25T12:05:09+00:00","twitter_card":"summary_large_image","twitter_misc":{"Tiempo de lectura":"4 minuto"},"schema":{"@context":"https:\/\/schema.org","@graph":[{"@type":"WebPage","@id":"https:\/\/www.rema-germany.com\/es\/aviso-legal\/","url":"https:\/\/www.rema-germany.com\/es\/aviso-legal\/","name":"Aviso legal - rema.germany","isPartOf":{"@id":"https:\/\/www.rema-germany.com\/es\/#website"},"datePublished":"2025-12-22T14:28:19+00:00","dateModified":"2026-08-25T12:05:09+00:00","breadcrumb":{"@id":"https:\/\/www.rema-germany.com\/es\/aviso-legal\/#breadcrumb"},"inLanguage":"es","potentialAction":[{"@type":"ReadAction","target":["https:\/\/www.rema-germany.com\/es\/aviso-legal\/"]}]},{"@type":"BreadcrumbList","@id":"https:\/\/www.rema-germany.com\/es\/aviso-legal\/#breadcrumb","itemListElement":[{"@type":"ListItem","position":1,"name":"Inicio","item":"https:\/\/www.rema-germany.com\/es\/"},{"@type":"ListItem","position":2,"name":"Aviso legal"}]},{"@type":"WebSite","@id":"https:\/\/www.rema-germany.com\/es\/#website","url":"https:\/\/www.rema-germany.com\/es\/","name":"Brokamp - Containerdienst, M\u00fcllabfuhr und Schubbodentransporte","description":"part of a better future","publisher":{"@id":"https:\/\/www.rema-germany.com\/es\/#organization"},"potentialAction":[{"@type":"SearchAction","target":{"@type":"EntryPoint","urlTemplate":"https:\/\/www.rema-germany.com\/es\/?s={search_term_string}"},"query-input":{"@type":"PropertyValueSpecification","valueRequired":true,"valueName":"search_term_string"}}],"inLanguage":"es"},{"@type":"Organization","@id":"https:\/\/www.rema-germany.com\/es\/#organization","name":"Brokamp - Containerdienst, M\u00fcllabfuhr und Schubbodentransporte","url":"https:\/\/www.rema-germany.com\/es\/","logo":{"@type":"ImageObject","inLanguage":"es","@id":"https:\/\/www.rema-germany.com\/es\/#\/schema\/logo\/image\/","url":"https:\/\/www.rema-germany.com\/wp-content\/uploads\/2023\/10\/rema.germany-Wort-Bild-Marke-Effekt-RBG.svg","contentUrl":"https:\/\/www.rema-germany.com\/wp-content\/uploads\/2023\/10\/rema.germany-Wort-Bild-Marke-Effekt-RBG.svg","caption":"Brokamp - Containerdienst, M\u00fcllabfuhr und Schubbodentransporte"},"image":{"@id":"https:\/\/www.rema-germany.com\/es\/#\/schema\/logo\/image\/"},"sameAs":["https:\/\/www.facebook.com\/p\/Brokamp-Containerdienst-Mllabfuhr-100057048657158","https:\/\/www.instagram.com\/brokamp_containerdienst\/"]}]}},"_links":{"self":[{"href":"https:\/\/www.rema-germany.com\/es\/wp-json\/wp\/v2\/pages\/8856","targetHints":{"allow":["GET"]}}],"collection":[{"href":"https:\/\/www.rema-germany.com\/es\/wp-json\/wp\/v2\/pages"}],"about":[{"href":"https:\/\/www.rema-germany.com\/es\/wp-json\/wp\/v2\/types\/page"}],"author":[{"embeddable":true,"href":"https:\/\/www.rema-germany.com\/es\/wp-json\/wp\/v2\/users\/3"}],"replies":[{"embeddable":true,"href":"https:\/\/www.rema-germany.com\/es\/wp-json\/wp\/v2\/comments?post=8856"}],"version-history":[{"count":5,"href":"https:\/\/www.rema-germany.com\/es\/wp-json\/wp\/v2\/pages\/8856\/revisions"}],"predecessor-version":[{"id":12077,"href":"https:\/\/www.rema-germany.com\/es\/wp-json\/wp\/v2\/pages\/8856\/revisions\/12077"}],"wp:attachment":[{"href":"https:\/\/www.rema-germany.com\/es\/wp-json\/wp\/v2\/media?parent=8856"}],"curies":[{"name":"wp","href":"https:\/\/api.w.org\/{rel}","templated":true}]}}