{"id":9208,"date":"2025-12-22T15:25:30","date_gmt":"2025-12-22T14:25:30","guid":{"rendered":"http:\/\/rema-germany.de.blmedia15.virtualhosts.de\/inicio\/"},"modified":"2026-08-31T15:12:54","modified_gmt":"2026-08-31T13:12:54","slug":"inicio","status":"publish","type":"page","link":"https:\/\/www.rema-germany.com\/es\/","title":{"rendered":"Inicio"},"content":{"rendered":"\t\t<div data-elementor-type=\"wp-page\" data-elementor-id=\"9208\" class=\"elementor elementor-9208 elementor-3893\" data-elementor-post-type=\"page\">\n\t\t\t\t<div class=\"elementor-element elementor-element-f88be31 e-con-full e-flex e-con e-parent\" data-id=\"f88be31\" data-element_type=\"container\" data-e-type=\"container\" data-settings=\"{&quot;background_background&quot;:&quot;video&quot;,&quot;background_video_link&quot;:&quot;\\\/wp-content\\\/uploads\\\/2026\\\/02\\\/rema_video.mp4&quot;,&quot;background_video_start&quot;:0}\">\n\t\t<div class=\"elementor-background-video-container elementor-hidden-mobile\">\n\t\t\t\t\t\t\t<video class=\"elementor-background-video-hosted\" role=\"presentation\" autoplay muted playsinline loop><\/video>\n\t\t\t\t\t<\/div><div class=\"elementor-element elementor-element-f178be3 e-flex e-con-boxed e-con e-child\" data-id=\"f178be3\" data-element_type=\"container\" data-e-type=\"container\" data-settings=\"{&quot;background_background&quot;:&quot;classic&quot;}\">\n\t\t\t\t\t<div class=\"e-con-inner\">\n\t\t\t\t<div class=\"elementor-element elementor-element-ee9001d elementor-widget__width-initial elementor-hidden-tablet elementor-hidden-mobile elementor-widget elementor-widget-heading\" data-id=\"ee9001d\" data-element_type=\"widget\" data-e-type=\"widget\" data-widget_type=\"heading.default\">\n\t\t\t\t\t<h1 class=\"elementor-heading-title elementor-size-default\">Remanufacturaci\u00f3n profesional para <br \/>sus exigencias<\/h1>\t\t\t\t<\/div>\n\t\t\t\t<div class=\"elementor-element elementor-element-4dc05e6 elementor-widget__width-initial elementor-widget-mobile__width-initial elementor-hidden-desktop elementor-widget elementor-widget-heading\" data-id=\"4dc05e6\" data-element_type=\"widget\" data-e-type=\"widget\" data-widget_type=\"heading.default\">\n\t\t\t\t\t<h1 class=\"elementor-heading-title elementor-size-default\">Remanufacturaci\u00f3n profesional para sus exigencias<\/h1>\t\t\t\t<\/div>\n\t\t\t\t<div class=\"elementor-element elementor-element-5c17910 elementor-widget__width-initial elementor-widget elementor-widget-text-editor\" data-id=\"5c17910\" data-element_type=\"widget\" data-e-type=\"widget\" data-widget_type=\"text-editor.default\">\n\t\t\t\t\t\t\t\t\t<p>Productos de calidad y servicio fiable: m\u00e1s de 20 a\u00f1os de experiencia como su socio para soluciones sostenibles en el sector de veh\u00edculos comerciales.<\/p>\t\t\t\t\t\t\t\t<\/div>\n\t\t<div class=\"elementor-element elementor-element-9df6c5c e-con-full e-flex e-con e-child\" data-id=\"9df6c5c\" data-element_type=\"container\" data-e-type=\"container\">\n\t\t\t\t<div class=\"elementor-element elementor-element-b6bad23 elementor-align-left elementor-widget elementor-widget-button\" data-id=\"b6bad23\" data-element_type=\"widget\" data-e-type=\"widget\" data-widget_type=\"button.default\">\n\t\t\t\t\t\t\t\t\t\t<a class=\"elementor-button elementor-button-link elementor-size-sm elementor-animation-bob\" href=\"https:\/\/www.rema-germany.com\/es\/lineas-de-productos\/\">\n\t\t\t\t\t\t<span class=\"elementor-button-content-wrapper\">\n\t\t\t\t\t\t<span class=\"elementor-button-icon\">\n\t\t\t\t<svg aria-hidden=\"true\" class=\"e-font-icon-svg e-fas-arrow-right\" viewBox=\"0 0 448 512\" xmlns=\"http:\/\/www.w3.org\/2000\/svg\"><path d=\"M190.5 66.9l22.2-22.2c9.4-9.4 24.6-9.4 33.9 0L441 239c9.4 9.4 9.4 24.6 0 33.9L246.6 467.3c-9.4 9.4-24.6 9.4-33.9 0l-22.2-22.2c-9.5-9.5-9.3-25 .4-34.3L311.4 296H24c-13.3 0-24-10.7-24-24v-32c0-13.3 10.7-24 24-24h287.4L190.9 101.2c-9.8-9.3-10-24.8-.4-34.3z\"><\/path><\/svg>\t\t\t<\/span>\n\t\t\t\t\t\t\t\t\t<span class=\"elementor-button-text\">Descubra nuestras gamas <\/span>\n\t\t\t\t\t<\/span>\n\t\t\t\t\t<\/a>\n\t\t\t\t\t\t\t\t<\/div>\n\t\t\t\t<div class=\"elementor-element elementor-element-bb45312 elementor-align-left elementor-widget elementor-widget-button\" data-id=\"bb45312\" data-element_type=\"widget\" data-e-type=\"widget\" data-widget_type=\"button.default\">\n\t\t\t\t\t\t\t\t\t\t<a class=\"elementor-button elementor-button-link elementor-size-sm elementor-animation-bob\" href=\"\/shop\/es\">\n\t\t\t\t\t\t<span class=\"elementor-button-content-wrapper\">\n\t\t\t\t\t\t<span class=\"elementor-button-icon\">\n\t\t\t\t<svg aria-hidden=\"true\" class=\"e-font-icon-svg e-fas-arrow-right\" viewBox=\"0 0 448 512\" xmlns=\"http:\/\/www.w3.org\/2000\/svg\"><path d=\"M190.5 66.9l22.2-22.2c9.4-9.4 24.6-9.4 33.9 0L441 239c9.4 9.4 9.4 24.6 0 33.9L246.6 467.3c-9.4 9.4-24.6 9.4-33.9 0l-22.2-22.2c-9.5-9.5-9.3-25 .4-34.3L311.4 296H24c-13.3 0-24-10.7-24-24v-32c0-13.3 10.7-24 24-24h287.4L190.9 101.2c-9.8-9.3-10-24.8-.4-34.3z\"><\/path><\/svg>\t\t\t<\/span>\n\t\t\t\t\t\t\t\t\t<span class=\"elementor-button-text\">Ir a la tienda online<\/span>\n\t\t\t\t\t<\/span>\n\t\t\t\t\t<\/a>\n\t\t\t\t\t\t\t\t<\/div>\n\t\t\t\t<\/div>\n\t\t\t\t\t<\/div>\n\t\t\t\t<\/div>\n\t\t\t\t<\/div>\n\t\t<div class=\"elementor-element elementor-element-deebd33 e-flex e-con-boxed e-con e-parent\" data-id=\"deebd33\" data-element_type=\"container\" data-e-type=\"container\" data-settings=\"{&quot;background_background&quot;:&quot;classic&quot;}\">\n\t\t\t\t\t<div class=\"e-con-inner\">\n\t\t<div class=\"elementor-element elementor-element-8b5a766 e-con-full e-flex e-con e-child\" data-id=\"8b5a766\" data-element_type=\"container\" data-e-type=\"container\">\n\t\t\t\t<div class=\"elementor-element elementor-element-c802fd3 elementor-widget elementor-widget-image\" data-id=\"c802fd3\" data-element_type=\"widget\" data-e-type=\"widget\" data-widget_type=\"image.default\">\n\t\t\t\t\t\t\t\t\t\t\t\t\t\t\t<img fetchpriority=\"high\" decoding=\"async\" width=\"940\" height=\"310\" src=\"https:\/\/www.rema-germany.com\/wp-content\/uploads\/2026\/02\/be.part_-e1770103906734.png\" class=\"attachment-full size-full wp-image-10902\" alt=\"La imagen muestra las palabras \u00abbe.part\u00bb en min\u00fasculas negras, con el punto en verde. La tipograf\u00eda es redondeada y moderna, sobre fondo blanco.\" srcset=\"https:\/\/www.rema-germany.com\/wp-content\/uploads\/2026\/02\/be.part_-e1770103906734.png 940w, https:\/\/www.rema-germany.com\/wp-content\/uploads\/2026\/02\/be.part_-e1770103906734-300x99.png 300w, https:\/\/www.rema-germany.com\/wp-content\/uploads\/2026\/02\/be.part_-e1770103906734-768x253.png 768w\" sizes=\"(max-width: 940px) 100vw, 940px\" \/>\t\t\t\t\t\t\t\t\t\t\t\t\t\t\t<\/div>\n\t\t\t\t<\/div>\n\t\t\t\t<div class=\"elementor-element elementor-element-e6dac16 elementor-widget elementor-widget-text-editor\" data-id=\"e6dac16\" data-element_type=\"widget\" data-e-type=\"widget\" data-widget_type=\"text-editor.default\">\n\t\t\t\t\t\t\t\t\t<div class=\"text-center mb-12\"><p class=\"text-gray-600 max-w-3xl mx-auto\">Descubra nuestra amplia oferta de soluciones y servicios profesionales para sus necesidades.<\/p><\/div>\t\t\t\t\t\t\t\t<\/div>\n\t\t<div class=\"elementor-element elementor-element-123c6ae e-con-full e-flex e-con e-child\" data-id=\"123c6ae\" data-element_type=\"container\" data-e-type=\"container\">\n\t\t<div class=\"elementor-element elementor-element-c122b9f e-grid e-con-full e-con e-child\" data-id=\"c122b9f\" data-element_type=\"container\" data-e-type=\"container\">\n\t\t<div class=\"elementor-element elementor-element-0c1c994 e-con-full e-flex e-con e-child\" data-id=\"0c1c994\" data-element_type=\"container\" data-e-type=\"container\">\n\t\t\t\t<div class=\"elementor-element elementor-element-ddaadf0 elementor-widget elementor-widget-image\" data-id=\"ddaadf0\" data-element_type=\"widget\" data-e-type=\"widget\" data-widget_type=\"image.default\">\n\t\t\t\t\t\t\t\t\t\t\t\t\t\t\t\t<a href=\"https:\/\/www.rema-germany.com\/es\/reacondicionamiento\/\">\n\t\t\t\t\t\t\t<img decoding=\"async\" width=\"1500\" height=\"1000\" data-src=\"https:\/\/www.rema-germany.com\/wp-content\/uploads\/2026\/04\/DSC_0509.webp\" class=\"attachment-full size-full wp-image-10904 lazyload\" alt=\"Una persona con guantes sostiene una tableta en la que se ve un componente mec\u00e1nico y lo examina con atenci\u00f3n mientras est\u00e1 de pie junto a la m\u00e1quina real en un taller.\" data-srcset=\"https:\/\/www.rema-germany.com\/wp-content\/uploads\/2026\/04\/DSC_0509.webp 1500w, https:\/\/www.rema-germany.com\/wp-content\/uploads\/2026\/04\/DSC_0509-300x200.webp 300w, https:\/\/www.rema-germany.com\/wp-content\/uploads\/2026\/04\/DSC_0509-1024x683.webp 1024w, https:\/\/www.rema-germany.com\/wp-content\/uploads\/2026\/04\/DSC_0509-768x512.webp 768w\" data-sizes=\"(max-width: 1500px) 100vw, 1500px\" src=\"data:image\/svg+xml;base64,PHN2ZyB3aWR0aD0iMSIgaGVpZ2h0PSIxIiB4bWxucz0iaHR0cDovL3d3dy53My5vcmcvMjAwMC9zdmciPjwvc3ZnPg==\" style=\"--smush-placeholder-width: 1500px; --smush-placeholder-aspect-ratio: 1500\/1000;\" \/>\t\t\t\t\t\t\t\t<\/a>\n\t\t\t\t\t\t\t\t\t\t\t\t\t\t\t<\/div>\n\t\t\t\t<div class=\"elementor-element elementor-element-26771ed elementor-widget elementor-widget-heading\" data-id=\"26771ed\" data-element_type=\"widget\" data-e-type=\"widget\" data-widget_type=\"heading.default\">\n\t\t\t\t\t<h2 class=\"elementor-heading-title elementor-size-default\"><a href=\"https:\/\/www.rema-germany.com\/es\/reacondicionamiento\/\">Reacondicionamiento<\/a><\/h2>\t\t\t\t<\/div>\n\t\t\t\t<div class=\"elementor-element elementor-element-adc0c24 elementor-widget elementor-widget-text-editor\" data-id=\"adc0c24\" data-element_type=\"widget\" data-e-type=\"widget\" data-widget_type=\"text-editor.default\">\n\t\t\t\t\t\t\t\t\t<p class=\"text-gray-600 mb-3\">Procesos de reacondicionamiento innovadores y gesti\u00f3n de piezas usadas.<\/p>\t\t\t\t\t\t\t\t<\/div>\n\t\t<div class=\"elementor-element elementor-element-5458872 e-con-full e-flex e-con e-child\" data-id=\"5458872\" data-element_type=\"container\" data-e-type=\"container\" data-settings=\"{&quot;position&quot;:&quot;absolute&quot;}\">\n\t\t\t\t<div class=\"elementor-element elementor-element-2f26911 elementor-widget elementor-widget-button\" data-id=\"2f26911\" data-element_type=\"widget\" data-e-type=\"widget\" data-widget_type=\"button.default\">\n\t\t\t\t\t\t\t\t\t\t<a class=\"elementor-button elementor-button-link elementor-size-sm elementor-animation-bob\" href=\"#\">\n\t\t\t\t\t\t<span class=\"elementor-button-content-wrapper\">\n\t\t\t\t\t\t<span class=\"elementor-button-icon\">\n\t\t\t\t<svg aria-hidden=\"true\" class=\"e-font-icon-svg e-fas-arrow-right\" viewBox=\"0 0 448 512\" xmlns=\"http:\/\/www.w3.org\/2000\/svg\"><path d=\"M190.5 66.9l22.2-22.2c9.4-9.4 24.6-9.4 33.9 0L441 239c9.4 9.4 9.4 24.6 0 33.9L246.6 467.3c-9.4 9.4-24.6 9.4-33.9 0l-22.2-22.2c-9.5-9.5-9.3-25 .4-34.3L311.4 296H24c-13.3 0-24-10.7-24-24v-32c0-13.3 10.7-24 24-24h287.4L190.9 101.2c-9.8-9.3-10-24.8-.4-34.3z\"><\/path><\/svg>\t\t\t<\/span>\n\t\t\t\t\t\t\t\t\t<span class=\"elementor-button-text\">M\u00e1s informaci\u00f3n<\/span>\n\t\t\t\t\t<\/span>\n\t\t\t\t\t<\/a>\n\t\t\t\t\t\t\t\t<\/div>\n\t\t\t\t<\/div>\n\t\t\t\t<\/div>\n\t\t<div class=\"elementor-element elementor-element-cdd7709 e-con-full e-flex e-con e-child\" data-id=\"cdd7709\" data-element_type=\"container\" data-e-type=\"container\">\n\t\t\t\t<div class=\"elementor-element elementor-element-bcdea09 elementor-widget elementor-widget-image\" data-id=\"bcdea09\" data-element_type=\"widget\" data-e-type=\"widget\" data-widget_type=\"image.default\">\n\t\t\t\t\t\t\t\t\t\t\t\t\t\t\t\t<a href=\"https:\/\/www.rema-germany.com\/es\/lineas-de-productos\/\">\n\t\t\t\t\t\t\t<img decoding=\"async\" width=\"1800\" height=\"1200\" data-src=\"https:\/\/www.rema-germany.com\/wp-content\/uploads\/2026\/04\/DSC_0650.webp\" class=\"attachment-full size-full wp-image-10905 lazyload\" alt=\"Una persona con guante maneja una m\u00e1quina industrial verde con pantalla t\u00e1ctil y varios cables azules y amarillos conectados al equipo.\" data-srcset=\"https:\/\/www.rema-germany.com\/wp-content\/uploads\/2026\/04\/DSC_0650.webp 1800w, https:\/\/www.rema-germany.com\/wp-content\/uploads\/2026\/04\/DSC_0650-300x200.webp 300w, https:\/\/www.rema-germany.com\/wp-content\/uploads\/2026\/04\/DSC_0650-1024x683.webp 1024w, https:\/\/www.rema-germany.com\/wp-content\/uploads\/2026\/04\/DSC_0650-768x512.webp 768w, https:\/\/www.rema-germany.com\/wp-content\/uploads\/2026\/04\/DSC_0650-1536x1024.webp 1536w\" data-sizes=\"(max-width: 1800px) 100vw, 1800px\" src=\"data:image\/svg+xml;base64,PHN2ZyB3aWR0aD0iMSIgaGVpZ2h0PSIxIiB4bWxucz0iaHR0cDovL3d3dy53My5vcmcvMjAwMC9zdmciPjwvc3ZnPg==\" style=\"--smush-placeholder-width: 1800px; --smush-placeholder-aspect-ratio: 1800\/1200;\" \/>\t\t\t\t\t\t\t\t<\/a>\n\t\t\t\t\t\t\t\t\t\t\t\t\t\t\t<\/div>\n\t\t\t\t<div class=\"elementor-element elementor-element-11c883c elementor-widget elementor-widget-heading\" data-id=\"11c883c\" data-element_type=\"widget\" data-e-type=\"widget\" data-widget_type=\"heading.default\">\n\t\t\t\t\t<h2 class=\"elementor-heading-title elementor-size-default\"><a href=\"https:\/\/www.rema-germany.com\/es\/lineas-de-productos\/\">L\u00edneas de productos<\/a><\/h2>\t\t\t\t<\/div>\n\t\t\t\t<div class=\"elementor-element elementor-element-989c913 elementor-widget elementor-widget-text-editor\" data-id=\"989c913\" data-element_type=\"widget\" data-e-type=\"widget\" data-widget_type=\"text-editor.default\">\n\t\t\t\t\t\t\t\t\t<p class=\"text-gray-600 mb-3\">Amplia gama de productos y piezas de alta calidad.<\/p>\t\t\t\t\t\t\t\t<\/div>\n\t\t<div class=\"elementor-element elementor-element-b2d4472 e-con-full e-flex e-con e-child\" data-id=\"b2d4472\" data-element_type=\"container\" data-e-type=\"container\" data-settings=\"{&quot;position&quot;:&quot;absolute&quot;}\">\n\t\t\t\t<div class=\"elementor-element elementor-element-d0ade8a elementor-widget elementor-widget-button\" data-id=\"d0ade8a\" data-element_type=\"widget\" data-e-type=\"widget\" data-widget_type=\"button.default\">\n\t\t\t\t\t\t\t\t\t\t<a class=\"elementor-button elementor-button-link elementor-size-sm elementor-animation-bob\" href=\"#\">\n\t\t\t\t\t\t<span class=\"elementor-button-content-wrapper\">\n\t\t\t\t\t\t<span class=\"elementor-button-icon\">\n\t\t\t\t<svg aria-hidden=\"true\" class=\"e-font-icon-svg e-fas-arrow-right\" viewBox=\"0 0 448 512\" xmlns=\"http:\/\/www.w3.org\/2000\/svg\"><path d=\"M190.5 66.9l22.2-22.2c9.4-9.4 24.6-9.4 33.9 0L441 239c9.4 9.4 9.4 24.6 0 33.9L246.6 467.3c-9.4 9.4-24.6 9.4-33.9 0l-22.2-22.2c-9.5-9.5-9.3-25 .4-34.3L311.4 296H24c-13.3 0-24-10.7-24-24v-32c0-13.3 10.7-24 24-24h287.4L190.9 101.2c-9.8-9.3-10-24.8-.4-34.3z\"><\/path><\/svg>\t\t\t<\/span>\n\t\t\t\t\t\t\t\t\t<span class=\"elementor-button-text\">M\u00e1s informaci\u00f3n<\/span>\n\t\t\t\t\t<\/span>\n\t\t\t\t\t<\/a>\n\t\t\t\t\t\t\t\t<\/div>\n\t\t\t\t<\/div>\n\t\t\t\t<\/div>\n\t\t<div class=\"elementor-element elementor-element-fad97f9 e-con-full e-flex e-con e-child\" data-id=\"fad97f9\" data-element_type=\"container\" data-e-type=\"container\">\n\t\t\t\t<div class=\"elementor-element elementor-element-7868e07 elementor-widget elementor-widget-image\" data-id=\"7868e07\" data-element_type=\"widget\" data-e-type=\"widget\" data-widget_type=\"image.default\">\n\t\t\t\t\t\t\t\t\t\t\t\t\t\t\t\t<a href=\"https:\/\/www.rema-germany.com\/es\/economia-circular\/\">\n\t\t\t\t\t\t\t<img decoding=\"async\" width=\"2032\" height=\"2560\" data-src=\"https:\/\/www.rema-germany.com\/wp-content\/uploads\/2026\/04\/iStock-1148281372-1-scaled.webp\" class=\"attachment-full size-full wp-image-10906 lazyload\" alt=\"Una persona con chaqueta amarilla est\u00e1 de pie sobre un tronco ca\u00eddo mirando hacia los altos \u00e1rboles verdes de un frondoso bosque, con la luz del sol filtr\u00e1ndose a trav\u00e9s del follaje.\" data-srcset=\"https:\/\/www.rema-germany.com\/wp-content\/uploads\/2026\/04\/iStock-1148281372-1-scaled.webp 2032w, https:\/\/www.rema-germany.com\/wp-content\/uploads\/2026\/04\/iStock-1148281372-1-238x300.webp 238w, https:\/\/www.rema-germany.com\/wp-content\/uploads\/2026\/04\/iStock-1148281372-1-813x1024.webp 813w, https:\/\/www.rema-germany.com\/wp-content\/uploads\/2026\/04\/iStock-1148281372-1-768x968.webp 768w, https:\/\/www.rema-germany.com\/wp-content\/uploads\/2026\/04\/iStock-1148281372-1-1219x1536.webp 1219w, https:\/\/www.rema-germany.com\/wp-content\/uploads\/2026\/04\/iStock-1148281372-1-1625x2048.webp 1625w\" data-sizes=\"(max-width: 2032px) 100vw, 2032px\" src=\"data:image\/svg+xml;base64,PHN2ZyB3aWR0aD0iMSIgaGVpZ2h0PSIxIiB4bWxucz0iaHR0cDovL3d3dy53My5vcmcvMjAwMC9zdmciPjwvc3ZnPg==\" style=\"--smush-placeholder-width: 2032px; --smush-placeholder-aspect-ratio: 2032\/2560;\" \/>\t\t\t\t\t\t\t\t<\/a>\n\t\t\t\t\t\t\t\t\t\t\t\t\t\t\t<\/div>\n\t\t\t\t<div class=\"elementor-element elementor-element-d0945f3 elementor-widget elementor-widget-heading\" data-id=\"d0945f3\" data-element_type=\"widget\" data-e-type=\"widget\" data-widget_type=\"heading.default\">\n\t\t\t\t\t<h2 class=\"elementor-heading-title elementor-size-default\"><a href=\"https:\/\/www.rema-germany.com\/es\/economia-circular\/\">Sostenibilidad<\/a><\/h2>\t\t\t\t<\/div>\n\t\t\t\t<div class=\"elementor-element elementor-element-61d0ca2 elementor-widget elementor-widget-text-editor\" data-id=\"61d0ca2\" data-element_type=\"widget\" data-e-type=\"widget\" data-widget_type=\"text-editor.default\">\n\t\t\t\t\t\t\t\t\t<p class=\"text-gray-600 mb-3\">Soluciones sostenibles con informes de CO\u2082 y eficiencia de recursos.<\/p>\t\t\t\t\t\t\t\t<\/div>\n\t\t<div class=\"elementor-element elementor-element-356a0ac e-con-full e-flex e-con e-child\" data-id=\"356a0ac\" data-element_type=\"container\" data-e-type=\"container\" data-settings=\"{&quot;position&quot;:&quot;absolute&quot;}\">\n\t\t\t\t<div class=\"elementor-element elementor-element-cac2f9e elementor-widget elementor-widget-button\" data-id=\"cac2f9e\" data-element_type=\"widget\" data-e-type=\"widget\" data-widget_type=\"button.default\">\n\t\t\t\t\t\t\t\t\t\t<a class=\"elementor-button elementor-button-link elementor-size-sm elementor-animation-bob\" href=\"#\">\n\t\t\t\t\t\t<span class=\"elementor-button-content-wrapper\">\n\t\t\t\t\t\t<span class=\"elementor-button-icon\">\n\t\t\t\t<svg aria-hidden=\"true\" class=\"e-font-icon-svg e-fas-arrow-right\" viewBox=\"0 0 448 512\" xmlns=\"http:\/\/www.w3.org\/2000\/svg\"><path d=\"M190.5 66.9l22.2-22.2c9.4-9.4 24.6-9.4 33.9 0L441 239c9.4 9.4 9.4 24.6 0 33.9L246.6 467.3c-9.4 9.4-24.6 9.4-33.9 0l-22.2-22.2c-9.5-9.5-9.3-25 .4-34.3L311.4 296H24c-13.3 0-24-10.7-24-24v-32c0-13.3 10.7-24 24-24h287.4L190.9 101.2c-9.8-9.3-10-24.8-.4-34.3z\"><\/path><\/svg>\t\t\t<\/span>\n\t\t\t\t\t\t\t\t\t<span class=\"elementor-button-text\">M\u00e1s informaci\u00f3n<\/span>\n\t\t\t\t\t<\/span>\n\t\t\t\t\t<\/a>\n\t\t\t\t\t\t\t\t<\/div>\n\t\t\t\t<\/div>\n\t\t\t\t<\/div>\n\t\t<div class=\"elementor-element elementor-element-0ef29c8 e-con-full e-flex e-con e-child\" data-id=\"0ef29c8\" data-element_type=\"container\" data-e-type=\"container\">\n\t\t\t\t<div class=\"elementor-element elementor-element-994abc5 elementor-widget elementor-widget-image\" data-id=\"994abc5\" data-element_type=\"widget\" data-e-type=\"widget\" data-widget_type=\"image.default\">\n\t\t\t\t\t\t\t\t\t\t\t\t\t\t\t\t<a href=\"https:\/\/www.rema-germany.com\/es\/empresa\/sobre-rema\/\">\n\t\t\t\t\t\t\t<img decoding=\"async\" width=\"1800\" height=\"1200\" data-src=\"https:\/\/www.rema-germany.com\/wp-content\/uploads\/2026\/03\/DSC_0465.jpg\" class=\"attachment-full size-full wp-image-10767 lazyload\" alt=\"Dos hombres con camisas blancas est\u00e1n de pie en una sala, sonriendo y sosteniendo juntos un certificado. Al fondo se ven plantas verdes y equipos de oficina.\" data-srcset=\"https:\/\/www.rema-germany.com\/wp-content\/uploads\/2026\/03\/DSC_0465.jpg 1800w, https:\/\/www.rema-germany.com\/wp-content\/uploads\/2026\/03\/DSC_0465-300x200.jpg 300w, https:\/\/www.rema-germany.com\/wp-content\/uploads\/2026\/03\/DSC_0465-1024x683.jpg 1024w, https:\/\/www.rema-germany.com\/wp-content\/uploads\/2026\/03\/DSC_0465-768x512.jpg 768w, https:\/\/www.rema-germany.com\/wp-content\/uploads\/2026\/03\/DSC_0465-1536x1024.jpg 1536w\" data-sizes=\"(max-width: 1800px) 100vw, 1800px\" src=\"data:image\/svg+xml;base64,PHN2ZyB3aWR0aD0iMSIgaGVpZ2h0PSIxIiB4bWxucz0iaHR0cDovL3d3dy53My5vcmcvMjAwMC9zdmciPjwvc3ZnPg==\" style=\"--smush-placeholder-width: 1800px; --smush-placeholder-aspect-ratio: 1800\/1200;\" \/>\t\t\t\t\t\t\t\t<\/a>\n\t\t\t\t\t\t\t\t\t\t\t\t\t\t\t<\/div>\n\t\t\t\t<div class=\"elementor-element elementor-element-bc99039 elementor-widget elementor-widget-heading\" data-id=\"bc99039\" data-element_type=\"widget\" data-e-type=\"widget\" data-widget_type=\"heading.default\">\n\t\t\t\t\t<h2 class=\"elementor-heading-title elementor-size-default\"><a href=\"https:\/\/www.rema-germany.com\/es\/empresa\/sobre-rema\/\">Empresa<\/a><\/h2>\t\t\t\t<\/div>\n\t\t\t\t<div class=\"elementor-element elementor-element-c1ed0cb elementor-widget elementor-widget-text-editor\" data-id=\"c1ed0cb\" data-element_type=\"widget\" data-e-type=\"widget\" data-widget_type=\"text-editor.default\">\n\t\t\t\t\t\t\t\t\t<p class=\"text-gray-600 mb-3\">Reacondicionamiento profesional de componentes para camiones con la tecnolog\u00eda m\u00e1s avanzada para un m\u00e1ximo rendimiento y durabilidad.<\/p>\t\t\t\t\t\t\t\t<\/div>\n\t\t<div class=\"elementor-element elementor-element-e6f50b4 e-con-full e-flex e-con e-child\" data-id=\"e6f50b4\" data-element_type=\"container\" data-e-type=\"container\" data-settings=\"{&quot;position&quot;:&quot;absolute&quot;}\">\n\t\t\t\t<div class=\"elementor-element elementor-element-00a56fb elementor-widget elementor-widget-button\" data-id=\"00a56fb\" data-element_type=\"widget\" data-e-type=\"widget\" data-widget_type=\"button.default\">\n\t\t\t\t\t\t\t\t\t\t<a class=\"elementor-button elementor-button-link elementor-size-sm elementor-animation-bob\" href=\"#\">\n\t\t\t\t\t\t<span class=\"elementor-button-content-wrapper\">\n\t\t\t\t\t\t<span class=\"elementor-button-icon\">\n\t\t\t\t<svg aria-hidden=\"true\" class=\"e-font-icon-svg e-fas-arrow-right\" viewBox=\"0 0 448 512\" xmlns=\"http:\/\/www.w3.org\/2000\/svg\"><path d=\"M190.5 66.9l22.2-22.2c9.4-9.4 24.6-9.4 33.9 0L441 239c9.4 9.4 9.4 24.6 0 33.9L246.6 467.3c-9.4 9.4-24.6 9.4-33.9 0l-22.2-22.2c-9.5-9.5-9.3-25 .4-34.3L311.4 296H24c-13.3 0-24-10.7-24-24v-32c0-13.3 10.7-24 24-24h287.4L190.9 101.2c-9.8-9.3-10-24.8-.4-34.3z\"><\/path><\/svg>\t\t\t<\/span>\n\t\t\t\t\t\t\t\t\t<span class=\"elementor-button-text\">M\u00e1s informaci\u00f3n<\/span>\n\t\t\t\t\t<\/span>\n\t\t\t\t\t<\/a>\n\t\t\t\t\t\t\t\t<\/div>\n\t\t\t\t<\/div>\n\t\t\t\t<\/div>\n\t\t\t\t<\/div>\n\t\t\t\t<\/div>\n\t\t\t\t\t<\/div>\n\t\t\t\t<\/div>\n\t\t<div class=\"elementor-element elementor-element-4e6e026 e-con-full e-flex e-con e-parent\" data-id=\"4e6e026\" data-element_type=\"container\" data-e-type=\"container\" data-settings=\"{&quot;background_background&quot;:&quot;classic&quot;,&quot;position&quot;:&quot;fixed&quot;}\">\n\t\t\t\t<\/div>\n\t\t<div class=\"elementor-element elementor-element-2c48e21 e-flex e-con-boxed e-con e-parent\" data-id=\"2c48e21\" data-element_type=\"container\" data-e-type=\"container\" data-settings=\"{&quot;background_background&quot;:&quot;classic&quot;}\">\n\t\t\t\t\t<div class=\"e-con-inner\">\n\t\t<div class=\"elementor-element elementor-element-7176113 e-con-full e-flex e-con e-child\" data-id=\"7176113\" data-element_type=\"container\" data-e-type=\"container\">\n\t\t<div class=\"elementor-element elementor-element-e406b11 e-grid e-con-full e-con e-child\" data-id=\"e406b11\" data-element_type=\"container\" data-e-type=\"container\">\n\t\t<div class=\"elementor-element elementor-element-d9a4f39 e-con-full e-flex e-con e-child\" data-id=\"d9a4f39\" data-element_type=\"container\" data-e-type=\"container\" data-settings=\"{&quot;background_background&quot;:&quot;classic&quot;}\">\n\t\t\t\t<div class=\"elementor-element elementor-element-8b0d55b elementor-view-framed elementor-shape-circle elementor-widget elementor-widget-icon\" data-id=\"8b0d55b\" data-element_type=\"widget\" data-e-type=\"widget\" data-widget_type=\"icon.default\">\n\t\t\t\t\t\t\t<div class=\"elementor-icon-wrapper\">\n\t\t\t<div class=\"elementor-icon\">\n\t\t\t<svg xmlns=\"http:\/\/www.w3.org\/2000\/svg\" width=\"24\" height=\"24\" viewBox=\"0 0 24 24\" fill=\"none\" stroke=\"currentColor\" stroke-width=\"2\" stroke-linecap=\"round\" stroke-linejoin=\"round\" class=\"lucide lucide-handshake-icon lucide-handshake\"><path d=\"m11 17 2 2a1 1 0 1 0 3-3\"><\/path><path d=\"m14 14 2.5 2.5a1 1 0 1 0 3-3l-3.88-3.88a3 3 0 0 0-4.24 0l-.88.88a1 1 0 1 1-3-3l2.81-2.81a5.79 5.79 0 0 1 7.06-.87l.47.28a2 2 0 0 0 1.42.25L21 4\"><\/path><path d=\"m21 3 1 11h-2\"><\/path><path d=\"M3 3 2 14l6.5 6.5a1 1 0 1 0 3-3\"><\/path><path d=\"M3 4h8\"><\/path><\/svg>\t\t\t<\/div>\n\t\t<\/div>\n\t\t\t\t\t\t<\/div>\n\t\t\t\t<div class=\"elementor-element elementor-element-049b776 elementor-widget elementor-widget-heading\" data-id=\"049b776\" data-element_type=\"widget\" data-e-type=\"widget\" data-widget_type=\"heading.default\">\n\t\t\t\t\t<h2 class=\"elementor-heading-title elementor-size-default\">Garant\u00eda de calidad<\/h2>\t\t\t\t<\/div>\n\t\t\t\t<div class=\"elementor-element elementor-element-0c245ce elementor-widget elementor-widget-text-editor\" data-id=\"0c245ce\" data-element_type=\"widget\" data-e-type=\"widget\" data-widget_type=\"text-editor.default\">\n\t\t\t\t\t\t\t\t\t<div class=\"bg-[#B6CF34] p-6 rounded-lg shadow-[0_2px_4px_rgba(0,0,0,0.1)] border border-black\/10 transition-all duration-300\"><p class=\"text-gray-700\">2 a\u00f1os de garant\u00eda en todos los productos. Nuestros est\u00e1ndares de calidad superan las normas del sector. <\/p><\/div>\t\t\t\t\t\t\t\t<\/div>\n\t\t\t\t<\/div>\n\t\t<div class=\"elementor-element elementor-element-aeae1d1 e-con-full e-flex e-con e-child\" data-id=\"aeae1d1\" data-element_type=\"container\" data-e-type=\"container\" data-settings=\"{&quot;background_background&quot;:&quot;classic&quot;}\">\n\t\t\t\t<div class=\"elementor-element elementor-element-2ce439f elementor-view-framed elementor-shape-circle elementor-widget elementor-widget-icon\" data-id=\"2ce439f\" data-element_type=\"widget\" data-e-type=\"widget\" data-widget_type=\"icon.default\">\n\t\t\t\t\t\t\t<div class=\"elementor-icon-wrapper\">\n\t\t\t<div class=\"elementor-icon\">\n\t\t\t<svg xmlns=\"http:\/\/www.w3.org\/2000\/svg\" width=\"24\" height=\"24\" viewBox=\"0 0 24 24\" fill=\"none\" stroke=\"currentColor\" stroke-width=\"2\" stroke-linecap=\"round\" stroke-linejoin=\"round\" class=\"lucide lucide-truck-icon lucide-truck\"><path d=\"M14 18V6a2 2 0 0 0-2-2H4a2 2 0 0 0-2 2v11a1 1 0 0 0 1 1h2\"><\/path><path d=\"M15 18H9\"><\/path><path d=\"M19 18h2a1 1 0 0 0 1-1v-3.65a1 1 0 0 0-.22-.624l-3.48-4.35A1 1 0 0 0 17.52 8H14\"><\/path><circle cx=\"17\" cy=\"18\" r=\"2\"><\/circle><circle cx=\"7\" cy=\"18\" r=\"2\"><\/circle><\/svg>\t\t\t<\/div>\n\t\t<\/div>\n\t\t\t\t\t\t<\/div>\n\t\t\t\t<div class=\"elementor-element elementor-element-757a69c elementor-widget elementor-widget-heading\" data-id=\"757a69c\" data-element_type=\"widget\" data-e-type=\"widget\" data-widget_type=\"heading.default\">\n\t\t\t\t\t<h2 class=\"elementor-heading-title elementor-size-default\">Entrega r\u00e1pida\n<\/h2>\t\t\t\t<\/div>\n\t\t\t\t<div class=\"elementor-element elementor-element-0bc0488 elementor-widget elementor-widget-text-editor\" data-id=\"0bc0488\" data-element_type=\"widget\" data-e-type=\"widget\" data-widget_type=\"text-editor.default\">\n\t\t\t\t\t\t\t\t\t<div class=\"bg-[#B6CF34] p-6 rounded-lg shadow-[0_2px_4px_rgba(0,0,0,0.1)] border border-black\/10 transition-all duration-300\"><p class=\"text-gray-700\">Alta disponibilidad gracias a grandes existencias en almac\u00e9n y env\u00edo r\u00e1pido en 24 horas.<\/p><\/div>\t\t\t\t\t\t\t\t<\/div>\n\t\t\t\t<\/div>\n\t\t<div class=\"elementor-element elementor-element-9383430 e-con-full e-flex e-con e-child\" data-id=\"9383430\" data-element_type=\"container\" data-e-type=\"container\" data-settings=\"{&quot;background_background&quot;:&quot;classic&quot;}\">\n\t\t\t\t<div class=\"elementor-element elementor-element-f832cc3 elementor-view-framed elementor-shape-circle elementor-widget elementor-widget-icon\" data-id=\"f832cc3\" data-element_type=\"widget\" data-e-type=\"widget\" data-widget_type=\"icon.default\">\n\t\t\t\t\t\t\t<div class=\"elementor-icon-wrapper\">\n\t\t\t<div class=\"elementor-icon\">\n\t\t\t<svg xmlns=\"http:\/\/www.w3.org\/2000\/svg\" width=\"24\" height=\"24\" viewBox=\"0 0 24 24\" fill=\"none\" stroke=\"currentColor\" stroke-width=\"2\" stroke-linecap=\"round\" stroke-linejoin=\"round\" class=\"lucide lucide-recycle-icon lucide-recycle\"><path d=\"M7 19H4.815a1.83 1.83 0 0 1-1.57-.881 1.785 1.785 0 0 1-.004-1.784L7.196 9.5\"><\/path><path d=\"M11 19h8.203a1.83 1.83 0 0 0 1.556-.89 1.784 1.784 0 0 0 0-1.775l-1.226-2.12\"><\/path><path d=\"m14 16-3 3 3 3\"><\/path><path d=\"M8.293 13.596 7.196 9.5 3.1 10.598\"><\/path><path d=\"m9.344 5.811 1.093-1.892A1.83 1.83 0 0 1 11.985 3a1.784 1.784 0 0 1 1.546.888l3.943 6.843\"><\/path><path d=\"m13.378 9.633 4.096 1.098 1.097-4.096\"><\/path><\/svg>\t\t\t<\/div>\n\t\t<\/div>\n\t\t\t\t\t\t<\/div>\n\t\t\t\t<div class=\"elementor-element elementor-element-c8b4013 elementor-widget elementor-widget-heading\" data-id=\"c8b4013\" data-element_type=\"widget\" data-e-type=\"widget\" data-widget_type=\"heading.default\">\n\t\t\t\t\t<h2 class=\"elementor-heading-title elementor-size-default\">Sostenibilidad<\/h2>\t\t\t\t<\/div>\n\t\t\t\t<div class=\"elementor-element elementor-element-1fb02e2 elementor-widget elementor-widget-text-editor\" data-id=\"1fb02e2\" data-element_type=\"widget\" data-e-type=\"widget\" data-widget_type=\"text-editor.default\">\n\t\t\t\t\t\t\t\t\t<div class=\"bg-[#B6CF34] p-6 rounded-lg shadow-[0_2px_4px_rgba(0,0,0,0.1)] border border-black\/10 transition-all duration-300\"><p class=\"text-gray-700\">Mediante la remanufacturaci\u00f3n ahorramos anualmente miles de toneladas de CO\u2082 y materias primas.<\/p><\/div>\t\t\t\t\t\t\t\t<\/div>\n\t\t\t\t<\/div>\n\t\t<div class=\"elementor-element elementor-element-b556d3c e-con-full e-flex e-con e-child\" data-id=\"b556d3c\" data-element_type=\"container\" data-e-type=\"container\" data-settings=\"{&quot;background_background&quot;:&quot;classic&quot;}\">\n\t\t\t\t<div class=\"elementor-element elementor-element-2fe5d06 elementor-view-framed elementor-shape-circle elementor-widget elementor-widget-icon\" data-id=\"2fe5d06\" data-element_type=\"widget\" data-e-type=\"widget\" data-widget_type=\"icon.default\">\n\t\t\t\t\t\t\t<div class=\"elementor-icon-wrapper\">\n\t\t\t<div class=\"elementor-icon\">\n\t\t\t<svg xmlns=\"http:\/\/www.w3.org\/2000\/svg\" width=\"24\" height=\"24\" viewBox=\"0 0 24 24\" fill=\"none\" stroke=\"currentColor\" stroke-width=\"2\" stroke-linecap=\"round\" stroke-linejoin=\"round\" class=\"lucide lucide-clock4-icon lucide-clock-4\"><circle cx=\"12\" cy=\"12\" r=\"10\"><\/circle><path d=\"M12 6v6l4 2\"><\/path><\/svg>\t\t\t<\/div>\n\t\t<\/div>\n\t\t\t\t\t\t<\/div>\n\t\t\t\t<div class=\"elementor-element elementor-element-cd3806d elementor-widget elementor-widget-heading\" data-id=\"cd3806d\" data-element_type=\"widget\" data-e-type=\"widget\" data-widget_type=\"heading.default\">\n\t\t\t\t\t<h2 class=\"elementor-heading-title elementor-size-default\">Asistencia<\/h2>\t\t\t\t<\/div>\n\t\t\t\t<div class=\"elementor-element elementor-element-ac81782 elementor-widget elementor-widget-text-editor\" data-id=\"ac81782\" data-element_type=\"widget\" data-e-type=\"widget\" data-widget_type=\"text-editor.default\">\n\t\t\t\t\t\t\t\t\t<section class=\"relative py-16\"><div class=\"container-page relative z-10\"><div class=\"grid grid-cols-1 md:grid-cols-2 lg:grid-cols-4 gap-8\"><div class=\"bg-[#B6CF34] p-6 rounded-lg shadow-[0_2px_4px_rgba(0,0,0,0.1)] border border-black\/10 transition-all duration-300\"><p class=\"text-gray-700\">Nuestro equipo de expertos est\u00e1 a su disposici\u00f3n para asesorarle: r\u00e1pido y competente.<\/p><\/div><\/div><\/div><\/section>\t\t\t\t\t\t\t\t<\/div>\n\t\t\t\t<\/div>\n\t\t\t\t<\/div>\n\t\t\t\t<\/div>\n\t\t\t\t\t<\/div>\n\t\t\t\t<\/div>\n\t\t<div class=\"elementor-element elementor-element-9465290 e-flex e-con-boxed e-con e-parent\" data-id=\"9465290\" data-element_type=\"container\" data-e-type=\"container\" data-settings=\"{&quot;background_background&quot;:&quot;classic&quot;}\">\n\t\t\t\t\t<div class=\"e-con-inner\">\n\t\t\t\t<div class=\"elementor-element elementor-element-c1d7280 elementor-widget elementor-widget-heading\" data-id=\"c1d7280\" data-element_type=\"widget\" data-e-type=\"widget\" data-widget_type=\"heading.default\">\n\t\t\t\t\t<h2 class=\"elementor-heading-title elementor-size-default\">Nuestra gama<\/h2>\t\t\t\t<\/div>\n\t\t\t\t<div class=\"elementor-element elementor-element-d8b19bb elementor-widget__width-initial elementor-widget-tablet__width-inherit elementor-widget elementor-widget-text-editor\" data-id=\"d8b19bb\" data-element_type=\"widget\" data-e-type=\"widget\" data-widget_type=\"text-editor.default\">\n\t\t\t\t\t\t\t\t\t<div class=\"text-center mb-12 animate-fade-in\"><p class=\"text-black\/90 max-w-3xl mx-auto\">Descubra nuestra amplia gama de productos de alta calidad para diferentes marcas de camiones como Mercedes, MAN, DAF, Volvo, Scania, Renault, Iveco y Ford. Todos los productos se remanufacturan seg\u00fan estrictos est\u00e1ndares de calidad. <\/p><\/div>\t\t\t\t\t\t\t\t<\/div>\n\t\t<div class=\"elementor-element elementor-element-000ca1e e-con-full e-flex e-con e-child\" data-id=\"000ca1e\" data-element_type=\"container\" data-e-type=\"container\" data-settings=\"{&quot;background_background&quot;:&quot;classic&quot;}\">\n\t\t<div class=\"elementor-element elementor-element-62e8622 e-grid e-con-full e-con e-child\" data-id=\"62e8622\" data-element_type=\"container\" data-e-type=\"container\">\n\t\t<div class=\"elementor-element elementor-element-51f2377 e-con-full e-flex e-con e-child\" data-id=\"51f2377\" data-element_type=\"container\" data-e-type=\"container\">\n\t\t<div class=\"elementor-element elementor-element-580cf61 e-con-full e-flex e-con e-child\" data-id=\"580cf61\" data-element_type=\"container\" data-e-type=\"container\">\n\t\t\t\t<div class=\"elementor-element elementor-element-c6a009e elementor-widget elementor-widget-image\" data-id=\"c6a009e\" data-element_type=\"widget\" data-e-type=\"widget\" data-widget_type=\"image.default\">\n\t\t\t\t\t\t\t\t\t\t\t\t\t\t\t<img decoding=\"async\" width=\"800\" height=\"534\" data-src=\"https:\/\/www.rema-germany.com\/wp-content\/uploads\/2026\/05\/103051_1_freigestellt-1024x683.webp\" class=\"attachment-large size-large wp-image-9225 lazyload\" alt=\"Una caja de direcci\u00f3n negra para veh\u00edculos con un eje de transmisi\u00f3n met\u00e1lico y varios puntos de fijaci\u00f3n, mostrada sobre un fondo blanco liso.\" data-srcset=\"https:\/\/www.rema-germany.com\/wp-content\/uploads\/2026\/05\/103051_1_freigestellt-1024x683.webp 1024w, https:\/\/www.rema-germany.com\/wp-content\/uploads\/2026\/05\/103051_1_freigestellt-300x200.webp 300w, https:\/\/www.rema-germany.com\/wp-content\/uploads\/2026\/05\/103051_1_freigestellt-768x512.webp 768w, https:\/\/www.rema-germany.com\/wp-content\/uploads\/2026\/05\/103051_1_freigestellt-1536x1024.webp 1536w, https:\/\/www.rema-germany.com\/wp-content\/uploads\/2026\/05\/103051_1_freigestellt-2048x1365.webp 2048w\" data-sizes=\"(max-width: 800px) 100vw, 800px\" src=\"data:image\/svg+xml;base64,PHN2ZyB3aWR0aD0iMSIgaGVpZ2h0PSIxIiB4bWxucz0iaHR0cDovL3d3dy53My5vcmcvMjAwMC9zdmciPjwvc3ZnPg==\" style=\"--smush-placeholder-width: 800px; --smush-placeholder-aspect-ratio: 800\/534;\" \/>\t\t\t\t\t\t\t\t\t\t\t\t\t\t\t<\/div>\n\t\t\t\t<div class=\"elementor-element elementor-element-6d0dac0 elementor-widget elementor-widget-heading\" data-id=\"6d0dac0\" data-element_type=\"widget\" data-e-type=\"widget\" data-widget_type=\"heading.default\">\n\t\t\t\t\t<h2 class=\"elementor-heading-title elementor-size-default\">Direcciones<\/h2>\t\t\t\t<\/div>\n\t\t\t\t<\/div>\n\t\t<div class=\"elementor-element elementor-element-3cd76ac e-con-full e-flex e-con e-child\" data-id=\"3cd76ac\" data-element_type=\"container\" data-e-type=\"container\">\n\t\t<div class=\"elementor-element elementor-element-7ed9270 e-con-full e-flex e-con e-child\" data-id=\"7ed9270\" data-element_type=\"container\" data-e-type=\"container\">\n\t\t\t\t<div class=\"elementor-element elementor-element-e8d31f7 elementor-widget elementor-widget-text-editor\" data-id=\"e8d31f7\" data-element_type=\"widget\" data-e-type=\"widget\" data-widget_type=\"text-editor.default\">\n\t\t\t\t\t\t\t\t\t<p class=\"text-gray-600 mb-3\">Componentes de alta calidad para una direcci\u00f3n precisa y control<\/p>\t\t\t\t\t\t\t\t<\/div>\n\t\t<div class=\"elementor-element elementor-element-4e7ec21 e-con-full e-flex e-con e-child\" data-id=\"4e7ec21\" data-element_type=\"container\" data-e-type=\"container\">\n\t\t\t\t<div class=\"elementor-element elementor-element-0af4c94 elementor-widget elementor-widget-text-editor\" data-id=\"0af4c94\" data-element_type=\"widget\" data-e-type=\"widget\" data-widget_type=\"text-editor.default\">\n\t\t\t\t\t\t\t\t\t<p class=\"text-gray-600 mb-3\"><strong>Productos:<\/strong><\/p>\t\t\t\t\t\t\t\t<\/div>\n\t\t<div class=\"elementor-element elementor-element-b29d920 e-con-full e-flex e-con e-child\" data-id=\"b29d920\" data-element_type=\"container\" data-e-type=\"container\">\n\t\t\t\t<div class=\"elementor-element elementor-element-3bcb0cc elementor-widget elementor-widget-button\" data-id=\"3bcb0cc\" data-element_type=\"widget\" data-e-type=\"widget\" data-widget_type=\"button.default\">\n\t\t\t\t\t\t\t\t\t\t<a class=\"elementor-button elementor-button-link elementor-size-sm\" href=\"\/shop\/es\/Lkw\/Lenksysteme\/Lenkgetriebe-hydraulisch\">\n\t\t\t\t\t\t<span class=\"elementor-button-content-wrapper\">\n\t\t\t\t\t\t\t\t\t<span class=\"elementor-button-text\">Cajas de direcci\u00f3n<\/span>\n\t\t\t\t\t<\/span>\n\t\t\t\t\t<\/a>\n\t\t\t\t\t\t\t\t<\/div>\n\t\t\t\t<div class=\"elementor-element elementor-element-29c8e71 elementor-widget elementor-widget-button\" data-id=\"29c8e71\" data-element_type=\"widget\" data-e-type=\"widget\" data-widget_type=\"button.default\">\n\t\t\t\t\t\t\t\t\t\t<a class=\"elementor-button elementor-button-link elementor-size-sm\" href=\"\/shop\/es\/Lkw\/Lenksysteme\/Lenkzylinder-hydraulisch\">\n\t\t\t\t\t\t<span class=\"elementor-button-content-wrapper\">\n\t\t\t\t\t\t\t\t\t<span class=\"elementor-button-text\">Cilindros de direcci\u00f3n<\/span>\n\t\t\t\t\t<\/span>\n\t\t\t\t\t<\/a>\n\t\t\t\t\t\t\t\t<\/div>\n\t\t\t\t<div class=\"elementor-element elementor-element-39008c2 elementor-widget elementor-widget-button\" data-id=\"39008c2\" data-element_type=\"widget\" data-e-type=\"widget\" data-widget_type=\"button.default\">\n\t\t\t\t\t\t\t\t\t\t<a class=\"elementor-button elementor-button-link elementor-size-sm\" href=\"\/shop\/es\/Lkw\/Lenksysteme\">\n\t\t\t\t\t\t<span class=\"elementor-button-content-wrapper\">\n\t\t\t\t\t\t\t\t\t<span class=\"elementor-button-text\">Grupos de direcci\u00f3n<\/span>\n\t\t\t\t\t<\/span>\n\t\t\t\t\t<\/a>\n\t\t\t\t\t\t\t\t<\/div>\n\t\t\t\t<\/div>\n\t\t\t\t<\/div>\n\t\t\t\t<\/div>\n\t\t<div class=\"elementor-element elementor-element-bd2a091 e-con-full e-flex e-con e-child\" data-id=\"bd2a091\" data-element_type=\"container\" data-e-type=\"container\">\n\t\t\t\t<div class=\"elementor-element elementor-element-fef8a25 elementor-widget elementor-widget-button\" data-id=\"fef8a25\" data-element_type=\"widget\" data-e-type=\"widget\" data-widget_type=\"button.default\">\n\t\t\t\t\t\t\t\t\t\t<a class=\"elementor-button elementor-button-link elementor-size-sm elementor-animation-bob\" href=\"#\">\n\t\t\t\t\t\t<span class=\"elementor-button-content-wrapper\">\n\t\t\t\t\t\t<span class=\"elementor-button-icon\">\n\t\t\t\t<svg aria-hidden=\"true\" class=\"e-font-icon-svg e-fas-arrow-right\" viewBox=\"0 0 448 512\" xmlns=\"http:\/\/www.w3.org\/2000\/svg\"><path d=\"M190.5 66.9l22.2-22.2c9.4-9.4 24.6-9.4 33.9 0L441 239c9.4 9.4 9.4 24.6 0 33.9L246.6 467.3c-9.4 9.4-24.6 9.4-33.9 0l-22.2-22.2c-9.5-9.5-9.3-25 .4-34.3L311.4 296H24c-13.3 0-24-10.7-24-24v-32c0-13.3 10.7-24 24-24h287.4L190.9 101.2c-9.8-9.3-10-24.8-.4-34.3z\"><\/path><\/svg>\t\t\t<\/span>\n\t\t\t\t\t\t\t\t\t<span class=\"elementor-button-text\">M\u00e1s informaci\u00f3n<\/span>\n\t\t\t\t\t<\/span>\n\t\t\t\t\t<\/a>\n\t\t\t\t\t\t\t\t<\/div>\n\t\t\t\t<\/div>\n\t\t\t\t<\/div>\n\t\t\t\t<\/div>\n\t\t<div class=\"elementor-element elementor-element-0b04684 e-con-full e-flex e-con e-child\" data-id=\"0b04684\" data-element_type=\"container\" data-e-type=\"container\">\n\t\t<div class=\"elementor-element elementor-element-1ca0735 e-con-full e-flex e-con e-child\" data-id=\"1ca0735\" data-element_type=\"container\" data-e-type=\"container\">\n\t\t\t\t<div class=\"elementor-element elementor-element-38aef76 elementor-widget elementor-widget-image\" data-id=\"38aef76\" data-element_type=\"widget\" data-e-type=\"widget\" data-widget_type=\"image.default\">\n\t\t\t\t\t\t\t\t\t\t\t\t\t\t\t<img decoding=\"async\" width=\"800\" height=\"534\" data-src=\"https:\/\/www.rema-germany.com\/wp-content\/uploads\/2026\/04\/949000_2_freigestellt-1024x683.webp\" class=\"attachment-large size-large wp-image-8795 lazyload\" alt=\"Una pieza de caja de cambios plateada para veh\u00edculos de motor, con una compleja estructura met\u00e1lica angular y una secci\u00f3n cil\u00edndrica en un extremo, sobre un fondo blanco liso.\" data-srcset=\"https:\/\/www.rema-germany.com\/wp-content\/uploads\/2026\/04\/949000_2_freigestellt-1024x683.webp 1024w, https:\/\/www.rema-germany.com\/wp-content\/uploads\/2026\/04\/949000_2_freigestellt-300x200.webp 300w, https:\/\/www.rema-germany.com\/wp-content\/uploads\/2026\/04\/949000_2_freigestellt-768x512.webp 768w, https:\/\/www.rema-germany.com\/wp-content\/uploads\/2026\/04\/949000_2_freigestellt-1536x1024.webp 1536w, https:\/\/www.rema-germany.com\/wp-content\/uploads\/2026\/04\/949000_2_freigestellt-2048x1365.webp 2048w\" data-sizes=\"(max-width: 800px) 100vw, 800px\" src=\"data:image\/svg+xml;base64,PHN2ZyB3aWR0aD0iMSIgaGVpZ2h0PSIxIiB4bWxucz0iaHR0cDovL3d3dy53My5vcmcvMjAwMC9zdmciPjwvc3ZnPg==\" style=\"--smush-placeholder-width: 800px; --smush-placeholder-aspect-ratio: 800\/534;\" \/>\t\t\t\t\t\t\t\t\t\t\t\t\t\t\t<\/div>\n\t\t\t\t<div class=\"elementor-element elementor-element-ce9a30a elementor-widget elementor-widget-heading\" data-id=\"ce9a30a\" data-element_type=\"widget\" data-e-type=\"widget\" data-widget_type=\"heading.default\">\n\t\t\t\t\t<h2 class=\"elementor-heading-title elementor-size-default\">Componentes de <wbr>transmisi\u00f3n\n<\/wbr><\/h2>\t\t\t\t<\/div>\n\t\t\t\t<\/div>\n\t\t<div class=\"elementor-element elementor-element-5482e0d e-con-full e-flex e-con e-child\" data-id=\"5482e0d\" data-element_type=\"container\" data-e-type=\"container\">\n\t\t<div class=\"elementor-element elementor-element-d25c559 e-con-full e-flex e-con e-child\" data-id=\"d25c559\" data-element_type=\"container\" data-e-type=\"container\">\n\t\t\t\t<div class=\"elementor-element elementor-element-a9394fd elementor-widget elementor-widget-text-editor\" data-id=\"a9394fd\" data-element_type=\"widget\" data-e-type=\"widget\" data-widget_type=\"text-editor.default\">\n\t\t\t\t\t\t\t\t\t<p class=\"text-gray-600 mb-3\">Componentes fiables para una transmisi\u00f3n de potencia \u00f3ptima<\/p>\t\t\t\t\t\t\t\t<\/div>\n\t\t<div class=\"elementor-element elementor-element-2a833a9 e-con-full e-flex e-con e-child\" data-id=\"2a833a9\" data-element_type=\"container\" data-e-type=\"container\">\n\t\t\t\t<div class=\"elementor-element elementor-element-b1dfba6 elementor-widget elementor-widget-text-editor\" data-id=\"b1dfba6\" data-element_type=\"widget\" data-e-type=\"widget\" data-widget_type=\"text-editor.default\">\n\t\t\t\t\t\t\t\t\t<p class=\"text-gray-600 mb-3\"><strong>Productos:<\/strong><\/p>\t\t\t\t\t\t\t\t<\/div>\n\t\t<div class=\"elementor-element elementor-element-47e3afb e-con-full e-flex e-con e-child\" data-id=\"47e3afb\" data-element_type=\"container\" data-e-type=\"container\">\n\t\t\t\t<div class=\"elementor-element elementor-element-50e1085 elementor-widget elementor-widget-button\" data-id=\"50e1085\" data-element_type=\"widget\" data-e-type=\"widget\" data-widget_type=\"button.default\">\n\t\t\t\t\t\t\t\t\t\t<a class=\"elementor-button elementor-button-link elementor-size-sm\" href=\"\/shop\/es\/Lkw\/Achsantrieb\">\n\t\t\t\t\t\t<span class=\"elementor-button-content-wrapper\">\n\t\t\t\t\t\t\t\t\t<span class=\"elementor-button-text\">Transmisi\u00f3n de eje<\/span>\n\t\t\t\t\t<\/span>\n\t\t\t\t\t<\/a>\n\t\t\t\t\t\t\t\t<\/div>\n\t\t\t\t<div class=\"elementor-element elementor-element-4889a29 elementor-widget elementor-widget-button\" data-id=\"4889a29\" data-element_type=\"widget\" data-e-type=\"widget\" data-widget_type=\"button.default\">\n\t\t\t\t\t\t\t\t\t\t<a class=\"elementor-button elementor-button-link elementor-size-sm\" href=\"\/shop\/es\/Lkw\/Getriebetechnik\/Getriebe\">\n\t\t\t\t\t\t<span class=\"elementor-button-content-wrapper\">\n\t\t\t\t\t\t\t\t\t<span class=\"elementor-button-text\">Cajas de cambios<\/span>\n\t\t\t\t\t<\/span>\n\t\t\t\t\t<\/a>\n\t\t\t\t\t\t\t\t<\/div>\n\t\t\t\t<div class=\"elementor-element elementor-element-e95ae9d elementor-widget elementor-widget-button\" data-id=\"e95ae9d\" data-element_type=\"widget\" data-e-type=\"widget\" data-widget_type=\"button.default\">\n\t\t\t\t\t\t\t\t\t\t<a class=\"elementor-button elementor-button-link elementor-size-sm\" href=\"\/shop\/es\/Lkw\/Getriebetechnik\/Getriebesteuerung\">\n\t\t\t\t\t\t<span class=\"elementor-button-content-wrapper\">\n\t\t\t\t\t\t\t\t\t<span class=\"elementor-button-text\">Control de transmisi\u00f3n<\/span>\n\t\t\t\t\t<\/span>\n\t\t\t\t\t<\/a>\n\t\t\t\t\t\t\t\t<\/div>\n\t\t\t\t<\/div>\n\t\t\t\t<\/div>\n\t\t\t\t<\/div>\n\t\t<div class=\"elementor-element elementor-element-7828bc9 e-con-full e-flex e-con e-child\" data-id=\"7828bc9\" data-element_type=\"container\" data-e-type=\"container\">\n\t\t\t\t<div class=\"elementor-element elementor-element-e5b4915 elementor-widget elementor-widget-button\" data-id=\"e5b4915\" data-element_type=\"widget\" data-e-type=\"widget\" data-widget_type=\"button.default\">\n\t\t\t\t\t\t\t\t\t\t<a class=\"elementor-button elementor-button-link elementor-size-sm elementor-animation-bob\" href=\"#\">\n\t\t\t\t\t\t<span class=\"elementor-button-content-wrapper\">\n\t\t\t\t\t\t<span class=\"elementor-button-icon\">\n\t\t\t\t<svg aria-hidden=\"true\" class=\"e-font-icon-svg e-fas-arrow-right\" viewBox=\"0 0 448 512\" xmlns=\"http:\/\/www.w3.org\/2000\/svg\"><path d=\"M190.5 66.9l22.2-22.2c9.4-9.4 24.6-9.4 33.9 0L441 239c9.4 9.4 9.4 24.6 0 33.9L246.6 467.3c-9.4 9.4-24.6 9.4-33.9 0l-22.2-22.2c-9.5-9.5-9.3-25 .4-34.3L311.4 296H24c-13.3 0-24-10.7-24-24v-32c0-13.3 10.7-24 24-24h287.4L190.9 101.2c-9.8-9.3-10-24.8-.4-34.3z\"><\/path><\/svg>\t\t\t<\/span>\n\t\t\t\t\t\t\t\t\t<span class=\"elementor-button-text\">M\u00e1s informaci\u00f3n<\/span>\n\t\t\t\t\t<\/span>\n\t\t\t\t\t<\/a>\n\t\t\t\t\t\t\t\t<\/div>\n\t\t\t\t<\/div>\n\t\t\t\t<\/div>\n\t\t\t\t<\/div>\n\t\t<div class=\"elementor-element elementor-element-15a5eb4 e-con-full e-flex e-con e-child\" data-id=\"15a5eb4\" data-element_type=\"container\" data-e-type=\"container\">\n\t\t<div class=\"elementor-element elementor-element-8fbcb3e e-con-full e-flex e-con e-child\" data-id=\"8fbcb3e\" data-element_type=\"container\" data-e-type=\"container\">\n\t\t\t\t<div class=\"elementor-element elementor-element-33641b1 elementor-widget elementor-widget-image\" data-id=\"33641b1\" data-element_type=\"widget\" data-e-type=\"widget\" data-widget_type=\"image.default\">\n\t\t\t\t\t\t\t\t\t\t\t\t\t\t\t<img decoding=\"async\" width=\"800\" height=\"534\" data-src=\"https:\/\/www.rema-germany.com\/wp-content\/uploads\/2026\/05\/844270_2-1_freigestellt-1024x683.webp\" class=\"attachment-large size-large wp-image-8629 lazyload\" alt=\"Un filtro industrial cil\u00edndrico con parte frontal de rejilla est\u00e1 sobre una base met\u00e1lica junto a una abrazadera met\u00e1lica colocada por separado, todo sobre un fondo blanco liso.\" data-srcset=\"https:\/\/www.rema-germany.com\/wp-content\/uploads\/2026\/05\/844270_2-1_freigestellt-1024x683.webp 1024w, https:\/\/www.rema-germany.com\/wp-content\/uploads\/2026\/05\/844270_2-1_freigestellt-300x200.webp 300w, https:\/\/www.rema-germany.com\/wp-content\/uploads\/2026\/05\/844270_2-1_freigestellt-768x512.webp 768w, https:\/\/www.rema-germany.com\/wp-content\/uploads\/2026\/05\/844270_2-1_freigestellt-1536x1024.webp 1536w, https:\/\/www.rema-germany.com\/wp-content\/uploads\/2026\/05\/844270_2-1_freigestellt-2048x1365.webp 2048w\" data-sizes=\"(max-width: 800px) 100vw, 800px\" src=\"data:image\/svg+xml;base64,PHN2ZyB3aWR0aD0iMSIgaGVpZ2h0PSIxIiB4bWxucz0iaHR0cDovL3d3dy53My5vcmcvMjAwMC9zdmciPjwvc3ZnPg==\" style=\"--smush-placeholder-width: 800px; --smush-placeholder-aspect-ratio: 800\/534;\" \/>\t\t\t\t\t\t\t\t\t\t\t\t\t\t\t<\/div>\n\t\t\t\t<div class=\"elementor-element elementor-element-6a627db elementor-widget elementor-widget-heading\" data-id=\"6a627db\" data-element_type=\"widget\" data-e-type=\"widget\" data-widget_type=\"heading.default\">\n\t\t\t\t\t<h2 class=\"elementor-heading-title elementor-size-default\">Sistemas de combustible y escape<\/h2>\t\t\t\t<\/div>\n\t\t\t\t<\/div>\n\t\t<div class=\"elementor-element elementor-element-f8998a3 e-con-full e-flex e-con e-child\" data-id=\"f8998a3\" data-element_type=\"container\" data-e-type=\"container\">\n\t\t<div class=\"elementor-element elementor-element-4218730 e-con-full e-flex e-con e-child\" data-id=\"4218730\" data-element_type=\"container\" data-e-type=\"container\">\n\t\t\t\t<div class=\"elementor-element elementor-element-de844b6 elementor-widget elementor-widget-text-editor\" data-id=\"de844b6\" data-element_type=\"widget\" data-e-type=\"widget\" data-widget_type=\"text-editor.default\">\n\t\t\t\t\t\t\t\t\t<p class=\"text-gray-600 mb-3\">Sistemas eficientes para un funcionamiento respetuoso con el medio ambiente<\/p>\t\t\t\t\t\t\t\t<\/div>\n\t\t<div class=\"elementor-element elementor-element-af582a8 e-con-full e-flex e-con e-child\" data-id=\"af582a8\" data-element_type=\"container\" data-e-type=\"container\">\n\t\t\t\t<div class=\"elementor-element elementor-element-00b983d elementor-widget elementor-widget-text-editor\" data-id=\"00b983d\" data-element_type=\"widget\" data-e-type=\"widget\" data-widget_type=\"text-editor.default\">\n\t\t\t\t\t\t\t\t\t<p class=\"text-gray-600 mb-3\"><strong>Productos:<\/strong><\/p>\t\t\t\t\t\t\t\t<\/div>\n\t\t<div class=\"elementor-element elementor-element-24e4f05 e-con-full e-flex e-con e-child\" data-id=\"24e4f05\" data-element_type=\"container\" data-e-type=\"container\">\n\t\t\t\t<div class=\"elementor-element elementor-element-0a4a300 elementor-widget elementor-widget-button\" data-id=\"0a4a300\" data-element_type=\"widget\" data-e-type=\"widget\" data-widget_type=\"button.default\">\n\t\t\t\t\t\t\t\t\t\t<a class=\"elementor-button elementor-button-link elementor-size-sm\" href=\"\/shop\/es\/Lkw\/Abgastechnik\/Diesel-Partikelfilter\">\n\t\t\t\t\t\t<span class=\"elementor-button-content-wrapper\">\n\t\t\t\t\t\t\t\t\t<span class=\"elementor-button-text\">DPF<\/span>\n\t\t\t\t\t<\/span>\n\t\t\t\t\t<\/a>\n\t\t\t\t\t\t\t\t<\/div>\n\t\t\t\t<div class=\"elementor-element elementor-element-6dba4be elementor-widget elementor-widget-button\" data-id=\"6dba4be\" data-element_type=\"widget\" data-e-type=\"widget\" data-widget_type=\"button.default\">\n\t\t\t\t\t\t\t\t\t\t<a class=\"elementor-button elementor-button-link elementor-size-sm\" href=\"\/shop\/es\/Lkw\/Kraftstofftechnik\/Injektoren\">\n\t\t\t\t\t\t<span class=\"elementor-button-content-wrapper\">\n\t\t\t\t\t\t\t\t\t<span class=\"elementor-button-text\">Inyectores<\/span>\n\t\t\t\t\t<\/span>\n\t\t\t\t\t<\/a>\n\t\t\t\t\t\t\t\t<\/div>\n\t\t\t\t<div class=\"elementor-element elementor-element-187b7a5 elementor-widget elementor-widget-button\" data-id=\"187b7a5\" data-element_type=\"widget\" data-e-type=\"widget\" data-widget_type=\"button.default\">\n\t\t\t\t\t\t\t\t\t\t<a class=\"elementor-button elementor-button-link elementor-size-sm\" href=\"\/shop\/es\/Lkw\/Abgastechnik\/AGR-Module\">\n\t\t\t\t\t\t<span class=\"elementor-button-content-wrapper\">\n\t\t\t\t\t\t\t\t\t<span class=\"elementor-button-text\">M\u00f3dulos EGR<\/span>\n\t\t\t\t\t<\/span>\n\t\t\t\t\t<\/a>\n\t\t\t\t\t\t\t\t<\/div>\n\t\t\t\t<div class=\"elementor-element elementor-element-9068cbc elementor-widget elementor-widget-button\" data-id=\"9068cbc\" data-element_type=\"widget\" data-e-type=\"widget\" data-widget_type=\"button.default\">\n\t\t\t\t\t\t\t\t\t\t<a class=\"elementor-button elementor-button-link elementor-size-sm\" href=\"\/shop\/es\/Lkw\/Abgastechnik\/AdBlue\">\n\t\t\t\t\t\t<span class=\"elementor-button-content-wrapper\">\n\t\t\t\t\t\t\t\t\t<span class=\"elementor-button-text\">M\u00f3dulos dosificadores de AdBlue<\/span>\n\t\t\t\t\t<\/span>\n\t\t\t\t\t<\/a>\n\t\t\t\t\t\t\t\t<\/div>\n\t\t\t\t<\/div>\n\t\t\t\t<\/div>\n\t\t\t\t<\/div>\n\t\t<div class=\"elementor-element elementor-element-8d69f99 e-con-full e-flex e-con e-child\" data-id=\"8d69f99\" data-element_type=\"container\" data-e-type=\"container\">\n\t\t\t\t<div class=\"elementor-element elementor-element-f20835e elementor-widget elementor-widget-button\" data-id=\"f20835e\" data-element_type=\"widget\" data-e-type=\"widget\" data-widget_type=\"button.default\">\n\t\t\t\t\t\t\t\t\t\t<a class=\"elementor-button elementor-button-link elementor-size-sm elementor-animation-bob\" href=\"#\">\n\t\t\t\t\t\t<span class=\"elementor-button-content-wrapper\">\n\t\t\t\t\t\t<span class=\"elementor-button-icon\">\n\t\t\t\t<svg aria-hidden=\"true\" class=\"e-font-icon-svg e-fas-arrow-right\" viewBox=\"0 0 448 512\" xmlns=\"http:\/\/www.w3.org\/2000\/svg\"><path d=\"M190.5 66.9l22.2-22.2c9.4-9.4 24.6-9.4 33.9 0L441 239c9.4 9.4 9.4 24.6 0 33.9L246.6 467.3c-9.4 9.4-24.6 9.4-33.9 0l-22.2-22.2c-9.5-9.5-9.3-25 .4-34.3L311.4 296H24c-13.3 0-24-10.7-24-24v-32c0-13.3 10.7-24 24-24h287.4L190.9 101.2c-9.8-9.3-10-24.8-.4-34.3z\"><\/path><\/svg>\t\t\t<\/span>\n\t\t\t\t\t\t\t\t\t<span class=\"elementor-button-text\">M\u00e1s informaci\u00f3n<\/span>\n\t\t\t\t\t<\/span>\n\t\t\t\t\t<\/a>\n\t\t\t\t\t\t\t\t<\/div>\n\t\t\t\t<\/div>\n\t\t\t\t<\/div>\n\t\t\t\t<\/div>\n\t\t<div class=\"elementor-element elementor-element-85715bc e-con-full e-flex e-con e-child\" data-id=\"85715bc\" data-element_type=\"container\" data-e-type=\"container\">\n\t\t<div class=\"elementor-element elementor-element-42132de e-con-full e-flex e-con e-child\" data-id=\"42132de\" data-element_type=\"container\" data-e-type=\"container\">\n\t\t\t\t<div class=\"elementor-element elementor-element-6c7e2c6 elementor-widget elementor-widget-image\" data-id=\"6c7e2c6\" data-element_type=\"widget\" data-e-type=\"widget\" data-widget_type=\"image.default\">\n\t\t\t\t\t\t\t\t\t\t\t\t\t\t\t<img decoding=\"async\" width=\"800\" height=\"534\" data-src=\"https:\/\/www.rema-germany.com\/wp-content\/uploads\/2026\/04\/600041_9_freigestellt-1024x683.webp\" class=\"attachment-large size-large wp-image-8879 lazyload\" alt=\"Una pinza de freno negra para veh\u00edculos aparece aislada sobre un fondo blanco, mostrando sus componentes mec\u00e1nicos y su detallada estructura met\u00e1lica.\" data-srcset=\"https:\/\/www.rema-germany.com\/wp-content\/uploads\/2026\/04\/600041_9_freigestellt-1024x683.webp 1024w, https:\/\/www.rema-germany.com\/wp-content\/uploads\/2026\/04\/600041_9_freigestellt-300x200.webp 300w, https:\/\/www.rema-germany.com\/wp-content\/uploads\/2026\/04\/600041_9_freigestellt-768x512.webp 768w, https:\/\/www.rema-germany.com\/wp-content\/uploads\/2026\/04\/600041_9_freigestellt-1536x1024.webp 1536w, https:\/\/www.rema-germany.com\/wp-content\/uploads\/2026\/04\/600041_9_freigestellt-2048x1365.webp 2048w\" data-sizes=\"(max-width: 800px) 100vw, 800px\" src=\"data:image\/svg+xml;base64,PHN2ZyB3aWR0aD0iMSIgaGVpZ2h0PSIxIiB4bWxucz0iaHR0cDovL3d3dy53My5vcmcvMjAwMC9zdmciPjwvc3ZnPg==\" style=\"--smush-placeholder-width: 800px; --smush-placeholder-aspect-ratio: 800\/534;\" \/>\t\t\t\t\t\t\t\t\t\t\t\t\t\t\t<\/div>\n\t\t\t\t<div class=\"elementor-element elementor-element-46a3a52 elementor-widget elementor-widget-heading\" data-id=\"46a3a52\" data-element_type=\"widget\" data-e-type=\"widget\" data-widget_type=\"heading.default\">\n\t\t\t\t\t<h2 class=\"elementor-heading-title elementor-size-default\">Sistemas de frenado\n<\/h2>\t\t\t\t<\/div>\n\t\t\t\t<\/div>\n\t\t<div class=\"elementor-element elementor-element-7d474b1 e-con-full e-flex e-con e-child\" data-id=\"7d474b1\" data-element_type=\"container\" data-e-type=\"container\">\n\t\t<div class=\"elementor-element elementor-element-b7213cb e-con-full e-flex e-con e-child\" data-id=\"b7213cb\" data-element_type=\"container\" data-e-type=\"container\">\n\t\t\t\t<div class=\"elementor-element elementor-element-52de458 elementor-widget elementor-widget-text-editor\" data-id=\"52de458\" data-element_type=\"widget\" data-e-type=\"widget\" data-widget_type=\"text-editor.default\">\n\t\t\t\t\t\t\t\t\t<p class=\"text-gray-600 mb-3\">Calidad premium para la m\u00e1xima seguridad en el tr\u00e1fico rodado<\/p>\t\t\t\t\t\t\t\t<\/div>\n\t\t<div class=\"elementor-element elementor-element-58715ba e-con-full e-flex e-con e-child\" data-id=\"58715ba\" data-element_type=\"container\" data-e-type=\"container\">\n\t\t\t\t<div class=\"elementor-element elementor-element-20d14d6 elementor-widget elementor-widget-text-editor\" data-id=\"20d14d6\" data-element_type=\"widget\" data-e-type=\"widget\" data-widget_type=\"text-editor.default\">\n\t\t\t\t\t\t\t\t\t<p class=\"text-gray-600 mb-3\"><strong>Productos:<\/strong><\/p>\t\t\t\t\t\t\t\t<\/div>\n\t\t<div class=\"elementor-element elementor-element-e14ce85 e-con-full e-flex e-con e-child\" data-id=\"e14ce85\" data-element_type=\"container\" data-e-type=\"container\">\n\t\t\t\t<div class=\"elementor-element elementor-element-3807535 elementor-widget elementor-widget-button\" data-id=\"3807535\" data-element_type=\"widget\" data-e-type=\"widget\" data-widget_type=\"button.default\">\n\t\t\t\t\t\t\t\t\t\t<a class=\"elementor-button elementor-button-link elementor-size-sm\" href=\"\/shop\/es\/Lkw\/Bremssysteme\/Bremssattel\">\n\t\t\t\t\t\t<span class=\"elementor-button-content-wrapper\">\n\t\t\t\t\t\t\t\t\t<span class=\"elementor-button-text\">Pinzas de freno<\/span>\n\t\t\t\t\t<\/span>\n\t\t\t\t\t<\/a>\n\t\t\t\t\t\t\t\t<\/div>\n\t\t\t\t<div class=\"elementor-element elementor-element-43d9d68 elementor-widget elementor-widget-button\" data-id=\"43d9d68\" data-element_type=\"widget\" data-e-type=\"widget\" data-widget_type=\"button.default\">\n\t\t\t\t\t\t\t\t\t\t<a class=\"elementor-button elementor-button-link elementor-size-sm\" href=\"\/shop\/es\/Bus\/Druckluftsysteme\">\n\t\t\t\t\t\t<span class=\"elementor-button-content-wrapper\">\n\t\t\t\t\t\t\t\t\t<span class=\"elementor-button-text\">Compresores de aire<\/span>\n\t\t\t\t\t<\/span>\n\t\t\t\t\t<\/a>\n\t\t\t\t\t\t\t\t<\/div>\n\t\t\t\t<div class=\"elementor-element elementor-element-4b12d67 elementor-widget elementor-widget-button\" data-id=\"4b12d67\" data-element_type=\"widget\" data-e-type=\"widget\" data-widget_type=\"button.default\">\n\t\t\t\t\t\t\t\t\t\t<a class=\"elementor-button elementor-button-link elementor-size-sm\" href=\"\/shop\/es\/Lkw\/Bremssysteme\">\n\t\t\t\t\t\t<span class=\"elementor-button-content-wrapper\">\n\t\t\t\t\t\t\t\t\t<span class=\"elementor-button-text\">Frenos continuos<\/span>\n\t\t\t\t\t<\/span>\n\t\t\t\t\t<\/a>\n\t\t\t\t\t\t\t\t<\/div>\n\t\t\t\t<\/div>\n\t\t\t\t<\/div>\n\t\t\t\t<\/div>\n\t\t<div class=\"elementor-element elementor-element-aaf9ae6 e-con-full e-flex e-con e-child\" data-id=\"aaf9ae6\" data-element_type=\"container\" data-e-type=\"container\">\n\t\t\t\t<div class=\"elementor-element elementor-element-7ddd64b elementor-widget elementor-widget-button\" data-id=\"7ddd64b\" data-element_type=\"widget\" data-e-type=\"widget\" data-widget_type=\"button.default\">\n\t\t\t\t\t\t\t\t\t\t<a class=\"elementor-button elementor-button-link elementor-size-sm elementor-animation-bob\" href=\"#\">\n\t\t\t\t\t\t<span class=\"elementor-button-content-wrapper\">\n\t\t\t\t\t\t<span class=\"elementor-button-icon\">\n\t\t\t\t<svg aria-hidden=\"true\" class=\"e-font-icon-svg e-fas-arrow-right\" viewBox=\"0 0 448 512\" xmlns=\"http:\/\/www.w3.org\/2000\/svg\"><path d=\"M190.5 66.9l22.2-22.2c9.4-9.4 24.6-9.4 33.9 0L441 239c9.4 9.4 9.4 24.6 0 33.9L246.6 467.3c-9.4 9.4-24.6 9.4-33.9 0l-22.2-22.2c-9.5-9.5-9.3-25 .4-34.3L311.4 296H24c-13.3 0-24-10.7-24-24v-32c0-13.3 10.7-24 24-24h287.4L190.9 101.2c-9.8-9.3-10-24.8-.4-34.3z\"><\/path><\/svg>\t\t\t<\/span>\n\t\t\t\t\t\t\t\t\t<span class=\"elementor-button-text\">M\u00e1s informaci\u00f3n<\/span>\n\t\t\t\t\t<\/span>\n\t\t\t\t\t<\/a>\n\t\t\t\t\t\t\t\t<\/div>\n\t\t\t\t<\/div>\n\t\t\t\t<\/div>\n\t\t\t\t<\/div>\n\t\t\t\t<\/div>\n\t\t\t\t<\/div>\n\t\t\t\t<div class=\"elementor-element elementor-element-7521b7f elementor-align-left elementor-widget elementor-widget-button\" data-id=\"7521b7f\" data-element_type=\"widget\" data-e-type=\"widget\" data-widget_type=\"button.default\">\n\t\t\t\t\t\t\t\t\t\t<a class=\"elementor-button elementor-button-link elementor-size-sm elementor-animation-bob\" href=\"https:\/\/www.rema-germany.com\/es\/lineas-de-productos\/\">\n\t\t\t\t\t\t<span class=\"elementor-button-content-wrapper\">\n\t\t\t\t\t\t\t\t\t<span class=\"elementor-button-text\">Ver todos los productos<\/span>\n\t\t\t\t\t<\/span>\n\t\t\t\t\t<\/a>\n\t\t\t\t\t\t\t\t<\/div>\n\t\t\t\t\t<\/div>\n\t\t\t\t<\/div>\n\t\t<div class=\"elementor-element elementor-element-9668030 e-con-full e-flex e-con e-child\" data-id=\"9668030\" data-element_type=\"container\" data-e-type=\"container\">\n\t\t<div class=\"elementor-element elementor-element-2ff0a83 e-con-full e-flex e-con e-child\" data-id=\"2ff0a83\" data-element_type=\"container\" data-e-type=\"container\">\n\t\t<div class=\"elementor-element elementor-element-22ce489 e-con-full e-flex e-con e-child\" data-id=\"22ce489\" data-element_type=\"container\" data-e-type=\"container\" data-settings=\"{&quot;background_background&quot;:&quot;classic&quot;}\">\n\t\t\t\t<div class=\"elementor-element elementor-element-69709f2 elementor-widget elementor-widget-heading\" data-id=\"69709f2\" data-element_type=\"widget\" data-e-type=\"widget\" data-widget_type=\"heading.default\">\n\t\t\t\t\t<h2 class=\"elementor-heading-title elementor-size-default\">Vis\u00edtenos tambi\u00e9n en Instagram<\/h2>\t\t\t\t<\/div>\n\t\t\t\t<div class=\"elementor-element elementor-element-497fa1f elementor-hidden-mobile elementor-widget elementor-widget-image\" data-id=\"497fa1f\" data-element_type=\"widget\" data-e-type=\"widget\" data-widget_type=\"image.default\">\n\t\t\t\t\t\t\t\t\t\t\t\t\t\t\t\t<a href=\"https:\/\/www.instagram.com\/rema.germany\/\">\n\t\t\t\t\t\t\t<img decoding=\"async\" width=\"1920\" height=\"843\" data-src=\"https:\/\/www.rema-germany.com\/wp-content\/uploads\/2026\/04\/instagram.com-Instagram-cvscreenshot.webp\" class=\"attachment-full size-full wp-image-10903 lazyload\" alt=\"P\u00e1gina de perfil de Instagram de rema.germany. En los banners de color verde se ven dos hombres con camisas blancas y negras, logotipos de la empresa y texto en alem\u00e1n. Arriba se muestra la informaci\u00f3n del perfil junto con iconos para el sitio web y enlaces de informaci\u00f3n.\" data-srcset=\"https:\/\/www.rema-germany.com\/wp-content\/uploads\/2026\/04\/instagram.com-Instagram-cvscreenshot.webp 1920w, https:\/\/www.rema-germany.com\/wp-content\/uploads\/2026\/04\/instagram.com-Instagram-cvscreenshot-300x132.webp 300w, https:\/\/www.rema-germany.com\/wp-content\/uploads\/2026\/04\/instagram.com-Instagram-cvscreenshot-1024x450.webp 1024w, https:\/\/www.rema-germany.com\/wp-content\/uploads\/2026\/04\/instagram.com-Instagram-cvscreenshot-768x337.webp 768w, https:\/\/www.rema-germany.com\/wp-content\/uploads\/2026\/04\/instagram.com-Instagram-cvscreenshot-1536x674.webp 1536w\" data-sizes=\"(max-width: 1920px) 100vw, 1920px\" src=\"data:image\/svg+xml;base64,PHN2ZyB3aWR0aD0iMSIgaGVpZ2h0PSIxIiB4bWxucz0iaHR0cDovL3d3dy53My5vcmcvMjAwMC9zdmciPjwvc3ZnPg==\" style=\"--smush-placeholder-width: 1920px; --smush-placeholder-aspect-ratio: 1920\/843;\" \/>\t\t\t\t\t\t\t\t<\/a>\n\t\t\t\t\t\t\t\t\t\t\t\t\t\t\t<\/div>\n\t\t\t\t<div class=\"elementor-element elementor-element-24ea577 elementor-align-left elementor-widget elementor-widget-button\" data-id=\"24ea577\" data-element_type=\"widget\" data-e-type=\"widget\" data-widget_type=\"button.default\">\n\t\t\t\t\t\t\t\t\t\t<a class=\"elementor-button elementor-button-link elementor-size-sm elementor-animation-bob\" href=\"https:\/\/www.instagram.com\/rema.germany\/\">\n\t\t\t\t\t\t<span class=\"elementor-button-content-wrapper\">\n\t\t\t\t\t\t<span class=\"elementor-button-icon\">\n\t\t\t\t<svg aria-hidden=\"true\" class=\"e-font-icon-svg e-fab-instagram\" viewBox=\"0 0 448 512\" xmlns=\"http:\/\/www.w3.org\/2000\/svg\"><path d=\"M224.1 141c-63.6 0-114.9 51.3-114.9 114.9s51.3 114.9 114.9 114.9S339 319.5 339 255.9 287.7 141 224.1 141zm0 189.6c-41.1 0-74.7-33.5-74.7-74.7s33.5-74.7 74.7-74.7 74.7 33.5 74.7 74.7-33.6 74.7-74.7 74.7zm146.4-194.3c0 14.9-12 26.8-26.8 26.8-14.9 0-26.8-12-26.8-26.8s12-26.8 26.8-26.8 26.8 12 26.8 26.8zm76.1 27.2c-1.7-35.9-9.9-67.7-36.2-93.9-26.2-26.2-58-34.4-93.9-36.2-37-2.1-147.9-2.1-184.9 0-35.8 1.7-67.6 9.9-93.9 36.1s-34.4 58-36.2 93.9c-2.1 37-2.1 147.9 0 184.9 1.7 35.9 9.9 67.7 36.2 93.9s58 34.4 93.9 36.2c37 2.1 147.9 2.1 184.9 0 35.9-1.7 67.7-9.9 93.9-36.2 26.2-26.2 34.4-58 36.2-93.9 2.1-37 2.1-147.8 0-184.8zM398.8 388c-7.8 19.6-22.9 34.7-42.6 42.6-29.5 11.7-99.5 9-132.1 9s-102.7 2.6-132.1-9c-19.6-7.8-34.7-22.9-42.6-42.6-11.7-29.5-9-99.5-9-132.1s-2.6-102.7 9-132.1c7.8-19.6 22.9-34.7 42.6-42.6 29.5-11.7 99.5-9 132.1-9s102.7-2.6 132.1 9c19.6 7.8 34.7 22.9 42.6 42.6 11.7 29.5 9 99.5 9 132.1s2.7 102.7-9 132.1z\"><\/path><\/svg>\t\t\t<\/span>\n\t\t\t\t\t\t\t\t\t<span class=\"elementor-button-text\">Ir a Instagram<\/span>\n\t\t\t\t\t<\/span>\n\t\t\t\t\t<\/a>\n\t\t\t\t\t\t\t\t<\/div>\n\t\t\t\t<\/div>\n\t\t<div class=\"elementor-element elementor-element-36c2444 e-con-full e-flex e-con e-child\" data-id=\"36c2444\" data-element_type=\"container\" data-e-type=\"container\" data-settings=\"{&quot;background_background&quot;:&quot;classic&quot;}\">\n\t\t\t\t<div class=\"elementor-element elementor-element-6dfea99 elementor-widget elementor-widget-ucaddon_blox_grid_instagrm_widget\" data-id=\"6dfea99\" data-element_type=\"widget\" data-e-type=\"widget\" data-widget_type=\"ucaddon_blox_grid_instagrm_widget.default\">\n\t\t\t\t<div class=\"elementor-widget-container\">\n\t\t\t\t\t\n<!-- start Instagram Feed -->\n\t\t<link id='font-awesome-css' href='https:\/\/www.rema-germany.com\/wp-content\/plugins\/unlimited-elements-for-elementor-premium\/assets_libraries\/font-awesome6\/fontawesome-all.min.css' type='text\/css' rel='stylesheet' >\n\t\t<link id='font-awesome-4-shim-css' href='https:\/\/www.rema-germany.com\/wp-content\/plugins\/unlimited-elements-for-elementor-premium\/assets_libraries\/font-awesome6\/fontawesome-v4-shims.min.css' type='text\/css' rel='stylesheet' >\n\t\t<link id='owl-carousel-css' href='https:\/\/www.rema-germany.com\/wp-content\/plugins\/unlimited-elements-for-elementor-premium\/assets_libraries\/owl-carousel-new\/assets\/owl.carousel.css' type='text\/css' rel='stylesheet' >\n\t\t<link id='fancybox-css' href='https:\/\/www.rema-germany.com\/wp-content\/plugins\/unlimited-elements-for-elementor-premium\/assets_libraries\/fancybox3\/jquery.fancybox.min.css' type='text\/css' rel='stylesheet' >\n\n<style>\/* widget: Instagram Feed *\/\n\n\n\n#uc_blox_grid_instagrm_widget_elementor_6dfea99 .ue_instagram_grid_item\n{\n  position:relative;\n  overflow:hidden;\n}\n\n#uc_blox_grid_instagrm_widget_elementor_6dfea99 img\n{\n  display:block;\n  height:100%;\n  width:100%;\n}\n\n#uc_blox_grid_instagrm_widget_elementor_6dfea99 .ue_instagram_grid_item.uc-video-item::after,\n#uc_blox_grid_instagrm_widget_elementor_6dfea99 .ue_instagram_grid_item.uc-video-item .ue-play-icon\n{\n    \tcontent: \"\";\n    display: flex;\n  align-items: center;\n  justify-content: center;\n      background-image: url('https:\/\/www.rema-germany.com\/wp-content\/uploads\/ac_assets\/blox_grid_instagrm_widget\/play.svg');  \n  \t\n  background-size:cover;\n  background-position:center;\n  position:absolute;\n  top:50%;\n  left:50%;\n  transform:translate(-50%,-50%);\n  z-index:1;\n  \n}\n\n#uc_blox_grid_instagrm_widget_elementor_6dfea99 .ue_instagram_grid_overlay\n{\n  display:flex;\n  align-items:center;\n  flex-direction: column;\n  justify-content:center;\n  position:absolute;\n  left:0;\n  right:0;\n  bottom:0;\n  top:0;\n  transition:0.5s;\n  z-index:2;\n}\n\n#uc_blox_grid_instagrm_widget_elementor_6dfea99 .ue_instagram_grid_overlay .ue_instagram_grid_overlay_contents\n{\n  opacity:0;\n  transition:0.5s;\n  display:flex;\n  align-items:center;\n  flex-direction: column;\n  justify-content:center;\n}\n\n#uc_blox_grid_instagrm_widget_elementor_6dfea99 .ue_instagram_grid_overlay:hover .ue_instagram_grid_overlay_contents\n{\n  opacity:1;\n\n}\n\n\n\n#uc_blox_grid_instagrm_widget_elementor_6dfea99 .owl-dots {\noverflow:hidden;\ntext-align:center;\n}\n\n#uc_blox_grid_instagrm_widget_elementor_6dfea99 .owl-dot {\nborder-radius:50%;\ndisplay:inline-block;\nmin-height: unset;  \n}\n\n#uc_blox_grid_instagrm_widget_elementor_6dfea99 .owl-nav .owl-prev{\n    position:absolute;\n    display:inline-block;\n    text-align:center;\n}\n#uc_blox_grid_instagrm_widget_elementor_6dfea99 .owl-nav .owl-next{\n  position:absolute;\n  display:inline-block;\n  text-align:center;\n}\n\n#uc_blox_grid_instagrm_widget_elementor_6dfea99 .owl-nav .disabled\n{\n    display: none;  \n}\n#uc_blox_grid_instagrm_widget_elementor_6dfea99 .ue_instagram_grid_loader{\nposition: absolute;\nwidth: 30px;\nheight: 30px;\ntop: 50%;\nleft: 50%;\ntransform: translate(-50%, -50%);\nz-index: 2;\n}\n\n<\/style>\n\n<div class=\"ue-instagram-feed\" >\n              <div class=\"uc_carousel owl-carousel ue-instagram-feed-inner \" id=\"uc_blox_grid_instagrm_widget_elementor_6dfea99\"  data-lightbox=\"regular\">\n          \t<div id=\"uc_blox_grid_instagrm_widget_elementor_6dfea99_item1\" class=\"ue_instagram_grid_item \">\n            <img decoding=\"async\" src=\"https:\/\/www.rema-germany.com\/wp-content\/plugins\/unlimited-elements-for-elementor-premium\/images\/placeholder.png\" data-src=\"https:\/\/scontent-ams2-1.cdninstagram.com\/v\/t51.82787-15\/789034172_18005025074985943_8191604883234779822_n.jpg?stp=dst-jpg_e35_tt6&amp;_nc_cat=107&amp;ccb=7-5&amp;_nc_sid=18de74&amp;efg=eyJlZmdfdGFnIjoiRkVFRC5iZXN0X2ltYWdlX3VybGdlbi5DMyJ9&amp;_nc_ohc=j9aaqRykXuwQ7kNvwEQliWL&amp;_nc_oc=Ado_GuzU5WpZ0FviHZZ4dJyhYEeKg4Lqxrqr_kH9n_-iotlTCU1_jFWUlB6WHGtUmLc&amp;_nc_zt=23&amp;_nc_ht=scontent-ams2-1.cdninstagram.com&amp;edm=ANo9K5cEAAAA&amp;_nc_gid=FNZ8IVAR-2I0HaB7eKxX9g&amp;_nc_tpa=Q5bMBQJOfOLZ5jH8tX5cI-BVYqjCV1nuxyQXVUQkq7FGEyQjX8rqCBsxVXhjf8RVikDosJa4bhFAhtsC&amp;oh=00_AQLsT6mRFKEsqsaGLOJLCSoMtBjHWLAm5Vfbdl7toUuKHg&amp;oe=6A9D1C0E\" class=\"ue_instagram_grid_image\" alt=\"\">\n         \n    \n    <a href=\"https:\/\/www.instagram.com\/p\/DcvSj-VFeXx\/\" class=\"ue_instagram_grid_overlay\"  aria-label=\" \ud83c\udf10 Ab sofort live: Unsere neue Website und unser neuer Webshop!\n\nWir haben intensiv daran gearbeitet, die User Experience f\u00fcr euch noch besser zu gestalten, und freuen uns riesig, euch das Ergebnis endlich zeigen zu k\u00f6nnen.\n\n\u2728 Aufgefrischtes Design und eine deutlich intuitivere Bedienung\n\ud83d\udd0d Schnellere und bessere Suchfunktion\n\ud83d\udccb Unser neues Kundenportal rema.portal: Bestellungen, R\u00fccksendungen, aktueller Status, Gew\u00e4hrleistungen und mehr, alles auf einen Blick\n\nUnd das ist noch l\u00e4ngst nicht alles.... \ud83d\udc40\n\nSchaut gerne vorbei und macht euch selbst ein Bild:\n\ud83c\udf10 Website: www.rema-germany.com\n\ud83d\uded2 Shop: www.rema-germany.com\/shop\n\nWir freuen uns auf euer Feedback! \ud83d\ude4c\n\n----------\n\n\ud83c\udf10 Live now: our new website and new webshop!\n\nWe've worked hard to make the user experience even better for you, and we're thrilled to finally show you the result.\n\n\u2728 A refreshed design and noticeably more intuitive navigation\n\ud83d\udd0d A faster, better search function\n\ud83d\udccb Our new customer portal rema.portal: orders, returns, current status, warranties and more, all in one place\n\nAnd that's far from everything.... \ud83d\udc40\n\nCome and take a look for yourself:\n\ud83c\udf10 Website: www.rema-germany.com\n\ud83d\uded2 Shop: www.rema-germany.com\/shop\n\nWe'd love to hear your feedback! \ud83d\ude4c\n\n#remagermany #Gescher #Remanufacturing #bepart #remanufacturedparts #NeueWebsite #Webshop #KundenErlebnis\n\n#remagermany #Gescher #Remanufacturing #bepart #remanufacturedparts #Nachhaltigkeit #CircularEconomy\">\n     <div class=\"ue_instagram_grid_overlay_contents\">\n                <\/div>\n  <\/a> \n  \n  \t\n  \n<\/div>\n<div id=\"uc_blox_grid_instagrm_widget_elementor_6dfea99_item2\" class=\"ue_instagram_grid_item \">\n            <img decoding=\"async\" src=\"https:\/\/www.rema-germany.com\/wp-content\/plugins\/unlimited-elements-for-elementor-premium\/images\/placeholder.png\" data-src=\"https:\/\/scontent-ams2-1.cdninstagram.com\/v\/t51.82787-15\/785745218_18004008707985943_3307472549569280109_n.jpg?stp=dst-jpg_e35_tt6&amp;_nc_cat=107&amp;ccb=7-5&amp;_nc_sid=18de74&amp;efg=eyJlZmdfdGFnIjoiQ0FST1VTRUxfSVRFTS5iZXN0X2ltYWdlX3VybGdlbi5DMyJ9&amp;_nc_ohc=V3GCWqJp1soQ7kNvwGNI_LR&amp;_nc_oc=AdoW6o0c2u1h3uTCRPXd_5XErEopebGFU2UWjZa6RkibMSZMOPapOq8Rqmju_vf3_oo&amp;_nc_zt=23&amp;_nc_ht=scontent-ams2-1.cdninstagram.com&amp;edm=ANo9K5cEAAAA&amp;_nc_gid=FNZ8IVAR-2I0HaB7eKxX9g&amp;_nc_tpa=Q5bMBQJqK1y1-QhCtB8ssUwL0c3XvDSd-vuGdf8iMKOLC75yJrlafMET9MVYlIZU6e7uypTDj7OUaNpe&amp;oh=00_AQK0H9hs_dEvL1pahudyLghNK5ipGwNzomT4QlAkld_tOg&amp;oe=6A9D093C\" class=\"ue_instagram_grid_image\" alt=\"\">\n         \n    \n    <a href=\"https:\/\/www.instagram.com\/p\/DcdROQ0Fa4T\/\" class=\"ue_instagram_grid_overlay\"  aria-label=\" \ud83d\ude80 20 Jahre rema.germany. Und ein Stand, der genau davon erz\u00e4hlt.\n\nUnser Standkonzept f\u00fcr die @automechanika_official Frankfurt 2026 steht, und wir k\u00f6nnen es kaum erwarten, es euch live zu zeigen. Unter dem Motto \u201e20 years, part of a better future\" erz\u00e4hlen wir eine Geschichte, die bei der Vision beginnt und beim fertigen Produkt endet.\n\n\ud83c\udf3f Der Empfang begr\u00fc\u00dft euch mit echtem Naturgef\u00fchl, als Sinnbild f\u00fcr das zweite Leben, das wir Altteilen geben.\n\n\ud83d\udcbb Im Herzen des Standes zeigen wir, wie wir arbeiten: Unser digitales R\u00fcckgabesystem RMS wird live erkl\u00e4rt, inklusive der Nominierung f\u00fcr den Automechanika Innovation Award.\n\n\ud83d\udd0d Und ganz vorne trifft dann Theorie auf Praxis: Unsere Hero-Produkte stehen im direkten Vergleich, Altteil neben aufbereitetem Neuteil, KI-gest\u00fctzt gepr\u00fcft und zum Selberausprobieren.\n\nUnd dann ist da noch eine \u00dcberraschung, die auf dem Bild nicht zu sehen ist. Nur so viel: Es wird handfest. \ud83d\udd27 Den Rest zeigen wir euch live vor Ort.\n\nKommt vorbei und erlebt, wie aus Vision, Prozess und Produkt ein Ganzes wird.\n\n\ud83d\uddd3\ufe0f 08.\u201312.09.2026\n\ud83d\udccd Messe Frankfurt\n\ud83c\udfe2 Halle 6.1, Stand C27\n\n----------\n\n\ud83d\ude80 20 years of rema.germany. And a stand that tells exactly that story.\n\nOur stand concept for @automechanika_official Frankfurt 2026 is ready, and we can't wait to show it to you live. Under the motto \"20 years, part of a better future\", we tell a story that begins with vision and ends with the finished product.\n\n\ud83c\udf3f The welcome area greets you with a real sense of nature, symbolising the second life we give to used parts.\n\n\ud83d\udcbb At the heart of the stand, we show you how we work: our digital return system RMS is explained live, including its nomination for the Automechanika Innovation Award.\n\n\ud83d\udd0d And right at the front, theory meets practice: our hero products stand side by side, used part next to remanufactured part, AI-tested and ready for you to try yourself.\n\nAnd then there's a surprise you won't find on the picture. Here's a hint: it gets hands-on. \ud83d\udd27 We'll show you the rest live on-site.\n\nCome and see how vision, process and product come together as one.\n\n\ud83d\uddd3\ufe0f 8\u201312 Sept 2026\n\ud83d\udccd Messe Frankfurt\n\ud83c\udfe2 Hall 6.1, Booth C27\">\n     <div class=\"ue_instagram_grid_overlay_contents\">\n                <\/div>\n  <\/a> \n  \n  \t\n  \n<\/div>\n<div id=\"uc_blox_grid_instagrm_widget_elementor_6dfea99_item3\" class=\"ue_instagram_grid_item \">\n            <img decoding=\"async\" src=\"https:\/\/www.rema-germany.com\/wp-content\/plugins\/unlimited-elements-for-elementor-premium\/images\/placeholder.png\" data-src=\"https:\/\/scontent-ams2-1.cdninstagram.com\/v\/t51.82787-15\/778870262_18002974295985943_8022926074812110836_n.jpg?stp=dst-jpg_e35_tt6&amp;_nc_cat=111&amp;ccb=7-5&amp;_nc_sid=18de74&amp;efg=eyJlZmdfdGFnIjoiRkVFRC5iZXN0X2ltYWdlX3VybGdlbi5DMyJ9&amp;_nc_ohc=kloqfgAm-MwQ7kNvwFMGDNn&amp;_nc_oc=AdrfoV6HBGuk0x6RQvhupfhuZaG2IvukG9znswfb8YxxIf731IH-FmFSbtlnDBmlj2U&amp;_nc_zt=23&amp;_nc_ht=scontent-ams2-1.cdninstagram.com&amp;edm=ANo9K5cEAAAA&amp;_nc_gid=FNZ8IVAR-2I0HaB7eKxX9g&amp;_nc_tpa=Q5bMBQLLU3BQKRUcgPjixMXusVuXso3A7jl1rH-8-xqULrrwfZqCCNdrx0ouQTz36fACpmhi4rrbwZZW&amp;oh=00_AQJhHCeWsj5Bwy5LqEvU7fJRmFS_yJp1XAuGsv_aBTZMjg&amp;oe=6A9D02E3\" class=\"ue_instagram_grid_image\" alt=\"\">\n         \n    \n    <a href=\"https:\/\/www.instagram.com\/p\/DcLPj7bFQh9\/\" class=\"ue_instagram_grid_overlay\"  aria-label=\" \ud83d\ude80 Countdown: Noch genau 3 Wochen! \ud83c\udfc6\n\nDie Automechanika Frankfurt 2026 r\u00fcckt n\u00e4her und damit wird es auch f\u00fcr uns spannend: Holt sich unser REMA Digital Return & Core Intelligence System (RMS) den Award in der Kategorie \u201eCircular Economy & Remanufacturing\"?\n\nNeben dem Bangen um die Nominierung laufen bei uns die Vorbereitungen f\u00fcr unseren Messeauftritt bereits auf Hochtouren. Einen kleinen Hinweis auf unser diesj\u00e4hriges Standkonzept haben wir \u00fcbrigens schon im Bild versteckt.\n\nKommt vorbei und besucht uns:\n\n\ud83d\uddd3\ufe0f 08.\u201312.09.2026\n\ud83d\udccd Messe Frankfurt\n\ud83c\udfe2 Halle 6.1, Stand C27\n\nBis bald in Frankfurt! \ud83d\ude4c\n\n----------\n\n\ud83d\ude80 Countdown: Just 3 weeks to go! \ud83c\udfc6\n\nAutomechanika Frankfurt 2026 is getting closer, and that means things are getting exciting for us too: will our REMA Digital Return & Core Intelligence System (RMS) take home the award in the \"Circular Economy & Remanufacturing\" category?\n\nAlongside the wait for the nomination result, preparations for our trade show presence are already in full swing. We've actually hidden a little hint about this year's stand concept in the image.\n\nCome and visit us:\n\n\ud83d\uddd3\ufe0f 8\u201312 Sept 2026\n\ud83d\udccd Messe Frankfurt\n\ud83c\udfe2 Hall 6.1, Booth C27\n\nSee you in Frankfurt! \ud83d\ude4c\n\n#remagermany #Gescher #Remanufacturing #bepart #remanufacturedparts #Nachhaltigkeit #CircularEconomy #Automechanika2026\">\n     <div class=\"ue_instagram_grid_overlay_contents\">\n                <\/div>\n  <\/a> \n  \n  \t\n  \n<\/div>\n<div id=\"uc_blox_grid_instagrm_widget_elementor_6dfea99_item4\" class=\"ue_instagram_grid_item \">\n            <img decoding=\"async\" src=\"https:\/\/www.rema-germany.com\/wp-content\/plugins\/unlimited-elements-for-elementor-premium\/images\/placeholder.png\" data-src=\"https:\/\/scontent-ams2-1.cdninstagram.com\/v\/t51.82787-15\/770901864_18002276948985943_7491251628164372658_n.jpg?stp=dst-jpg_e35_tt6&amp;_nc_cat=100&amp;ccb=7-5&amp;_nc_sid=18de74&amp;efg=eyJlZmdfdGFnIjoiRkVFRC5iZXN0X2ltYWdlX3VybGdlbi5DMyJ9&amp;_nc_ohc=V-w7xyAgozcQ7kNvwGTDv6m&amp;_nc_oc=AdoCI8O3DodEtPTww378NNACg6o9TwKM57z59fXHkISJ4oGNZQU8hhswhtLnJNuOgrQ&amp;_nc_zt=23&amp;_nc_ht=scontent-ams2-1.cdninstagram.com&amp;edm=ANo9K5cEAAAA&amp;_nc_gid=FNZ8IVAR-2I0HaB7eKxX9g&amp;_nc_tpa=Q5bMBQLnRGkaa5r06R_CGmgN15tOj5faYXJJWVi39Z-Hst7xtai1w6pyCrJYkNNnxi4Q8enYd_6J8H7D&amp;oh=00_AQJvTs3Uqgev2hiZXEWkHeZ164AmBhCMPDdgx7mNBSUWyA&amp;oe=6A9D1891\" class=\"ue_instagram_grid_image\" alt=\"\">\n         \n    \n    <a href=\"https:\/\/www.instagram.com\/p\/DcA-vf9Fatl\/\" class=\"ue_instagram_grid_overlay\"  aria-label=\" @rema.germany sucht Verst\u00e4rkung f\u00fcr das Lager! \ud83d\udce6\n\nBei @rema.germany geht es nicht nur darum, Waren von A nach B zu bewegen. Als Fachkraft f\u00fcr Lagerlogistik sorgst du daf\u00fcr, dass im Lager alles l\u00e4uft und die Kunden ihre Bestellungen zuverl\u00e4ssig bekommen.\n\nDich erwartet unter anderem:\n\u2705 Waren annehmen und einlagern\n\u2705 Internationale Lieferungen zusammenstellen und verpacken\n\u2705 Best\u00e4nde kontrollieren und bei Inventuren unterst\u00fctzen\n\u2705 Flurf\u00f6rderfahrzeuge sicher bedienen\n\nDu hast eine Ausbildung im Bereich Lagerlogistik, einen Staplerschein und packst gerne mit an? Dann k\u00f6nnte das gut passen.\nTeilt den Beitrag gerne mit jemandem, der genau so einen Job sucht.\n\n#remagermany #Gescher #Remanufacturing #bepart #remanufacturedparts #Nachhaltigkeit #CircularEconomy #viral #fyp #Lagerlogistik\">\n     <div class=\"ue_instagram_grid_overlay_contents\">\n                <\/div>\n  <\/a> \n  \n  \t\n  \n<\/div>\n<div id=\"uc_blox_grid_instagrm_widget_elementor_6dfea99_item5\" class=\"ue_instagram_grid_item \">\n            <img decoding=\"async\" src=\"https:\/\/www.rema-germany.com\/wp-content\/plugins\/unlimited-elements-for-elementor-premium\/images\/placeholder.png\" data-src=\"https:\/\/scontent-ams2-1.cdninstagram.com\/v\/t51.82787-15\/755874801_17999764517985943_5957562721577626444_n.jpg?stp=dst-jpg_e35_tt6&amp;_nc_cat=108&amp;ccb=7-5&amp;_nc_sid=18de74&amp;efg=eyJlZmdfdGFnIjoiRkVFRC5iZXN0X2ltYWdlX3VybGdlbi5DMyJ9&amp;_nc_ohc=g4Zj8gO04DgQ7kNvwHqIhkg&amp;_nc_oc=Adox2EO0B6A5M1GM8-N9S2Fs0rY9we_tRk-2Ip9dXzMb22_Rfe4PAIvnU0hJ9lByK48&amp;_nc_zt=23&amp;_nc_ht=scontent-ams2-1.cdninstagram.com&amp;edm=ANo9K5cEAAAA&amp;_nc_gid=FNZ8IVAR-2I0HaB7eKxX9g&amp;_nc_tpa=Q5bMBQIsYxLZA5ytC45IiBE0mn1lyncbFMaHvwEqRXMpXhZpyONun11-I6h5_FaDAPfkDpgz9EWxnl_f&amp;oh=00_AQKagV7BiCR3I7_3oVINq0bxMuqb9NstQhf4nk08Nlldww&amp;oe=6A9D10DF\" class=\"ue_instagram_grid_image\" alt=\"\">\n         \n    \n    <a href=\"https:\/\/www.instagram.com\/p\/DbXv-fKFT2-\/\" class=\"ue_instagram_grid_overlay\"  aria-label=\" \ud83c\udfc6 Nominiert bei den Automechanika Innovation Awards 2026!\n\nWir freuen uns riesig: Unser REMA Digital Return & Core Intelligence System (RMS) wurde in der Kategorie \u201eCircular Economy & Remanufacturing\" nominiert \u2013 aus 185 Einreichungen weltweit.\n\nMit dem RMS digitalisieren wir, was im Remanufacturing lange Handarbeit war: die intelligente Erfassung, Bewertung und Steuerung von Altteilen. Mehr Transparenz, schnellere Prozesse, bessere Entscheidungen \u2013 f\u00fcr uns und unsere Partner.\n\nDie Gewinner werden am 8. September auf der Automechanika Frankfurt bekannt gegeben. Bis dahin hei\u00dft es: Daumen dr\u00fccken! \ud83e\udd1e\n\n----------\n\n\ud83c\udfc6 Nominated for the Automechanika Innovation Awards 2026!\n\nWe're thrilled: our REMA Digital Return & Core Intelligence System (RMS) has been nominated in the \"Circular Economy & Remanufacturing\" category \u2013 out of 185 submissions worldwide.\n\nWith the RMS, we're digitalising something that used to be manual work in remanufacturing: the intelligent capture, assessment and management of used parts. More transparency, faster processes, better decisions \u2013 for us and our partners.\n\nWinners will be announced on 8 September at Automechanika Frankfurt. Until then: fingers crossed! \ud83e\udd1e\n\n#remagermany #Gescher #Remanufacturing #bepart #remanufacturedparts #Nachhaltigkeit #CircularEconomy\">\n     <div class=\"ue_instagram_grid_overlay_contents\">\n                <\/div>\n  <\/a> \n  \n  \t\n  \n<\/div>\n<div id=\"uc_blox_grid_instagrm_widget_elementor_6dfea99_item6\" class=\"ue_instagram_grid_item \">\n            <img decoding=\"async\" src=\"https:\/\/www.rema-germany.com\/wp-content\/plugins\/unlimited-elements-for-elementor-premium\/images\/placeholder.png\" data-src=\"https:\/\/scontent-ams2-1.cdninstagram.com\/v\/t51.82787-15\/753488529_17998684064985943_2048893276549950355_n.jpg?stp=dst-jpg_e35_tt6&amp;_nc_cat=100&amp;ccb=7-5&amp;_nc_sid=18de74&amp;efg=eyJlZmdfdGFnIjoiRkVFRC5iZXN0X2ltYWdlX3VybGdlbi5DMyJ9&amp;_nc_ohc=f9ccwcE9OVsQ7kNvwFt42P4&amp;_nc_oc=Ado2yW3AKY2yuhNhx47y1CIn4GF3VlybrZEH2K340AgaXiCnl0VLXKEHv_s9tIJNk5E&amp;_nc_zt=23&amp;_nc_ht=scontent-ams2-1.cdninstagram.com&amp;edm=ANo9K5cEAAAA&amp;_nc_gid=FNZ8IVAR-2I0HaB7eKxX9g&amp;_nc_tpa=Q5bMBQL-rnM9p0ciJOYnLwA4MLkP551PufQ4M43tO70kpGJqbHItRNPDIF2CUdAPvNg0lUgmKSTFy0-7&amp;oh=00_AQJgYtpMk8zmMay6doebhhCg8i8zvBowwJtswZLfbcUodQ&amp;oe=6A9D0C76\" class=\"ue_instagram_grid_image\" alt=\"\">\n         \n    \n    <a href=\"https:\/\/www.instagram.com\/p\/DbFuBm7FURY\/\" class=\"ue_instagram_grid_overlay\"  aria-label=\" \ud83d\ude4c Jubil\u00e4en im Jubil\u00e4umsjahr\n\nVor zwei Wochen haben wir 20 Jahre rema.germany gefeiert. Letzte Woche haben wir direkt nachgelegt, denn bei uns gibt es noch mehr Grund zur Freude: Gleich vier Kolleginnen und Kollegen feiern in diesem Jahr ihr ganz pers\u00f6nliches Jubil\u00e4um.\n\nIm feierlichen Rahmen unseres monatlichen Stand-Up Meetings, vor versammelter Belegschaft, haben wir die Geschenke \u00fcberreicht:\n\n\ud83c\udf89 Dennis K. & Chris: 15 Jahre rema.germany\n\ud83c\udf89 Anne & Dennis H.: 10 Jahre rema.germany\n\nVier Menschen, die dieses Unternehmen mitgestaltet, mitgetragen und mitgepr\u00e4gt haben. Wer rema.germany kennt, wei\u00df: Solche Karrieren entstehen nicht durch Zufall, sondern durch echtes Engagement. Tag f\u00fcr Tag.\n\nHerzlichen Gl\u00fcckwunsch euch allen! Wir sind stolz, euch an unserer Seite zu haben. \ud83e\udd1d\n\n----------\n\n\ud83d\ude4c Anniversaries in our anniversary year\n\nTwo weeks ago, we celebrated 20 years of rema.germany. Last week, we kept the momentum going, because there's even more reason to celebrate: four of our colleagues are marking their very own milestones this year.\n\nIn a ceremonial moment during our monthly stand-up meeting, in front of the entire team, we presented their gifts:\n\n\ud83c\udf89 Dennis K. & Chris: 15 years at rema.germany\n\ud83c\udf89 Anne & Dennis H.: 10 years at rema.germany\n\nFour people who have helped shape, carry and define this company. Those who know rema.germany know: careers like these don't happen by chance. They're built through genuine commitment. Day after day.\n\nCongratulations to all four of you! We're proud to have you by our side. \ud83e\udd1d\n\n#remagermany #Gescher #Remanufacturing #bepart #remanufacturedparts #Nachhaltigkeit #CircularEconomy\">\n     <div class=\"ue_instagram_grid_overlay_contents\">\n                <\/div>\n  <\/a> \n  \n  \t\n  \n<\/div>\n\n       <\/div>\n         \n  \t   <\/div>\n<!-- end Instagram Feed -->\t\t\t\t<\/div>\n\t\t\t\t<\/div>\n\t\t\t\t<\/div>\n\t\t\t\t<\/div>\n\t\t\t\t<\/div>\n\t\t\t\t<\/div>\n\t\t","protected":false},"excerpt":{"rendered":"<p>Remanufacturaci\u00f3n profesional para sus exigencias Remanufacturaci\u00f3n profesional para sus exigencias Productos de calidad y servicio fiable: m\u00e1s de 20 a\u00f1os de experiencia como su socio para soluciones sostenibles en el sector de veh\u00edculos comerciales. Descubra nuestras gamas Ir a la tienda online Descubra nuestra amplia oferta de soluciones y servicios profesionales para sus necesidades. Reacondicionamiento [&hellip;]<\/p>\n","protected":false},"author":3,"featured_media":0,"parent":0,"menu_order":0,"comment_status":"closed","ping_status":"closed","template":"elementor_header_footer","meta":{"footnotes":""},"class_list":["post-9208","page","type-page","status-publish","hentry"],"yoast_head":"<!-- This site is optimized with the Yoast SEO plugin v28.3 - https:\/\/yoast.com\/product\/yoast-seo-wordpress\/ -->\n<title>Inicio - rema.germany<\/title>\n<meta name=\"robots\" content=\"index, follow, max-snippet:-1, max-image-preview:large, max-video-preview:-1\" \/>\n<link rel=\"canonical\" href=\"https:\/\/www.rema-germany.com\/es\/\" \/>\n<meta property=\"og:locale\" content=\"es_ES\" \/>\n<meta property=\"og:type\" content=\"article\" \/>\n<meta property=\"og:title\" content=\"Inicio - rema.germany\" \/>\n<meta property=\"og:description\" content=\"Remanufacturaci\u00f3n profesional para sus exigencias Remanufacturaci\u00f3n profesional para sus exigencias Productos de calidad y servicio fiable: m\u00e1s de 20 a\u00f1os de experiencia como su socio para soluciones sostenibles en el sector de veh\u00edculos comerciales. Descubra nuestras gamas Ir a la tienda online Descubra nuestra amplia oferta de soluciones y servicios profesionales para sus necesidades. Reacondicionamiento [&hellip;]\" \/>\n<meta property=\"og:url\" content=\"https:\/\/www.rema-germany.com\/es\/\" \/>\n<meta property=\"og:site_name\" content=\"rema.germany\" \/>\n<meta property=\"article:publisher\" content=\"https:\/\/www.facebook.com\/p\/Brokamp-Containerdienst-Mllabfuhr-100057048657158\" \/>\n<meta property=\"article:modified_time\" content=\"2026-08-31T13:12:54+00:00\" \/>\n<meta property=\"og:image\" content=\"https:\/\/www.rema-germany.com\/wp-content\/uploads\/2026\/02\/be.part_-e1770103906734.png\" \/>\n\t<meta property=\"og:image:width\" content=\"940\" \/>\n\t<meta property=\"og:image:height\" content=\"310\" \/>\n\t<meta property=\"og:image:type\" content=\"image\/png\" \/>\n<meta name=\"twitter:card\" content=\"summary_large_image\" \/>\n<meta name=\"twitter:label1\" content=\"Tiempo de lectura\" \/>\n\t<meta name=\"twitter:data1\" content=\"6 minuto\" \/>\n<script type=\"application\/ld+json\" class=\"yoast-schema-graph\">{\"@context\":\"https:\\\/\\\/schema.org\",\"@graph\":[{\"@type\":\"WebPage\",\"@id\":\"https:\\\/\\\/www.rema-germany.com\\\/es\\\/\",\"url\":\"https:\\\/\\\/www.rema-germany.com\\\/es\\\/\",\"name\":\"Inicio - rema.germany\",\"isPartOf\":{\"@id\":\"https:\\\/\\\/www.rema-germany.com\\\/es\\\/#website\"},\"primaryImageOfPage\":{\"@id\":\"https:\\\/\\\/www.rema-germany.com\\\/es\\\/#primaryimage\"},\"image\":{\"@id\":\"https:\\\/\\\/www.rema-germany.com\\\/es\\\/#primaryimage\"},\"thumbnailUrl\":\"https:\\\/\\\/www.rema-germany.com\\\/wp-content\\\/uploads\\\/2026\\\/02\\\/be.part_-e1770103906734.png\",\"datePublished\":\"2025-12-22T14:25:30+00:00\",\"dateModified\":\"2026-08-31T13:12:54+00:00\",\"breadcrumb\":{\"@id\":\"https:\\\/\\\/www.rema-germany.com\\\/es\\\/#breadcrumb\"},\"inLanguage\":\"es\",\"potentialAction\":[{\"@type\":\"ReadAction\",\"target\":[\"https:\\\/\\\/www.rema-germany.com\\\/es\\\/\"]}]},{\"@type\":\"ImageObject\",\"inLanguage\":\"es\",\"@id\":\"https:\\\/\\\/www.rema-germany.com\\\/es\\\/#primaryimage\",\"url\":\"https:\\\/\\\/www.rema-germany.com\\\/wp-content\\\/uploads\\\/2026\\\/02\\\/be.part_-e1770103906734.png\",\"contentUrl\":\"https:\\\/\\\/www.rema-germany.com\\\/wp-content\\\/uploads\\\/2026\\\/02\\\/be.part_-e1770103906734.png\"},{\"@type\":\"BreadcrumbList\",\"@id\":\"https:\\\/\\\/www.rema-germany.com\\\/es\\\/#breadcrumb\",\"itemListElement\":[{\"@type\":\"ListItem\",\"position\":1,\"name\":\"Inicio\",\"item\":\"https:\\\/\\\/www.rema-germany.com\\\/es\\\/\"},{\"@type\":\"ListItem\",\"position\":2,\"name\":\"Inicio\"}]},{\"@type\":\"WebSite\",\"@id\":\"https:\\\/\\\/www.rema-germany.com\\\/es\\\/#website\",\"url\":\"https:\\\/\\\/www.rema-germany.com\\\/es\\\/\",\"name\":\"Brokamp - Containerdienst, M\u00fcllabfuhr und Schubbodentransporte\",\"description\":\"part of a better future\",\"publisher\":{\"@id\":\"https:\\\/\\\/www.rema-germany.com\\\/es\\\/#organization\"},\"potentialAction\":[{\"@type\":\"SearchAction\",\"target\":{\"@type\":\"EntryPoint\",\"urlTemplate\":\"https:\\\/\\\/www.rema-germany.com\\\/es\\\/?s={search_term_string}\"},\"query-input\":{\"@type\":\"PropertyValueSpecification\",\"valueRequired\":true,\"valueName\":\"search_term_string\"}}],\"inLanguage\":\"es\"},{\"@type\":\"Organization\",\"@id\":\"https:\\\/\\\/www.rema-germany.com\\\/es\\\/#organization\",\"name\":\"Brokamp - Containerdienst, M\u00fcllabfuhr und Schubbodentransporte\",\"url\":\"https:\\\/\\\/www.rema-germany.com\\\/es\\\/\",\"logo\":{\"@type\":\"ImageObject\",\"inLanguage\":\"es\",\"@id\":\"https:\\\/\\\/www.rema-germany.com\\\/es\\\/#\\\/schema\\\/logo\\\/image\\\/\",\"url\":\"https:\\\/\\\/www.rema-germany.com\\\/wp-content\\\/uploads\\\/2023\\\/10\\\/rema.germany-Wort-Bild-Marke-Effekt-RBG.svg\",\"contentUrl\":\"https:\\\/\\\/www.rema-germany.com\\\/wp-content\\\/uploads\\\/2023\\\/10\\\/rema.germany-Wort-Bild-Marke-Effekt-RBG.svg\",\"caption\":\"Brokamp - Containerdienst, M\u00fcllabfuhr und Schubbodentransporte\"},\"image\":{\"@id\":\"https:\\\/\\\/www.rema-germany.com\\\/es\\\/#\\\/schema\\\/logo\\\/image\\\/\"},\"sameAs\":[\"https:\\\/\\\/www.facebook.com\\\/p\\\/Brokamp-Containerdienst-Mllabfuhr-100057048657158\",\"https:\\\/\\\/www.instagram.com\\\/brokamp_containerdienst\\\/\"]}]}<\/script>\n<!-- \/ Yoast SEO plugin. -->","yoast_head_json":{"title":"Inicio - rema.germany","robots":{"index":"index","follow":"follow","max-snippet":"max-snippet:-1","max-image-preview":"max-image-preview:large","max-video-preview":"max-video-preview:-1"},"canonical":"https:\/\/www.rema-germany.com\/es\/","og_locale":"es_ES","og_type":"article","og_title":"Inicio - rema.germany","og_description":"Remanufacturaci\u00f3n profesional para sus exigencias Remanufacturaci\u00f3n profesional para sus exigencias Productos de calidad y servicio fiable: m\u00e1s de 20 a\u00f1os de experiencia como su socio para soluciones sostenibles en el sector de veh\u00edculos comerciales. Descubra nuestras gamas Ir a la tienda online Descubra nuestra amplia oferta de soluciones y servicios profesionales para sus necesidades. Reacondicionamiento [&hellip;]","og_url":"https:\/\/www.rema-germany.com\/es\/","og_site_name":"rema.germany","article_publisher":"https:\/\/www.facebook.com\/p\/Brokamp-Containerdienst-Mllabfuhr-100057048657158","article_modified_time":"2026-08-31T13:12:54+00:00","og_image":[{"width":940,"height":310,"url":"https:\/\/www.rema-germany.com\/wp-content\/uploads\/2026\/02\/be.part_-e1770103906734.png","type":"image\/png"}],"twitter_card":"summary_large_image","twitter_misc":{"Tiempo de lectura":"6 minuto"},"schema":{"@context":"https:\/\/schema.org","@graph":[{"@type":"WebPage","@id":"https:\/\/www.rema-germany.com\/es\/","url":"https:\/\/www.rema-germany.com\/es\/","name":"Inicio - rema.germany","isPartOf":{"@id":"https:\/\/www.rema-germany.com\/es\/#website"},"primaryImageOfPage":{"@id":"https:\/\/www.rema-germany.com\/es\/#primaryimage"},"image":{"@id":"https:\/\/www.rema-germany.com\/es\/#primaryimage"},"thumbnailUrl":"https:\/\/www.rema-germany.com\/wp-content\/uploads\/2026\/02\/be.part_-e1770103906734.png","datePublished":"2025-12-22T14:25:30+00:00","dateModified":"2026-08-31T13:12:54+00:00","breadcrumb":{"@id":"https:\/\/www.rema-germany.com\/es\/#breadcrumb"},"inLanguage":"es","potentialAction":[{"@type":"ReadAction","target":["https:\/\/www.rema-germany.com\/es\/"]}]},{"@type":"ImageObject","inLanguage":"es","@id":"https:\/\/www.rema-germany.com\/es\/#primaryimage","url":"https:\/\/www.rema-germany.com\/wp-content\/uploads\/2026\/02\/be.part_-e1770103906734.png","contentUrl":"https:\/\/www.rema-germany.com\/wp-content\/uploads\/2026\/02\/be.part_-e1770103906734.png"},{"@type":"BreadcrumbList","@id":"https:\/\/www.rema-germany.com\/es\/#breadcrumb","itemListElement":[{"@type":"ListItem","position":1,"name":"Inicio","item":"https:\/\/www.rema-germany.com\/es\/"},{"@type":"ListItem","position":2,"name":"Inicio"}]},{"@type":"WebSite","@id":"https:\/\/www.rema-germany.com\/es\/#website","url":"https:\/\/www.rema-germany.com\/es\/","name":"Brokamp - Containerdienst, M\u00fcllabfuhr und Schubbodentransporte","description":"part of a better future","publisher":{"@id":"https:\/\/www.rema-germany.com\/es\/#organization"},"potentialAction":[{"@type":"SearchAction","target":{"@type":"EntryPoint","urlTemplate":"https:\/\/www.rema-germany.com\/es\/?s={search_term_string}"},"query-input":{"@type":"PropertyValueSpecification","valueRequired":true,"valueName":"search_term_string"}}],"inLanguage":"es"},{"@type":"Organization","@id":"https:\/\/www.rema-germany.com\/es\/#organization","name":"Brokamp - Containerdienst, M\u00fcllabfuhr und Schubbodentransporte","url":"https:\/\/www.rema-germany.com\/es\/","logo":{"@type":"ImageObject","inLanguage":"es","@id":"https:\/\/www.rema-germany.com\/es\/#\/schema\/logo\/image\/","url":"https:\/\/www.rema-germany.com\/wp-content\/uploads\/2023\/10\/rema.germany-Wort-Bild-Marke-Effekt-RBG.svg","contentUrl":"https:\/\/www.rema-germany.com\/wp-content\/uploads\/2023\/10\/rema.germany-Wort-Bild-Marke-Effekt-RBG.svg","caption":"Brokamp - Containerdienst, M\u00fcllabfuhr und Schubbodentransporte"},"image":{"@id":"https:\/\/www.rema-germany.com\/es\/#\/schema\/logo\/image\/"},"sameAs":["https:\/\/www.facebook.com\/p\/Brokamp-Containerdienst-Mllabfuhr-100057048657158","https:\/\/www.instagram.com\/brokamp_containerdienst\/"]}]}},"_links":{"self":[{"href":"https:\/\/www.rema-germany.com\/es\/wp-json\/wp\/v2\/pages\/9208","targetHints":{"allow":["GET"]}}],"collection":[{"href":"https:\/\/www.rema-germany.com\/es\/wp-json\/wp\/v2\/pages"}],"about":[{"href":"https:\/\/www.rema-germany.com\/es\/wp-json\/wp\/v2\/types\/page"}],"author":[{"embeddable":true,"href":"https:\/\/www.rema-germany.com\/es\/wp-json\/wp\/v2\/users\/3"}],"replies":[{"embeddable":true,"href":"https:\/\/www.rema-germany.com\/es\/wp-json\/wp\/v2\/comments?post=9208"}],"version-history":[{"count":23,"href":"https:\/\/www.rema-germany.com\/es\/wp-json\/wp\/v2\/pages\/9208\/revisions"}],"predecessor-version":[{"id":12591,"href":"https:\/\/www.rema-germany.com\/es\/wp-json\/wp\/v2\/pages\/9208\/revisions\/12591"}],"wp:attachment":[{"href":"https:\/\/www.rema-germany.com\/es\/wp-json\/wp\/v2\/media?parent=9208"}],"curies":[{"name":"wp","href":"https:\/\/api.w.org\/{rel}","templated":true}]}}