{"id":8852,"date":"2025-12-22T15:28:19","date_gmt":"2025-12-22T14:28:19","guid":{"rendered":"http:\/\/rema-germany.de.blmedia15.virtualhosts.de\/mentions-legales\/"},"modified":"2026-08-25T14:05:09","modified_gmt":"2026-08-25T12:05:09","slug":"mentions-legales","status":"publish","type":"page","link":"https:\/\/www.rema-germany.com\/fr\/mentions-legales\/","title":{"rendered":"Mentions l\u00e9gales"},"content":{"rendered":"\t\t<div data-elementor-type=\"wp-page\" data-elementor-id=\"8852\" class=\"elementor elementor-8852 elementor-3900\" data-elementor-post-type=\"page\">\n\t\t\t\t<div class=\"elementor-element elementor-element-8c57c39 e-con-full e-flex e-con e-parent\" data-id=\"8c57c39\" data-element_type=\"container\" data-e-type=\"container\" data-settings=\"{&quot;background_background&quot;:&quot;classic&quot;}\">\n\t\t<div class=\"elementor-element elementor-element-1e5c840 e-con-full e-flex e-con e-child\" data-id=\"1e5c840\" data-element_type=\"container\" data-e-type=\"container\">\n\t\t\t\t<div class=\"elementor-element elementor-element-8c711b7 elementor-widget elementor-widget-heading\" data-id=\"8c711b7\" data-element_type=\"widget\" data-e-type=\"widget\" data-widget_type=\"heading.default\">\n\t\t\t\t\t<h1 class=\"elementor-heading-title elementor-size-default\">Mentions l\u00e9gales<\/h1>\t\t\t\t<\/div>\n\t\t\t\t<\/div>\n\t\t\t\t<\/div>\n\t\t<div class=\"elementor-element elementor-element-b624e5c e-flex e-con-boxed e-con e-parent\" data-id=\"b624e5c\" data-element_type=\"container\" data-e-type=\"container\" data-settings=\"{&quot;background_background&quot;:&quot;gradient&quot;}\">\n\t\t\t\t\t<div class=\"e-con-inner\">\n\t\t<div class=\"elementor-element elementor-element-1109d34 e-con-full e-flex e-con e-child\" data-id=\"1109d34\" data-element_type=\"container\" data-e-type=\"container\">\n\t\t<div class=\"elementor-element elementor-element-7abaa06 e-con-full e-flex e-con e-child\" data-id=\"7abaa06\" data-element_type=\"container\" data-e-type=\"container\">\n\t\t\t\t<div class=\"elementor-element elementor-element-ca59cda elementor-widget elementor-widget-html\" data-id=\"ca59cda\" data-element_type=\"widget\" data-e-type=\"widget\" data-widget_type=\"html.default\">\n\t\t\t\t\t<h1>Mentions l\u00e9gales<\/h1>\n\n<p>rema.germany est une marque de rema.germany GmbH<\/p>\n<p>rema.germany GmbH<br\/>Schuckertstr. 4<br\/>48712 Gescher<\/p>\n\n<p>Registre du commerce : HRB 10069<br\/>Tribunal d'enregistrement : Coesfeld<\/p>\n\n<h2><strong>Repr\u00e9sent\u00e9 par :<\/strong><\/h2>\n<p><\/p>Heinz H\u00f6lker<\/p>\n\n<h2><strong>Contact<\/strong><\/h2>\n<p>T\u00e9l\u00e9phone : 0049 2542 9 555 111<br\/>T\u00e9l\u00e9copie : 0049 2542 9 555 122<br\/>E-mail : info@rema-germany.com<\/p>\n\n<h2><strong>Num\u00e9ro de TVA<\/strong><\/h2>\n<p>Num\u00e9ro d'identification TVA conform\u00e9ment au \u00a7 27 a de la loi sur la taxe sur le chiffre d'affaires :<br\/>DE 814628052<\/p>\n\n<h2><strong>R\u00e8glement des litiges de consommation\/Organisme de m\u00e9diation universel<\/strong><\/h2>\n<p><strong>Responsabilit\u00e9 du contenu<\/strong><\/p>\n<p>Le contenu de nos pages a \u00e9t\u00e9 cr\u00e9\u00e9 avec le plus grand soin. Nous ne pouvons toutefois assumer aucune garantie quant \u00e0 l'exactitude, l'exhaustivit\u00e9 et l'actualit\u00e9 du contenu. En tant que fournisseur de services, nous sommes responsables de nos propres contenus sur ces pages conform\u00e9ment au \u00a7 7 al.1 TMG et aux lois g\u00e9n\u00e9rales. Cependant, selon les \u00a7\u00a7 8 \u00e0 10 TMG, nous ne sommes pas tenus, en tant que fournisseur de services, de surveiller les informations tierces transmises ou stock\u00e9es, ni de rechercher des circonstances indiquant une activit\u00e9 ill\u00e9gale. Les obligations de supprimer ou de bloquer l'utilisation d'informations conform\u00e9ment aux lois g\u00e9n\u00e9rales restent inchang\u00e9es. Une responsabilit\u00e9 \u00e0 cet \u00e9gard n'est toutefois possible qu'\u00e0 partir du moment o\u00f9 nous avons connaissance d'une violation concr\u00e8te de la loi. D\u00e8s que nous aurons connaissance de telles violations, nous supprimerons imm\u00e9diatement ces contenus.       <\/p>\n<br><p><strong>Responsabilit\u00e9 des liens<\/strong><\/p>\n<p>Notre offre contient des liens vers des sites web externes de tiers, sur le contenu desquels nous n'avons aucune influence. Par cons\u00e9quent, nous ne pouvons assumer aucune garantie pour ces contenus externes. Le fournisseur ou l'exploitant des pages est toujours responsable du contenu des pages li\u00e9es. Les pages li\u00e9es ont \u00e9t\u00e9 v\u00e9rifi\u00e9es au moment de la cr\u00e9ation du lien pour d'\u00e9ventuelles violations de la loi. Aucun contenu ill\u00e9gal n'\u00e9tait reconnaissable au moment de la cr\u00e9ation du lien. Un contr\u00f4le permanent du contenu des pages li\u00e9es n'est toutefois pas raisonnable sans indices concrets d'une violation de la loi. D\u00e8s que nous aurons connaissance de violations de la loi, nous supprimerons imm\u00e9diatement ces liens.      <\/p><br><p><strong>Droit d'auteur<\/strong><\/p>\n<p>Les contenus et \u0153uvres cr\u00e9\u00e9s par les exploitants de ces pages sur ces pages sont soumis au droit d'auteur allemand. La reproduction, l'\u00e9dition, la diffusion et toute forme d'exploitation en dehors des limites du droit d'auteur n\u00e9cessitent l'accord \u00e9crit de l'auteur ou du cr\u00e9ateur respectif. Les t\u00e9l\u00e9chargements et les copies de cette page ne sont autoris\u00e9s que pour un usage priv\u00e9 et non commercial. Dans la mesure o\u00f9 les contenus de cette page n'ont pas \u00e9t\u00e9 cr\u00e9\u00e9s par l'exploitant, les droits d'auteur de tiers sont respect\u00e9s. En particulier, les contenus de tiers sont identifi\u00e9s comme tels. Si vous deviez n\u00e9anmoins avoir connaissance d'une violation du droit d'auteur, nous vous prions de nous en informer. D\u00e8s que nous aurons connaissance de violations de la loi, nous supprimerons imm\u00e9diatement ces contenus.      <\/p><br><p><strong>Protection des donn\u00e9es<\/strong><\/p>\n<p>L'utilisation de notre site web est g\u00e9n\u00e9ralement possible sans indication de donn\u00e9es personnelles. Dans la mesure o\u00f9 des donn\u00e9es personnelles (par exemple, nom, adresse ou adresses e-mail) sont collect\u00e9es sur nos pages, cela se fait, dans la mesure du possible, toujours sur une base volontaire. Ces donn\u00e9es ne seront pas transmises \u00e0 des tiers sans votre consentement explicite.  \n\nNous attirons votre attention sur le fait que la transmission de donn\u00e9es sur Internet (par exemple, lors de la communication par e-mail) peut pr\u00e9senter des failles de s\u00e9curit\u00e9. Une protection compl\u00e8te des donn\u00e9es contre l'acc\u00e8s par des tiers n'est pas possible. \n\nL'utilisation par des tiers des coordonn\u00e9es publi\u00e9es dans le cadre de l'obligation d'impressum pour l'envoi de publicit\u00e9s et de mat\u00e9riel d'information non express\u00e9ment sollicit\u00e9s est express\u00e9ment interdite. Les exploitants des pages se r\u00e9servent express\u00e9ment le droit d'engager des poursuites judiciaires en cas d'envoi non sollicit\u00e9 d'informations publicitaires, par exemple par des e-mails ind\u00e9sirables. <\/p>\n<p>Nous ne sommes pas dispos\u00e9s ou tenus \u00e0 participer \u00e0 des proc\u00e9dures de r\u00e8glement des litiges devant un organisme de m\u00e9diation de la consommation.<\/p>\n\n<h2><strong>Point de contact central conform\u00e9ment au Digital Services Act - DSA (R\u00e8glement (UE) 2022\/2065)<\/strong><\/h2>\n<p>Vous pouvez contacter notre point de contact central pour les utilisateurs et les autorit\u00e9s conform\u00e9ment aux art. 11, 12 DSA comme suit :<\/p>\n<p>E-mail : info@rema-germany.com<br\/>T\u00e9l\u00e9phone : 0049 2542 9 555 111\n<\/p>\n<p>Les langues disponibles pour le contact sont : allemand, anglais.<\/p>\n<p>Source : Clause de non-responsabilit\u00e9 d'eRecht24, le portail du droit de l'Internet de l'avocat S\u00f6ren Siebert.<\/p>\n<h2><strong>Cr\u00e9dits photos<\/strong><\/h2>\n<p>Les photos de nature utilis\u00e9es sur ce site web proviennent de Wirestock \u2013 obtenues via Magnific.com. Toutes les autres images ont \u00e9t\u00e9 fournies par l'exploitant de ce site web lui-m\u00eame ; les licences et droits d'utilisation n\u00e9cessaires sont disponibles. <\/p>\n\n<h2><strong>Conception web<\/strong><\/h2>\n<p>BLMEDiA GmbH<\/p>\n<p>Industriepark 12 <br\/> 48739 Legden<\/p>\n<p> \n  <a href=\"www.blmedia.de\">www.blmedia.de<\/a> \n<\/p>\t\t\t\t<\/div>\n\t\t\t\t<\/div>\n\t\t\t\t<\/div>\n\t\t\t\t\t<\/div>\n\t\t\t\t<\/div>\n\t\t\t\t<\/div>\n\t\t","protected":false},"excerpt":{"rendered":"<p>Mentions l\u00e9gales Mentions l\u00e9gales rema.germany est une marque de rema.germany GmbH rema.germany GmbHSchuckertstr. 448712 Gescher Registre du commerce : HRB 10069Tribunal d&#8217;enregistrement : Coesfeld Repr\u00e9sent\u00e9 par : Heinz H\u00f6lker Contact T\u00e9l\u00e9phone : 0049 2542 9 555 111T\u00e9l\u00e9copie : 0049 2542 9 555 122E-mail : info@rema-germany.com Num\u00e9ro de TVA Num\u00e9ro d&#8217;identification TVA conform\u00e9ment au \u00a7 27 [&hellip;]<\/p>\n","protected":false},"author":3,"featured_media":0,"parent":0,"menu_order":0,"comment_status":"closed","ping_status":"closed","template":"elementor_header_footer","meta":{"footnotes":""},"class_list":["post-8852","page","type-page","status-publish","hentry"],"yoast_head":"<!-- This site is optimized with the Yoast SEO plugin v28.3 - https:\/\/yoast.com\/product\/yoast-seo-wordpress\/ -->\n<title>Mentions l\u00e9gales - rema.germany<\/title>\n<meta name=\"robots\" content=\"index, follow, max-snippet:-1, max-image-preview:large, max-video-preview:-1\" \/>\n<link rel=\"canonical\" href=\"https:\/\/www.rema-germany.com\/fr\/mentions-legales\/\" \/>\n<meta property=\"og:locale\" content=\"fr_FR\" \/>\n<meta property=\"og:type\" content=\"article\" \/>\n<meta property=\"og:title\" content=\"Mentions l\u00e9gales - rema.germany\" \/>\n<meta property=\"og:description\" content=\"Mentions l\u00e9gales Mentions l\u00e9gales rema.germany est une marque de rema.germany GmbH rema.germany GmbHSchuckertstr. 448712 Gescher Registre du commerce : HRB 10069Tribunal d&#8217;enregistrement : Coesfeld Repr\u00e9sent\u00e9 par : Heinz H\u00f6lker Contact T\u00e9l\u00e9phone : 0049 2542 9 555 111T\u00e9l\u00e9copie : 0049 2542 9 555 122E-mail : info@rema-germany.com Num\u00e9ro de TVA Num\u00e9ro d&#8217;identification TVA conform\u00e9ment au \u00a7 27 [&hellip;]\" \/>\n<meta property=\"og:url\" content=\"https:\/\/www.rema-germany.com\/fr\/mentions-legales\/\" \/>\n<meta property=\"og:site_name\" content=\"rema.germany\" \/>\n<meta property=\"article:publisher\" content=\"https:\/\/www.facebook.com\/p\/Brokamp-Containerdienst-Mllabfuhr-100057048657158\" \/>\n<meta property=\"article:modified_time\" content=\"2026-08-25T12:05:09+00:00\" \/>\n<meta name=\"twitter:card\" content=\"summary_large_image\" \/>\n<meta name=\"twitter:label1\" content=\"Dur\u00e9e de lecture estim\u00e9e\" \/>\n\t<meta name=\"twitter:data1\" content=\"1 minute\" \/>\n<script type=\"application\/ld+json\" class=\"yoast-schema-graph\">{\"@context\":\"https:\\\/\\\/schema.org\",\"@graph\":[{\"@type\":\"WebPage\",\"@id\":\"https:\\\/\\\/www.rema-germany.com\\\/fr\\\/mentions-legales\\\/\",\"url\":\"https:\\\/\\\/www.rema-germany.com\\\/fr\\\/mentions-legales\\\/\",\"name\":\"Mentions l\u00e9gales - rema.germany\",\"isPartOf\":{\"@id\":\"https:\\\/\\\/www.rema-germany.com\\\/fr\\\/#website\"},\"datePublished\":\"2025-12-22T14:28:19+00:00\",\"dateModified\":\"2026-08-25T12:05:09+00:00\",\"breadcrumb\":{\"@id\":\"https:\\\/\\\/www.rema-germany.com\\\/fr\\\/mentions-legales\\\/#breadcrumb\"},\"inLanguage\":\"fr-FR\",\"potentialAction\":[{\"@type\":\"ReadAction\",\"target\":[\"https:\\\/\\\/www.rema-germany.com\\\/fr\\\/mentions-legales\\\/\"]}]},{\"@type\":\"BreadcrumbList\",\"@id\":\"https:\\\/\\\/www.rema-germany.com\\\/fr\\\/mentions-legales\\\/#breadcrumb\",\"itemListElement\":[{\"@type\":\"ListItem\",\"position\":1,\"name\":\"Accueil\",\"item\":\"https:\\\/\\\/www.rema-germany.com\\\/fr\\\/\"},{\"@type\":\"ListItem\",\"position\":2,\"name\":\"Mentions l\u00e9gales\"}]},{\"@type\":\"WebSite\",\"@id\":\"https:\\\/\\\/www.rema-germany.com\\\/fr\\\/#website\",\"url\":\"https:\\\/\\\/www.rema-germany.com\\\/fr\\\/\",\"name\":\"Brokamp - Containerdienst, M\u00fcllabfuhr und Schubbodentransporte\",\"description\":\"part of a better future\",\"publisher\":{\"@id\":\"https:\\\/\\\/www.rema-germany.com\\\/fr\\\/#organization\"},\"potentialAction\":[{\"@type\":\"SearchAction\",\"target\":{\"@type\":\"EntryPoint\",\"urlTemplate\":\"https:\\\/\\\/www.rema-germany.com\\\/fr\\\/?s={search_term_string}\"},\"query-input\":{\"@type\":\"PropertyValueSpecification\",\"valueRequired\":true,\"valueName\":\"search_term_string\"}}],\"inLanguage\":\"fr-FR\"},{\"@type\":\"Organization\",\"@id\":\"https:\\\/\\\/www.rema-germany.com\\\/fr\\\/#organization\",\"name\":\"Brokamp - Containerdienst, M\u00fcllabfuhr und Schubbodentransporte\",\"url\":\"https:\\\/\\\/www.rema-germany.com\\\/fr\\\/\",\"logo\":{\"@type\":\"ImageObject\",\"inLanguage\":\"fr-FR\",\"@id\":\"https:\\\/\\\/www.rema-germany.com\\\/fr\\\/#\\\/schema\\\/logo\\\/image\\\/\",\"url\":\"https:\\\/\\\/www.rema-germany.com\\\/wp-content\\\/uploads\\\/2023\\\/10\\\/rema.germany-Wort-Bild-Marke-Effekt-RBG.svg\",\"contentUrl\":\"https:\\\/\\\/www.rema-germany.com\\\/wp-content\\\/uploads\\\/2023\\\/10\\\/rema.germany-Wort-Bild-Marke-Effekt-RBG.svg\",\"caption\":\"Brokamp - Containerdienst, M\u00fcllabfuhr und Schubbodentransporte\"},\"image\":{\"@id\":\"https:\\\/\\\/www.rema-germany.com\\\/fr\\\/#\\\/schema\\\/logo\\\/image\\\/\"},\"sameAs\":[\"https:\\\/\\\/www.facebook.com\\\/p\\\/Brokamp-Containerdienst-Mllabfuhr-100057048657158\",\"https:\\\/\\\/www.instagram.com\\\/brokamp_containerdienst\\\/\"]}]}<\/script>\n<!-- \/ Yoast SEO plugin. -->","yoast_head_json":{"title":"Mentions l\u00e9gales - rema.germany","robots":{"index":"index","follow":"follow","max-snippet":"max-snippet:-1","max-image-preview":"max-image-preview:large","max-video-preview":"max-video-preview:-1"},"canonical":"https:\/\/www.rema-germany.com\/fr\/mentions-legales\/","og_locale":"fr_FR","og_type":"article","og_title":"Mentions l\u00e9gales - rema.germany","og_description":"Mentions l\u00e9gales Mentions l\u00e9gales rema.germany est une marque de rema.germany GmbH rema.germany GmbHSchuckertstr. 448712 Gescher Registre du commerce : HRB 10069Tribunal d&#8217;enregistrement : Coesfeld Repr\u00e9sent\u00e9 par : Heinz H\u00f6lker Contact T\u00e9l\u00e9phone : 0049 2542 9 555 111T\u00e9l\u00e9copie : 0049 2542 9 555 122E-mail : info@rema-germany.com Num\u00e9ro de TVA Num\u00e9ro d&#8217;identification TVA conform\u00e9ment au \u00a7 27 [&hellip;]","og_url":"https:\/\/www.rema-germany.com\/fr\/mentions-legales\/","og_site_name":"rema.germany","article_publisher":"https:\/\/www.facebook.com\/p\/Brokamp-Containerdienst-Mllabfuhr-100057048657158","article_modified_time":"2026-08-25T12:05:09+00:00","twitter_card":"summary_large_image","twitter_misc":{"Dur\u00e9e de lecture estim\u00e9e":"1 minute"},"schema":{"@context":"https:\/\/schema.org","@graph":[{"@type":"WebPage","@id":"https:\/\/www.rema-germany.com\/fr\/mentions-legales\/","url":"https:\/\/www.rema-germany.com\/fr\/mentions-legales\/","name":"Mentions l\u00e9gales - rema.germany","isPartOf":{"@id":"https:\/\/www.rema-germany.com\/fr\/#website"},"datePublished":"2025-12-22T14:28:19+00:00","dateModified":"2026-08-25T12:05:09+00:00","breadcrumb":{"@id":"https:\/\/www.rema-germany.com\/fr\/mentions-legales\/#breadcrumb"},"inLanguage":"fr-FR","potentialAction":[{"@type":"ReadAction","target":["https:\/\/www.rema-germany.com\/fr\/mentions-legales\/"]}]},{"@type":"BreadcrumbList","@id":"https:\/\/www.rema-germany.com\/fr\/mentions-legales\/#breadcrumb","itemListElement":[{"@type":"ListItem","position":1,"name":"Accueil","item":"https:\/\/www.rema-germany.com\/fr\/"},{"@type":"ListItem","position":2,"name":"Mentions l\u00e9gales"}]},{"@type":"WebSite","@id":"https:\/\/www.rema-germany.com\/fr\/#website","url":"https:\/\/www.rema-germany.com\/fr\/","name":"Brokamp - Containerdienst, M\u00fcllabfuhr und Schubbodentransporte","description":"part of a better future","publisher":{"@id":"https:\/\/www.rema-germany.com\/fr\/#organization"},"potentialAction":[{"@type":"SearchAction","target":{"@type":"EntryPoint","urlTemplate":"https:\/\/www.rema-germany.com\/fr\/?s={search_term_string}"},"query-input":{"@type":"PropertyValueSpecification","valueRequired":true,"valueName":"search_term_string"}}],"inLanguage":"fr-FR"},{"@type":"Organization","@id":"https:\/\/www.rema-germany.com\/fr\/#organization","name":"Brokamp - Containerdienst, M\u00fcllabfuhr und Schubbodentransporte","url":"https:\/\/www.rema-germany.com\/fr\/","logo":{"@type":"ImageObject","inLanguage":"fr-FR","@id":"https:\/\/www.rema-germany.com\/fr\/#\/schema\/logo\/image\/","url":"https:\/\/www.rema-germany.com\/wp-content\/uploads\/2023\/10\/rema.germany-Wort-Bild-Marke-Effekt-RBG.svg","contentUrl":"https:\/\/www.rema-germany.com\/wp-content\/uploads\/2023\/10\/rema.germany-Wort-Bild-Marke-Effekt-RBG.svg","caption":"Brokamp - Containerdienst, M\u00fcllabfuhr und Schubbodentransporte"},"image":{"@id":"https:\/\/www.rema-germany.com\/fr\/#\/schema\/logo\/image\/"},"sameAs":["https:\/\/www.facebook.com\/p\/Brokamp-Containerdienst-Mllabfuhr-100057048657158","https:\/\/www.instagram.com\/brokamp_containerdienst\/"]}]}},"_links":{"self":[{"href":"https:\/\/www.rema-germany.com\/fr\/wp-json\/wp\/v2\/pages\/8852","targetHints":{"allow":["GET"]}}],"collection":[{"href":"https:\/\/www.rema-germany.com\/fr\/wp-json\/wp\/v2\/pages"}],"about":[{"href":"https:\/\/www.rema-germany.com\/fr\/wp-json\/wp\/v2\/types\/page"}],"author":[{"embeddable":true,"href":"https:\/\/www.rema-germany.com\/fr\/wp-json\/wp\/v2\/users\/3"}],"replies":[{"embeddable":true,"href":"https:\/\/www.rema-germany.com\/fr\/wp-json\/wp\/v2\/comments?post=8852"}],"version-history":[{"count":6,"href":"https:\/\/www.rema-germany.com\/fr\/wp-json\/wp\/v2\/pages\/8852\/revisions"}],"predecessor-version":[{"id":12078,"href":"https:\/\/www.rema-germany.com\/fr\/wp-json\/wp\/v2\/pages\/8852\/revisions\/12078"}],"wp:attachment":[{"href":"https:\/\/www.rema-germany.com\/fr\/wp-json\/wp\/v2\/media?parent=8852"}],"curies":[{"name":"wp","href":"https:\/\/api.w.org\/{rel}","templated":true}]}}