{"id":9310,"date":"2025-12-22T15:28:09","date_gmt":"2025-12-22T14:28:09","guid":{"rendered":"http:\/\/rema-germany.de.blmedia15.virtualhosts.de\/politique-de-confidentialite\/"},"modified":"2026-08-26T11:42:34","modified_gmt":"2026-08-26T09:42:34","slug":"politique-de-confidentialite","status":"publish","type":"page","link":"https:\/\/www.rema-germany.com\/fr\/politique-de-confidentialite\/","title":{"rendered":"D\u00e9claration de confidentialit\u00e9"},"content":{"rendered":"\t\t<div data-elementor-type=\"wp-page\" data-elementor-id=\"9310\" class=\"elementor elementor-9310 elementor-3898\" data-elementor-post-type=\"page\">\n\t\t\t\t<div class=\"elementor-element elementor-element-8347413 e-con-full e-flex e-con e-parent\" data-id=\"8347413\" data-element_type=\"container\" data-e-type=\"container\" data-settings=\"{&quot;background_background&quot;:&quot;classic&quot;}\">\n\t\t<div class=\"elementor-element elementor-element-c2e6158 e-con-full e-flex e-con e-child\" data-id=\"c2e6158\" data-element_type=\"container\" data-e-type=\"container\">\n\t\t\t\t<div class=\"elementor-element elementor-element-2d45c95 elementor-widget elementor-widget-heading\" data-id=\"2d45c95\" data-element_type=\"widget\" data-e-type=\"widget\" data-widget_type=\"heading.default\">\n\t\t\t\t\t<h1 class=\"elementor-heading-title elementor-size-default\">Politique de confidentialit\u00e9<\/h1>\t\t\t\t<\/div>\n\t\t\t\t<\/div>\n\t\t\t\t<\/div>\n\t\t<div class=\"elementor-element elementor-element-d06a89b e-flex e-con-boxed e-con e-parent\" data-id=\"d06a89b\" data-element_type=\"container\" data-e-type=\"container\" data-settings=\"{&quot;background_background&quot;:&quot;gradient&quot;}\">\n\t\t\t\t\t<div class=\"e-con-inner\">\n\t\t<div class=\"elementor-element elementor-element-e61d59f e-con-full e-flex e-con e-child\" data-id=\"e61d59f\" data-element_type=\"container\" data-e-type=\"container\">\n\t\t<div class=\"elementor-element elementor-element-771cf0d e-con-full e-flex e-con e-child\" data-id=\"771cf0d\" data-element_type=\"container\" data-e-type=\"container\">\n\t\t\t\t<div class=\"elementor-element elementor-element-39c6fbc elementor-widget elementor-widget-html\" data-id=\"39c6fbc\" data-element_type=\"widget\" data-e-type=\"widget\" data-widget_type=\"html.default\">\n\t\t\t\t\t<h1>Politique de confidentialit\u00e9<\/h1>\n<h2>1. Protection des donn\u00e9es en un coup d'\u0153il<\/h2>\n<h3>Informations g\u00e9n\u00e9rales<\/h3> <p>Les informations suivantes vous donnent un aper\u00e7u simple de ce qui advient de vos donn\u00e9es \u00e0 caract\u00e8re personnel lorsque vous visitez ce site web. Les donn\u00e9es \u00e0 caract\u00e8re personnel sont toutes les donn\u00e9es permettant de vous identifier personnellement. Pour des informations d\u00e9taill\u00e9es sur la protection des donn\u00e9es, veuillez consulter notre politique de confidentialit\u00e9 figurant sous ce texte.  <\/p>\n<h3>Collecte de donn\u00e9es sur ce site web<\/h3> <h4>Qui est responsable de la collecte de donn\u00e9es sur ce site web ?<\/h4> <p>Le traitement des donn\u00e9es sur ce site web est effectu\u00e9 par l'exploitant du site. Vous trouverez ses coordonn\u00e9es dans la section \u00ab Informations sur le responsable du traitement \u00bb de la pr\u00e9sente politique de confidentialit\u00e9. <\/p> <h4>Comment collectons-nous vos donn\u00e9es ?<\/h4> <p>Vos donn\u00e9es sont collect\u00e9es d'une part lorsque vous nous les communiquez. Il peut s'agir par exemple de donn\u00e9es que vous saisissez dans un formulaire de contact. <\/p> <p>D'autres donn\u00e9es sont collect\u00e9es automatiquement ou apr\u00e8s votre consentement lors de la visite du site web par nos syst\u00e8mes informatiques. Il s'agit principalement de donn\u00e9es techniques (par exemple navigateur internet, syst\u00e8me d'exploitation ou heure de consultation de la page). La collecte de ces donn\u00e9es s'effectue automatiquement d\u00e8s que vous acc\u00e9dez \u00e0 ce site web.  <\/p> <h4>\u00c0 quoi utilisons-nous vos donn\u00e9es ?<\/h4> <p>Une partie des donn\u00e9es est collect\u00e9e afin de garantir une mise \u00e0 disposition sans erreur du site web. D'autres donn\u00e9es peuvent \u00eatre utilis\u00e9es pour analyser votre comportement d'utilisateur. Dans la mesure o\u00f9 des contrats peuvent \u00eatre conclus ou initi\u00e9s via le site web, les donn\u00e9es transmises sont \u00e9galement trait\u00e9es pour les offres contractuelles, les commandes ou autres demandes.  <\/p> <h4>Quels sont vos droits concernant vos donn\u00e9es ?<\/h4> <p>Vous avez \u00e0 tout moment le droit d'obtenir gratuitement des informations sur l'origine, le destinataire et la finalit\u00e9 de vos donn\u00e9es \u00e0 caract\u00e8re personnel enregistr\u00e9es. Vous avez \u00e9galement le droit de demander la rectification ou la suppression de ces donn\u00e9es. Si vous avez donn\u00e9 votre consentement au traitement des donn\u00e9es, vous pouvez r\u00e9voquer ce consentement \u00e0 tout moment pour l'avenir. Vous avez en outre le droit de demander, dans certaines circonstances, la limitation du traitement de vos donn\u00e9es \u00e0 caract\u00e8re personnel. Vous disposez \u00e9galement d'un droit de r\u00e9clamation aupr\u00e8s de l'autorit\u00e9 de contr\u00f4le comp\u00e9tente.    <\/p> <p>Pour toute question relative \u00e0 la protection des donn\u00e9es, vous pouvez nous contacter \u00e0 tout moment.<\/p>\n<h3>Outils d'analyse et outils de tiers<\/h3> <p>Lors de la visite de ce site web, votre comportement de navigation peut faire l'objet d'une \u00e9valuation statistique. Cela se fait principalement \u00e0 l'aide de programmes d'analyse. <\/p> <p>Vous trouverez des informations d\u00e9taill\u00e9es sur ces programmes d'analyse dans la politique de confidentialit\u00e9 suivante.<\/p>\n<h2>2. H\u00e9bergement<\/h2>\n<p>Nous h\u00e9bergeons le contenu de notre site web chez le prestataire suivant :<\/p>\n<h3>H\u00e9bergement externe<\/h3> <p>Ce site web est h\u00e9berg\u00e9 en externe. Les donn\u00e9es \u00e0 caract\u00e8re personnel collect\u00e9es sur ce site web sont stock\u00e9es sur les serveurs de l'h\u00e9bergeur. Il peut s'agir notamment d'adresses IP, de demandes de contact, de m\u00e9tadonn\u00e9es et donn\u00e9es de communication, de donn\u00e9es contractuelles, de coordonn\u00e9es, de noms, d'acc\u00e8s au site web et d'autres donn\u00e9es g\u00e9n\u00e9r\u00e9es via un site web.  <\/p> <p>L'h\u00e9bergement externe est effectu\u00e9 aux fins de l'ex\u00e9cution du contrat envers nos clients potentiels et existants (art. 6, al. 1, let. b RGPD) et dans l'int\u00e9r\u00eat d'une mise \u00e0 disposition s\u00e9curis\u00e9e, rapide et efficace de notre offre en ligne par un prestataire professionnel (art. 6, al. 1, let. f RGPD). Dans la mesure o\u00f9 un consentement correspondant a \u00e9t\u00e9 demand\u00e9, le traitement s'effectue exclusivement sur la base de l'art. 6, al. 1, let. a RGPD et \u00a7 25, al. 1 TDDDG, dans la mesure o\u00f9 le consentement inclut le stockage de cookies ou l'acc\u00e8s \u00e0 des informations dans l'appareil terminal de l'utilisateur (par exemple Device-Fingerprinting) au sens du TDDDG. Le consentement est r\u00e9vocable \u00e0 tout moment.     <\/p> <p>Notre ou nos h\u00e9bergeur(s) ne traiteront vos donn\u00e9es que dans la mesure n\u00e9cessaire \u00e0 l'ex\u00e9cution de ses obligations de prestation et suivront nos instructions concernant ces donn\u00e9es.<\/p> <p>Nous utilisons l'h\u00e9bergeur suivant :<\/p>\n<p>BLMEDiA GmbH<br\/>Industriepark 12<br\/>D-48739 Legden<\/p>\n<h4>Traitement pour le compte<\/h4> <p>Nous avons conclu un contrat de traitement pour le compte (DPA) pour l'utilisation du service mentionn\u00e9 ci-dessus. Il s'agit d'un contrat prescrit par le droit de la protection des donn\u00e9es, qui garantit que celui-ci ne traite les donn\u00e9es \u00e0 caract\u00e8re personnel des visiteurs de notre site web que selon nos instructions et dans le respect du RGPD. <\/p>\n<h2>3. Informations g\u00e9n\u00e9rales et informations obligatoires<\/h2>\n<h3>Protection des donn\u00e9es<\/h3> <p>Les exploitants de ces pages prennent tr\u00e8s au s\u00e9rieux la protection de vos donn\u00e9es personnelles. Nous traitons vos donn\u00e9es \u00e0 caract\u00e8re personnel de mani\u00e8re confidentielle et conform\u00e9ment aux dispositions l\u00e9gales en mati\u00e8re de protection des donn\u00e9es ainsi qu'\u00e0 la pr\u00e9sente politique de confidentialit\u00e9. <\/p> <p>Lorsque vous utilisez ce site web, diverses donn\u00e9es \u00e0 caract\u00e8re personnel sont collect\u00e9es. Les donn\u00e9es \u00e0 caract\u00e8re personnel sont des donn\u00e9es permettant de vous identifier personnellement. La pr\u00e9sente politique de confidentialit\u00e9 explique quelles donn\u00e9es nous collectons et \u00e0 quelles fins nous les utilisons. Elle explique \u00e9galement comment et dans quel but cela se fait.   <\/p> <p>Nous attirons votre attention sur le fait que la transmission de donn\u00e9es sur internet (par exemple lors de la communication par e-mail) peut pr\u00e9senter des failles de s\u00e9curit\u00e9. Une protection totale des donn\u00e9es contre l'acc\u00e8s par des tiers n'est pas possible. <\/p>\n<h3>Informations sur le responsable du traitement<\/h3> <p>Le responsable du traitement des donn\u00e9es sur ce site web est :<\/p> <p>rema.germany GmbH<br\/>Schuckertstr. 4<br\/>48712 Gescher<br\/>Allemagne<\/p>\n\n<p>T\u00e9l\u00e9phone : 0049 2542 9 555 111<br\/>E-mail : info@rema-germany.com<\/p>\n <p>Le responsable du traitement est la personne physique ou morale qui, seule ou conjointement avec d'autres, d\u00e9termine les finalit\u00e9s et les moyens du traitement de donn\u00e9es \u00e0 caract\u00e8re personnel (par exemple noms, adresses e-mail, etc.).<\/p>\n \n <h3>D\u00e9l\u00e9gu\u00e9 \u00e0 la protection des donn\u00e9es<\/h3>\n <p>ITM systems GmbH & Co. KG<br\/>\nD\u00e9l\u00e9gu\u00e9 \u00e0 la protection des donn\u00e9es - Rema<br\/>\nHauptstra\u00dfe 43<br\/>\n48712 Gescher<br\/>\nT\u00e9l\u00e9phone : 02542 917 918 0<br\/>\nE-mail : datenschutz@itm-gruppe.com<\/p>\n\n<h3>Dur\u00e9e de conservation<\/h3> <p>Sauf indication d'une dur\u00e9e de conservation plus sp\u00e9cifique dans la pr\u00e9sente politique de confidentialit\u00e9, vos donn\u00e9es \u00e0 caract\u00e8re personnel restent chez nous jusqu'\u00e0 ce que la finalit\u00e9 du traitement des donn\u00e9es disparaisse. Si vous faites valoir une demande de suppression l\u00e9gitime ou r\u00e9voquez un consentement au traitement des donn\u00e9es, vos donn\u00e9es seront supprim\u00e9es, sauf si nous avons d'autres motifs l\u00e9galement admissibles pour la conservation de vos donn\u00e9es \u00e0 caract\u00e8re personnel (par exemple d\u00e9lais de conservation fiscaux ou commerciaux) ; dans ce dernier cas, la suppression intervient apr\u00e8s la disparition de ces motifs. <\/p>\n<h3>Informations g\u00e9n\u00e9rales sur les bases juridiques du traitement des donn\u00e9es sur ce site web<\/h3> <p>Si vous avez consenti au traitement des donn\u00e9es, nous traitons vos donn\u00e9es \u00e0 caract\u00e8re personnel sur la base de l'art. 6, al. 1, let. a RGPD ou de l'art. 9, al. 2, let. a RGPD, si des cat\u00e9gories particuli\u00e8res de donn\u00e9es au sens de l'art. 9, al. 1 RGPD sont trait\u00e9es. En cas de consentement explicite au transfert de donn\u00e9es \u00e0 caract\u00e8re personnel vers des pays tiers, le traitement des donn\u00e9es s'effectue en outre sur la base de l'art. 49, al. 1, let. a RGPD. Si vous avez consenti au stockage de cookies ou \u00e0 l'acc\u00e8s \u00e0 des informations dans votre appareil terminal (par exemple via Device-Fingerprinting), le traitement des donn\u00e9es s'effectue en outre sur la base du \u00a7 25, al. 1 TDDDG. Le consentement est r\u00e9vocable \u00e0 tout moment. Si vos donn\u00e9es sont n\u00e9cessaires \u00e0 l'ex\u00e9cution du contrat ou \u00e0 la mise en \u0153uvre de mesures pr\u00e9contractuelles, nous traitons vos donn\u00e9es sur la base de l'art. 6, al. 1, let. b RGPD. En outre, nous traitons vos donn\u00e9es si celles-ci sont n\u00e9cessaires pour remplir une obligation l\u00e9gale, sur la base de l'art. 6, al. 1, let. c RGPD. Le traitement des donn\u00e9es peut en outre s'effectuer sur la base de notre int\u00e9r\u00eat l\u00e9gitime selon l'art. 6, al. 1, let. f RGPD. Les bases juridiques pertinentes dans chaque cas sont indiqu\u00e9es dans les paragraphes suivants de la pr\u00e9sente politique de confidentialit\u00e9.                     <\/p>\n<h3>Destinataires de donn\u00e9es \u00e0 caract\u00e8re personnel<\/h3> <p>Dans le cadre de notre activit\u00e9 commerciale, nous collaborons avec diff\u00e9rents organismes externes. Une transmission de donn\u00e9es \u00e0 caract\u00e8re personnel \u00e0 ces organismes externes est parfois n\u00e9cessaire. Nous ne transmettons des donn\u00e9es \u00e0 caract\u00e8re personnel \u00e0 des organismes externes que si cela est n\u00e9cessaire dans le cadre de l'ex\u00e9cution d'un contrat, si nous y sommes l\u00e9galement oblig\u00e9s (par exemple transmission de donn\u00e9es aux autorit\u00e9s fiscales), si nous avons un int\u00e9r\u00eat l\u00e9gitime au sens de l'art. 6, al. 1, let. f RGPD \u00e0 la transmission ou si une autre base juridique autorise la transmission des donn\u00e9es. Lors de l'utilisation de sous-traitants, nous ne transmettons les donn\u00e9es \u00e0 caract\u00e8re personnel de nos clients que sur la base d'un contrat valide de traitement pour le compte. En cas de traitement conjoint, un contrat de traitement conjoint est conclu.      <\/p>\n<h3>R\u00e9vocation de votre consentement au traitement des donn\u00e9es<\/h3> <p>De nombreuses op\u00e9rations de traitement des donn\u00e9es ne sont possibles qu'avec votre consentement explicite. Vous pouvez r\u00e9voquer \u00e0 tout moment un consentement d\u00e9j\u00e0 donn\u00e9. La lic\u00e9it\u00e9 du traitement des donn\u00e9es effectu\u00e9 jusqu'\u00e0 la r\u00e9vocation n'est pas affect\u00e9e par la r\u00e9vocation.  <\/p>\n<h3>Droit d'opposition \u00e0 la collecte de donn\u00e9es dans des cas particuliers ainsi qu'\u00e0 la publicit\u00e9 directe (art. 21 RGPD)<\/h3> <p>SI LE TRAITEMENT DES DONN\u00c9ES S'EFFECTUE SUR LA BASE DE L'ART. 6, AL. 1, LET. E OU F RGPD, VOUS AVEZ \u00c0 TOUT MOMENT LE DROIT DE VOUS OPPOSER, POUR DES RAISONS TENANT \u00c0 VOTRE SITUATION PARTICULI\u00c8RE, AU TRAITEMENT DE VOS DONN\u00c9ES \u00c0 CARACT\u00c8RE PERSONNEL ; CELA VAUT \u00c9GALEMENT POUR UN PROFILAGE FOND\u00c9 SUR CES DISPOSITIONS. LA BASE JURIDIQUE RESPECTIVE SUR LAQUELLE REPOSE UN TRAITEMENT FIGURE DANS LA PR\u00c9SENTE POLITIQUE DE CONFIDENTIALIT\u00c9. SI VOUS VOUS OPPOSEZ, NOUS NE TRAITERONS PLUS VOS DONN\u00c9ES \u00c0 CARACT\u00c8RE PERSONNEL CONCERN\u00c9ES, SAUF SI NOUS POUVONS D\u00c9MONTRER DES MOTIFS L\u00c9GITIMES ET IMP\u00c9RIEUX POUR LE TRAITEMENT QUI PR\u00c9VALENT SUR VOS INT\u00c9R\u00caTS, DROITS ET LIBERT\u00c9S, OU SI LE TRAITEMENT SERT \u00c0 FAIRE VALOIR, EXERCER OU D\u00c9FENDRE DES DROITS EN JUSTICE (OPPOSITION SELON L'ART. 21, AL. 1 RGPD).    <\/p> <p>SI VOS DONN\u00c9ES \u00c0 CARACT\u00c8RE PERSONNEL SONT TRAIT\u00c9ES \u00c0 DES FINS DE PUBLICIT\u00c9 DIRECTE, VOUS AVEZ LE DROIT DE VOUS OPPOSER \u00c0 TOUT MOMENT AU TRAITEMENT DES DONN\u00c9ES \u00c0 CARACT\u00c8RE PERSONNEL VOUS CONCERNANT \u00c0 DES FINS DE PUBLICIT\u00c9 ; CELA VAUT \u00c9GALEMENT POUR LE PROFILAGE DANS LA MESURE O\u00d9 IL EST LI\u00c9 \u00c0 UNE TELLE PUBLICIT\u00c9 DIRECTE. SI VOUS VOUS OPPOSEZ, VOS DONN\u00c9ES \u00c0 CARACT\u00c8RE PERSONNEL NE SERONT PLUS UTILIS\u00c9ES \u00c0 DES FINS DE PUBLICIT\u00c9 DIRECTE (OPPOSITION SELON L'ART. 21, AL. 2 RGPD). <\/p>\n<h3>Droit de r\u00e9clamation aupr\u00e8s de l'autorit\u00e9 de contr\u00f4le comp\u00e9tente<\/h3> <p>En cas de violations du RGPD, les personnes concern\u00e9es disposent d'un droit de r\u00e9clamation aupr\u00e8s d'une autorit\u00e9 de contr\u00f4le, notamment dans l'\u00c9tat membre de leur r\u00e9sidence habituelle, de leur lieu de travail ou du lieu de la violation pr\u00e9sum\u00e9e. Le droit de r\u00e9clamation existe sans pr\u00e9judice d'autres recours administratifs ou judiciaires. <\/p>\n<h3>Droit \u00e0 la portabilit\u00e9 des donn\u00e9es<\/h3> <p>Vous avez le droit de vous faire remettre ou de faire remettre \u00e0 un tiers, dans un format courant et lisible par machine, les donn\u00e9es que nous traitons de mani\u00e8re automatis\u00e9e sur la base de votre consentement ou en ex\u00e9cution d'un contrat. Si vous demandez le transfert direct des donn\u00e9es \u00e0 un autre responsable, cela ne se fera que dans la mesure o\u00f9 cela est techniquement possible. <\/p>\n<h3>Information, rectification et suppression<\/h3> <p>Dans le cadre des dispositions l\u00e9gales en vigueur, vous avez \u00e0 tout moment le droit d'obtenir gratuitement des informations sur vos donn\u00e9es \u00e0 caract\u00e8re personnel enregistr\u00e9es, leur origine et leurs destinataires ainsi que la finalit\u00e9 du traitement des donn\u00e9es et, le cas \u00e9ch\u00e9ant, un droit \u00e0 la rectification ou \u00e0 la suppression de ces donn\u00e9es. Pour toute question relative aux donn\u00e9es \u00e0 caract\u00e8re personnel, vous pouvez nous contacter \u00e0 tout moment. <\/p>\n<h3>Droit \u00e0 la limitation du traitement<\/h3> <p>Vous avez le droit de demander la limitation du traitement de vos donn\u00e9es \u00e0 caract\u00e8re personnel. Pour ce faire, vous pouvez nous contacter \u00e0 tout moment. Le droit \u00e0 la limitation du traitement existe dans les cas suivants :  <\/p> <ul> <li>Si vous contestez l'exactitude de vos donn\u00e9es \u00e0 caract\u00e8re personnel enregistr\u00e9es chez nous, nous avons g\u00e9n\u00e9ralement besoin de temps pour le v\u00e9rifier. Pendant la dur\u00e9e de la v\u00e9rification, vous avez le droit de demander la limitation du traitement de vos donn\u00e9es \u00e0 caract\u00e8re personnel. <\/li> <li>Si le traitement de vos donn\u00e9es \u00e0 caract\u00e8re personnel a \u00e9t\u00e9\/est effectu\u00e9 de mani\u00e8re illicite, vous pouvez demander la limitation du traitement des donn\u00e9es au lieu de la suppression.<\/li> <li>Si nous n'avons plus besoin de vos donn\u00e9es \u00e0 caract\u00e8re personnel, mais que vous en avez besoin pour exercer, d\u00e9fendre ou faire valoir des droits en justice, vous avez le droit de demander la limitation du traitement de vos donn\u00e9es \u00e0 caract\u00e8re personnel au lieu de la suppression.<\/li> <li>Si vous avez form\u00e9 une opposition selon l'art. 21, al. 1 RGPD, une mise en balance entre vos int\u00e9r\u00eats et les n\u00f4tres doit \u00eatre effectu\u00e9e. Tant qu'il n'est pas encore \u00e9tabli quels int\u00e9r\u00eats pr\u00e9valent, vous avez le droit de demander la limitation du traitement de vos donn\u00e9es \u00e0 caract\u00e8re personnel.  <\/li> <\/ul> <p>Si vous avez limit\u00e9 le traitement de vos donn\u00e9es \u00e0 caract\u00e8re personnel, ces donn\u00e9es ne peuvent \u00eatre trait\u00e9es \u2013 outre leur conservation \u2013 qu'avec votre consentement ou pour faire valoir, exercer ou d\u00e9fendre des droits en justice ou pour prot\u00e9ger les droits d'une autre personne physique ou morale ou pour des motifs d'int\u00e9r\u00eat public important de l'Union europ\u00e9enne ou d'un \u00c9tat membre.<\/p>\n<h3>Chiffrement SSL ou TLS<\/h3> <p>Ce site utilise, pour des raisons de s\u00e9curit\u00e9 et pour prot\u00e9ger la transmission de contenus confidentiels, tels que les commandes ou demandes que vous nous envoyez en tant qu'exploitant du site, un chiffrement SSL ou TLS. Vous reconnaissez une connexion chiffr\u00e9e au fait que la barre d'adresse du navigateur passe de \u00ab http:\/\/ \u00bb \u00e0 \u00ab https:\/\/ \u00bb et au symbole de cadenas dans la ligne de votre navigateur. <\/p> <p>Lorsque le chiffrement SSL ou TLS est activ\u00e9, les donn\u00e9es que vous nous transmettez ne peuvent pas \u00eatre lues par des tiers.<\/p>\n<h3>Opposition aux e-mails publicitaires<\/h3> <p>L'utilisation des coordonn\u00e9es publi\u00e9es dans le cadre de l'obligation de mentions l\u00e9gales pour l'envoi de publicit\u00e9 et de mat\u00e9riel d'information non express\u00e9ment demand\u00e9s est express\u00e9ment refus\u00e9e. Les exploitants des pages se r\u00e9servent express\u00e9ment le droit d'engager des poursuites judiciaires en cas d'envoi non sollicit\u00e9 d'informations publicitaires, par exemple par des e-mails de spam. <\/p>\n<h2>4. Collecte de donn\u00e9es sur ce site web<\/h2>\n<h3>Consentement avec Borlabs Cookie<\/h3> <p>Notre site web utilise la technologie de consentement de Borlabs Cookie pour obtenir votre consentement au stockage de certains cookies dans votre navigateur ou \u00e0 l'utilisation de certaines technologies et pour le documenter conform\u00e9ment \u00e0 la protection des donn\u00e9es. Le fournisseur de cette technologie est Borlabs GmbH, Hamburger Str. 11, 22083 Hambourg (ci-apr\u00e8s Borlabs). <\/p> <p>Lorsque vous acc\u00e9dez \u00e0 notre site web, un cookie Borlabs est enregistr\u00e9 dans votre navigateur, dans lequel sont stock\u00e9s les consentements que vous avez donn\u00e9s ou la r\u00e9vocation de ces consentements. Ces donn\u00e9es ne sont pas transmises au fournisseur de Borlabs Cookie. <\/p> <p>Les donn\u00e9es collect\u00e9es sont conserv\u00e9es jusqu'\u00e0 ce que vous nous demandiez de les supprimer ou que vous supprimiez vous-m\u00eame le cookie Borlabs ou que la finalit\u00e9 du stockage des donn\u00e9es disparaisse. Les d\u00e9lais de conservation l\u00e9gaux obligatoires restent inchang\u00e9s. Vous trouverez des d\u00e9tails sur le traitement des donn\u00e9es par Borlabs Cookie sous <a href=\"https:\/\/de.borlabs.io\/kb\/welche-daten-speichert-borlabs-cookie\/\" target=\"_blank\" rel=\"noopener noreferrer\">https:\/\/de.borlabs.io\/kb\/welche-daten-speichert-borlabs-cookie\/<\/a>.  <\/p> <p>L'utilisation de la technologie de consentement Borlabs Cookie s'effectue afin d'obtenir les consentements l\u00e9galement requis pour l'utilisation de cookies. La base juridique en est l'art. 6, al. 1, let. c RGPD.   <\/p>\n<h3>Fichiers journaux du serveur<\/h3> <p>Le fournisseur des pages collecte et enregistre automatiquement des informations dans des fichiers journaux du serveur, que votre navigateur nous transmet automatiquement. Il s'agit de : <\/p> <ul> <li>Type et version du navigateur<\/li> <li>Syst\u00e8me d'exploitation utilis\u00e9<\/li> <li>URL de r\u00e9f\u00e9rence<\/li> <li>Nom d'h\u00f4te de l'ordinateur acc\u00e9dant<\/li> <li>Heure de la requ\u00eate du serveur<\/li> <li>Adresse IP<\/li> <\/ul> <p>Ces donn\u00e9es ne sont pas fusionn\u00e9es avec d'autres sources de donn\u00e9es.<\/p> <p>La collecte de ces donn\u00e9es s'effectue sur la base de l'art. 6, al. 1, let. f RGPD. L'exploitant du site web a un int\u00e9r\u00eat l\u00e9gitime \u00e0 la pr\u00e9sentation techniquement sans erreur et \u00e0 l'optimisation de son site web \u2013 pour cela, les fichiers journaux du serveur doivent \u00eatre collect\u00e9s.   <\/p>\n<h3>Formulaire de contact<\/h3> <p>Si vous nous envoyez des demandes via le formulaire de contact, vos donn\u00e9es du formulaire de demande, y compris les coordonn\u00e9es que vous y avez indiqu\u00e9es, seront conserv\u00e9es chez nous aux fins du traitement de la demande et en cas de questions compl\u00e9mentaires. Nous ne transmettons pas ces donn\u00e9es sans votre consentement. <\/p> <p>Le traitement de ces donn\u00e9es s'effectue sur la base de l'art. 6, al. 1, let. b RGPD, si votre demande est li\u00e9e \u00e0 l'ex\u00e9cution d'un contrat ou est n\u00e9cessaire \u00e0 la mise en \u0153uvre de mesures pr\u00e9contractuelles. Dans tous les autres cas, le traitement repose sur notre int\u00e9r\u00eat l\u00e9gitime au traitement efficace des demandes qui nous sont adress\u00e9es (art. 6, al. 1, let. f RGPD) ou sur votre consentement (art. 6, al. 1, let. a RGPD) si celui-ci a \u00e9t\u00e9 demand\u00e9 ; le consentement est r\u00e9vocable \u00e0 tout moment.   <\/p> <p>Les donn\u00e9es que vous avez saisies dans le formulaire de contact restent chez nous jusqu'\u00e0 ce que vous nous demandiez de les supprimer, que vous r\u00e9voquiez votre consentement au stockage ou que la finalit\u00e9 du stockage des donn\u00e9es disparaisse (par exemple apr\u00e8s le traitement de votre demande). Les dispositions l\u00e9gales obligatoires \u2013 notamment les d\u00e9lais de conservation \u2013 restent inchang\u00e9es. <\/p>\n<h3>Utilisation de l'IA sur le site web<\/h3> <p>Nous utilisons des services et\/ou applications assist\u00e9s par IA sur notre site web.<\/p> <p>Nous utilisons l'intelligence artificielle (IA) sur notre site web comme suit :<\/p>\n<p>Sur notre site web, nous utilisons le chatbot assist\u00e9 par IA SideKick de Tobit Laboratories AG. Le chatbot aide les visiteurs \u00e0 r\u00e9pondre aux questions g\u00e9n\u00e9rales sur nos produits, services et notre entreprise ainsi qu'\u00e0 naviguer sur le site web. <\/p>\n <p>Lorsque vous interagissez avec ou entrez en contact avec des \u00e9l\u00e9ments sur notre site web dans lesquels l'intelligence artificielle est utilis\u00e9e (par exemple chatbot), vos saisies, y compris les m\u00e9tadonn\u00e9es, sont trait\u00e9es afin de g\u00e9n\u00e9rer une r\u00e9ponse ou une r\u00e9action appropri\u00e9e.<\/p> <p>L'utilisation de ces fonctionnalit\u00e9s assist\u00e9es par IA s'effectue sur la base de l'art. 6, al. 1, let. f RGPD. Nous avons un int\u00e9r\u00eat l\u00e9gitime \u00e0 utiliser des technologies modernes sur notre site web afin d'am\u00e9liorer nos prestations et services et de reconna\u00eetre de nouveaux potentiels issus de l'interaction avec nos clients. Si un consentement est requis, le traitement s'effectue exclusivement sur la base de l'art. 6, al. 1, let. a RGPD et \u00a7 25, al. 1 TDDDG. Vous pouvez r\u00e9voquer votre consentement \u00e0 tout moment.        <\/p> <p>Vous trouverez de plus amples informations sur le traitement des donn\u00e9es de cet outil ou service \u00e0 l'endroit correspondant dans la pr\u00e9sente politique de confidentialit\u00e9.<\/p>\n<h3>Utilisation de l'intelligence artificielle (IA) pour r\u00e9pondre aux demandes des clients<\/h3> <p>Nous utilisons un logiciel assist\u00e9 par IA pour traiter et r\u00e9pondre aux demandes des clients. L'IA que nous utilisons analyse le contenu de votre message afin de g\u00e9n\u00e9rer de mani\u00e8re autonome ou partiellement autonome une r\u00e9ponse appropri\u00e9e ou une proposition de r\u00e9ponse. Dans ce contexte, notre IA traite l'ensemble du contenu de votre message, y compris les noms, adresses e-mail, contenus de communication ou informations techniques (par exemple adresses IP, informations sur l'appareil).  <\/p> <p>L'utilisation du logiciel d'IA utilis\u00e9 s'effectue sur la base de l'art. 6, al. 1, let. f RGPD. Nous avons un int\u00e9r\u00eat l\u00e9gitime \u00e0 une communication client aussi efficace que possible en utilisant des solutions techniques modernes.   <\/p>\n<p>Nous utilisons les applications d'IA suivantes :<\/p>\n<h4>SideKick<\/h4> <p>Nous utilisons SideKick pour notre communication client. Le fournisseur est Tobit Laboratories AG, Parallelstra\u00dfe 41, 48683 Ahaus, Allemagne. Si vous nous contactez, vos demandes, y compris les m\u00e9tadonn\u00e9es, peuvent \u00eatre transmises aux serveurs de ce fournisseur et y \u00eatre trait\u00e9es afin de g\u00e9n\u00e9rer une r\u00e9ponse appropri\u00e9e.  <\/p><h3>Demande par e-mail, t\u00e9l\u00e9phone ou t\u00e9l\u00e9copie<\/h3> <p>Si vous nous contactez par e-mail, t\u00e9l\u00e9phone ou t\u00e9l\u00e9copie, votre demande, y compris toutes les donn\u00e9es \u00e0 caract\u00e8re personnel qui en d\u00e9coulent (nom, demande), sera conserv\u00e9e et trait\u00e9e chez nous aux fins du traitement de votre demande. Nous ne transmettons pas ces donn\u00e9es sans votre consentement. <\/p> <p>Le traitement de ces donn\u00e9es s'effectue sur la base de l'art. 6, al. 1, let. b RGPD, si votre demande est li\u00e9e \u00e0 l'ex\u00e9cution d'un contrat ou est n\u00e9cessaire \u00e0 la mise en \u0153uvre de mesures pr\u00e9contractuelles. Dans tous les autres cas, le traitement repose sur notre int\u00e9r\u00eat l\u00e9gitime au traitement efficace des demandes qui nous sont adress\u00e9es (art. 6, al. 1, let. f RGPD) ou sur votre consentement (art. 6, al. 1, let. a RGPD) si celui-ci a \u00e9t\u00e9 demand\u00e9 ; le consentement est r\u00e9vocable \u00e0 tout moment.   <\/p> <p>Les donn\u00e9es que vous nous avez envoy\u00e9es par demandes de contact restent chez nous jusqu'\u00e0 ce que vous nous demandiez de les supprimer, que vous r\u00e9voquiez votre consentement au stockage ou que la finalit\u00e9 du stockage des donn\u00e9es disparaisse (par exemple apr\u00e8s le traitement de votre demande). Les dispositions l\u00e9gales obligatoires \u2013 notamment les d\u00e9lais de conservation l\u00e9gaux \u2013 restent inchang\u00e9es. <\/p>\n<h2>5. R\u00e9seaux sociaux<\/h2>\n<h3>Facebook<\/h3> <p>Des \u00e9l\u00e9ments du r\u00e9seau social Facebook sont int\u00e9gr\u00e9s sur ce site web. Le fournisseur de ce service est Meta Platforms Ireland Limited, Merrion Road, Dublin 4, D04 X2K5, Irlande. Selon Facebook, les donn\u00e9es collect\u00e9es sont \u00e9galement transf\u00e9r\u00e9es aux \u00c9tats-Unis et dans d'autres pays tiers.  <\/p> <p>Vous trouverez un aper\u00e7u des \u00e9l\u00e9ments de r\u00e9seaux sociaux Facebook ici : <a href=\"https:\/\/developers.facebook.com\/docs\/plugins\/?locale=de_DE\" target=\"_blank\" rel=\"noopener noreferrer\">https:\/\/developers.facebook.com\/docs\/plugins\/?locale=de_DE<\/a>.<\/p> <p>Lorsque l'\u00e9l\u00e9ment de r\u00e9seau social est actif, une connexion directe est \u00e9tablie entre votre appareil terminal et le serveur Facebook. Facebook re\u00e7oit ainsi l'information que vous avez visit\u00e9 ce site web avec votre adresse IP. Si vous cliquez sur le bouton \u00ab J'aime \u00bb de Facebook alors que vous \u00eates connect\u00e9 \u00e0 votre compte Facebook, vous pouvez lier le contenu de ce site web \u00e0 votre profil Facebook. Facebook peut ainsi associer la visite de ce site web \u00e0 votre compte utilisateur. Nous attirons votre attention sur le fait qu'en tant que fournisseur des pages, nous n'avons aucune connaissance du contenu des donn\u00e9es transmises ni de leur utilisation par Facebook. Pour plus d'informations \u00e0 ce sujet, veuillez consulter la politique de confidentialit\u00e9 de Facebook : <a href=\"https:\/\/de-de.facebook.com\/privacy\/explanation\" target=\"_blank\" rel=\"noopener noreferrer\">https:\/\/de-de.facebook.com\/privacy\/explanation<\/a>.     <\/p> <p>L\u2019utilisation de ce service est bas\u00e9e sur votre consentement conform\u00e9ment \u00e0 l\u2019art. 6, al. 1, let. a du RGPD et \u00e0 l\u2019art. 25, al. 1 de la TDDDG. Le consentement peut \u00eatre r\u00e9voqu\u00e9 \u00e0 tout moment.    <\/p> <p>Dans la mesure o\u00f9 des donn\u00e9es \u00e0 caract\u00e8re personnel sont collect\u00e9es sur notre site web et transmises \u00e0 Facebook \u00e0 l\u2019aide de l\u2019outil d\u00e9crit ici, nous et Meta Platforms Ireland Limited, Merrion Road Dublin 4, Dublin, D04 X2K5, Irlande, sommes conjointement responsables de ce traitement de donn\u00e9es (art. 26 RGPD). La responsabilit\u00e9 conjointe se limite exclusivement \u00e0 la collecte des donn\u00e9es et \u00e0 leur transmission \u00e0 Facebook. Le traitement effectu\u00e9 par Facebook apr\u00e8s la transmission ne fait pas partie de la responsabilit\u00e9 conjointe. Les obligations qui nous incombent conjointement ont \u00e9t\u00e9 fix\u00e9es dans un accord de traitement conjoint. Vous trouverez le texte de cet accord \u00e0 l\u2019adresse suivante : <a href=\"https:\/\/www.facebook.com\/legal\/controller_addendum\" target=\"_blank\" rel=\"noopener noreferrer\">https:\/\/www.facebook.com\/legal\/controller_addendum<\/a>. Selon cet accord, nous sommes responsables de la fourniture des informations relatives \u00e0 la protection des donn\u00e9es lors de l\u2019utilisation de l\u2019outil Facebook et de la mise en \u0153uvre de l\u2019outil sur notre site web en toute s\u00e9curit\u00e9 au regard de la protection des donn\u00e9es. Facebook est responsable de la s\u00e9curit\u00e9 des donn\u00e9es des produits Facebook. Vous pouvez faire valoir vos droits en tant que personne concern\u00e9e (par exemple, les demandes de renseignements) concernant les donn\u00e9es trait\u00e9es par Facebook directement aupr\u00e8s de Facebook. Si vous faites valoir vos droits aupr\u00e8s de nous, nous sommes tenus de les transmettre \u00e0 Facebook.        <\/p> <p>Le transfert de donn\u00e9es vers les \u00c9tats-Unis s\u2019appuie sur les clauses contractuelles types de la Commission europ\u00e9enne. Vous trouverez des d\u00e9tails ici : <a href=\"https:\/\/www.facebook.com\/legal\/EU_data_transfer_addendum\" target=\"_blank\" rel=\"noopener noreferrer\">https:\/\/www.facebook.com\/legal\/EU_data_transfer_addendum<\/a>, <a href=\"https:\/\/de-de.facebook.com\/help\/566994660333381\" target=\"_blank\" rel=\"noopener noreferrer\">https:\/\/de-de.facebook.com\/help\/566994660333381<\/a> et <a href=\"https:\/\/www.facebook.com\/policy.php\" target=\"_blank\" rel=\"noopener noreferrer\">https:\/\/www.facebook.com\/policy.php<\/a>. <\/p>\n<p>L\u2019entreprise dispose d\u2019une certification selon l\u2019\u00ab EU-US Data Privacy Framework \u00bb (DPF). Le DPF est un accord entre l\u2019Union europ\u00e9enne et les \u00c9tats-Unis qui vise \u00e0 garantir le respect des normes europ\u00e9ennes de protection des donn\u00e9es lors du traitement des donn\u00e9es aux \u00c9tats-Unis. Chaque entreprise certifi\u00e9e selon le DPF s\u2019engage \u00e0 respecter ces normes de protection des donn\u00e9es. Vous trouverez de plus amples informations \u00e0 ce sujet aupr\u00e8s du fournisseur en cliquant sur le lien suivant : <a href=\"https:\/\/www.dataprivacyframework.gov\/participant\/4452\" target=\"_blank\" rel=\"noopener noreferrer\">https:\/\/www.dataprivacyframework.gov\/participant\/4452<\/a>.   <\/p>\n<h3>Instagram<\/h3> <p>Des fonctions du service Instagram sont int\u00e9gr\u00e9es \u00e0 ce site web. Ces fonctions sont propos\u00e9es par Meta Platforms Ireland Limited, Merrion Road, Dublin 4, D04 X2K5, Irlande. <\/p> <p>Lorsque l\u2019\u00e9l\u00e9ment de m\u00e9dia social est actif, une connexion directe est \u00e9tablie entre votre terminal et le serveur d\u2019Instagram. Instagram re\u00e7oit ainsi des informations sur votre visite sur ce site web. <\/p> <p>Si vous \u00eates connect\u00e9 \u00e0 votre compte Instagram, vous pouvez lier le contenu de ce site web \u00e0 votre profil Instagram en cliquant sur le bouton Instagram. Cela permet \u00e0 Instagram d\u2019associer la visite de ce site web \u00e0 votre compte utilisateur. Nous attirons votre attention sur le fait qu\u2019en tant que fournisseur des pages, nous n\u2019avons connaissance ni du contenu des donn\u00e9es transmises ni de leur utilisation par Instagram.  <\/p> <p>L\u2019utilisation de ce service est bas\u00e9e sur votre consentement conform\u00e9ment \u00e0 l\u2019art. 6, al. 1, let. a du RGPD et \u00e0 l\u2019art. 25, al. 1 de la TDDDG. Le consentement peut \u00eatre r\u00e9voqu\u00e9 \u00e0 tout moment.    <\/p> <p>Dans la mesure o\u00f9 des donn\u00e9es \u00e0 caract\u00e8re personnel sont collect\u00e9es sur notre site web et transmises \u00e0 Facebook ou Instagram \u00e0 l\u2019aide de l\u2019outil d\u00e9crit ici, nous et Meta Platforms Ireland Limited, Merrion Road Dublin 4, Dublin, D04 X2K5, Irlande, sommes conjointement responsables de ce traitement de donn\u00e9es (art. 26 RGPD). La responsabilit\u00e9 conjointe se limite exclusivement \u00e0 la collecte des donn\u00e9es et \u00e0 leur transmission \u00e0 Facebook ou Instagram. Le traitement effectu\u00e9 par Facebook ou Instagram apr\u00e8s la transmission ne fait pas partie de la responsabilit\u00e9 conjointe. Les obligations qui nous incombent conjointement ont \u00e9t\u00e9 fix\u00e9es dans un accord de traitement conjoint. Vous trouverez le texte de cet accord \u00e0 l\u2019adresse suivante : <a href=\"https:\/\/www.facebook.com\/legal\/controller_addendum\" target=\"_blank\" rel=\"noopener noreferrer\">https:\/\/www.facebook.com\/legal\/controller_addendum<\/a>. Selon cet accord, nous sommes responsables de la fourniture des informations relatives \u00e0 la protection des donn\u00e9es lors de l\u2019utilisation de l\u2019outil Facebook ou Instagram et de la mise en \u0153uvre de l\u2019outil sur notre site web en toute s\u00e9curit\u00e9 au regard de la protection des donn\u00e9es. Facebook est responsable de la s\u00e9curit\u00e9 des donn\u00e9es des produits Facebook ou Instagram. Vous pouvez faire valoir vos droits en tant que personne concern\u00e9e (par exemple, les demandes de renseignements) concernant les donn\u00e9es trait\u00e9es par Facebook ou Instagram directement aupr\u00e8s de Facebook. Si vous faites valoir vos droits aupr\u00e8s de nous, nous sommes tenus de les transmettre \u00e0 Facebook.        <\/p> <p>Le transfert de donn\u00e9es vers les \u00c9tats-Unis s\u2019appuie sur les clauses contractuelles types de la Commission europ\u00e9enne. Vous trouverez des d\u00e9tails ici : <a href=\"https:\/\/www.facebook.com\/legal\/EU_data_transfer_addendum\" target=\"_blank\" rel=\"noopener noreferrer\">https:\/\/www.facebook.com\/legal\/EU_data_transfer_addendum<\/a>, <a href=\"https:\/\/privacycenter.instagram.com\/policy\/\" target=\"_blank\" rel=\"noopener noreferrer\">https:\/\/privacycenter.instagram.com\/policy\/<\/a> et <a href=\"https:\/\/de-de.facebook.com\/help\/566994660333381\" target=\"_blank\" rel=\"noopener noreferrer\">https:\/\/de-de.facebook.com\/help\/566994660333381<\/a>. <\/p> <p>Vous trouverez de plus amples informations \u00e0 ce sujet dans la politique de confidentialit\u00e9 d\u2019Instagram : <a href=\"https:\/\/privacycenter.instagram.com\/policy\/\" target=\"_blank\" rel=\"noopener noreferrer\">https:\/\/privacycenter.instagram.com\/policy\/<\/a>.<\/p>\n<p>L\u2019entreprise dispose d\u2019une certification selon l\u2019\u00ab EU-US Data Privacy Framework \u00bb (DPF). Le DPF est un accord entre l\u2019Union europ\u00e9enne et les \u00c9tats-Unis qui vise \u00e0 garantir le respect des normes europ\u00e9ennes de protection des donn\u00e9es lors du traitement des donn\u00e9es aux \u00c9tats-Unis. Chaque entreprise certifi\u00e9e selon le DPF s\u2019engage \u00e0 respecter ces normes de protection des donn\u00e9es. Vous trouverez de plus amples informations \u00e0 ce sujet aupr\u00e8s du fournisseur en cliquant sur le lien suivant : <a href=\"https:\/\/www.dataprivacyframework.gov\/participant\/4452\" target=\"_blank\" rel=\"noopener noreferrer\">https:\/\/www.dataprivacyframework.gov\/participant\/4452<\/a>.   <\/p>\n<h3>LinkedIn<\/h3> <p>Ce site web utilise des \u00e9l\u00e9ments du r\u00e9seau LinkedIn. Le fournisseur est LinkedIn Ireland Unlimited Company, Wilton Plaza, Wilton Place, Dublin 2, Irlande. <\/p> <p>\u00c0 chaque consultation d\u2019une page de ce site web contenant des \u00e9l\u00e9ments de LinkedIn, une connexion aux serveurs de LinkedIn est \u00e9tablie. LinkedIn est inform\u00e9 que vous avez visit\u00e9 ce site web avec votre adresse IP. Si vous cliquez sur le \u00ab bouton Recommander \u00bb de LinkedIn et que vous \u00eates connect\u00e9 \u00e0 votre compte LinkedIn, LinkedIn est en mesure d\u2019associer votre visite sur ce site web \u00e0 vous et \u00e0 votre compte utilisateur. Nous attirons votre attention sur le fait qu\u2019en tant que fournisseur des pages, nous n\u2019avons connaissance ni du contenu des donn\u00e9es transmises ni de leur utilisation par LinkedIn.   <\/p> <p>L\u2019utilisation de ce service est bas\u00e9e sur votre consentement conform\u00e9ment \u00e0 l\u2019art. 6, al. 1, let. a du RGPD et \u00e0 l\u2019art. 25, al. 1 de la TDDDG. Le consentement peut \u00eatre r\u00e9voqu\u00e9 \u00e0 tout moment.    <\/p> <p>Le transfert de donn\u00e9es vers les \u00c9tats-Unis s\u2019appuie sur les clauses contractuelles types de la Commission europ\u00e9enne. Vous trouverez des d\u00e9tails ici : <a href=\"https:\/\/www.linkedin.com\/help\/linkedin\/answer\/a1343190\/datenubertragung-aus-der-eu-dem-ewr-und-der-schweiz?lang=de\" target=\"_blank\" rel=\"noopener noreferrer\">https:\/\/www.linkedin.com\/help\/linkedin\/answer\/a1343190\/datenubertragung-aus-der-eu-dem-ewr-und-der-schweiz?lang=de<\/a> <\/p> <p>Vous trouverez de plus amples informations \u00e0 ce sujet dans la politique de confidentialit\u00e9 de LinkedIn \u00e0 l\u2019adresse suivante : <a href=\"https:\/\/www.linkedin.com\/legal\/privacy-policy\" target=\"_blank\" rel=\"noopener noreferrer\">https:\/\/www.linkedin.com\/legal\/privacy-policy<\/a>.<\/p>\n<p>L\u2019entreprise dispose d\u2019une certification selon l\u2019\u00ab EU-US Data Privacy Framework \u00bb (DPF). Le DPF est un accord entre l\u2019Union europ\u00e9enne et les \u00c9tats-Unis qui vise \u00e0 garantir le respect des normes europ\u00e9ennes de protection des donn\u00e9es lors du traitement des donn\u00e9es aux \u00c9tats-Unis. Chaque entreprise certifi\u00e9e selon le DPF s\u2019engage \u00e0 respecter ces normes de protection des donn\u00e9es. Vous trouverez de plus amples informations \u00e0 ce sujet aupr\u00e8s du fournisseur en cliquant sur le lien suivant : <a href=\"https:\/\/www.dataprivacyframework.gov\/participant\/5448\" target=\"_blank\" rel=\"noopener noreferrer\">https:\/\/www.dataprivacyframework.gov\/participant\/5448<\/a>.   <\/p>\n<h2>6. Plugins et outils<\/h2>\n<h3>Google Fonts<\/h3> <p>Ce site utilise des polices de caract\u00e8res appel\u00e9es Google Fonts, fournies par Google, pour une pr\u00e9sentation uniforme des polices. Lors de la consultation d\u2019une page, votre navigateur charge les polices n\u00e9cessaires dans son cache afin d\u2019afficher correctement les textes et les polices. <\/p> <p>\u00c0 cette fin, le navigateur que vous utilisez doit se connecter aux serveurs de Google. Google prend ainsi connaissance du fait que ce site web a \u00e9t\u00e9 consult\u00e9 via votre adresse IP. L\u2019utilisation de Google Fonts est bas\u00e9e sur l\u2019art. 6, al. 1, let. f du RGPD. L\u2019exploitant du site web a un int\u00e9r\u00eat l\u00e9gitime \u00e0 la pr\u00e9sentation uniforme de la typographie sur son site web. Si un consentement correspondant a \u00e9t\u00e9 demand\u00e9, le traitement s\u2019effectue exclusivement sur la base de l\u2019art. 6, al. 1, let. a du RGPD et de l\u2019art. 25, al. 1 de la TDDDG, dans la mesure o\u00f9 le consentement inclut le stockage de cookies ou l\u2019acc\u00e8s \u00e0 des informations dans le terminal de l\u2019utilisateur (par exemple, empreinte num\u00e9rique de l\u2019appareil) au sens de la TDDDG. Le consentement peut \u00eatre r\u00e9voqu\u00e9 \u00e0 tout moment.          <\/p> <p>Si votre navigateur ne prend pas en charge Google Fonts, une police standard de votre ordinateur sera utilis\u00e9e.<\/p> <p>Vous trouverez de plus amples informations sur Google Fonts \u00e0 l\u2019adresse <a href=\"https:\/\/developers.google.com\/fonts\/faq\" target=\"_blank\" rel=\"noopener noreferrer\">https:\/\/developers.google.com\/fonts\/faq<\/a> et dans la politique de confidentialit\u00e9 de Google : <a href=\"https:\/\/policies.google.com\/privacy?hl=de\" target=\"_blank\" rel=\"noopener noreferrer\">https:\/\/policies.google.com\/privacy?hl=fr<\/a>.<\/p>\n<p>L\u2019entreprise dispose d\u2019une certification au titre du \u00ab EU-US Data Privacy Framework \u00bb (DPF). Le DPF est un accord entre l\u2019Union europ\u00e9enne et les \u00c9tats-Unis, qui vise \u00e0 garantir le respect des normes europ\u00e9ennes de protection des donn\u00e9es lors de traitements de donn\u00e9es aux \u00c9tats-Unis. Toute entreprise certifi\u00e9e au titre du DPF s\u2019engage \u00e0 respecter ces normes de protection des donn\u00e9es. Vous trouverez de plus amples informations aupr\u00e8s du fournisseur via le lien suivant : <a href=\"https:\/\/www.dataprivacyframework.gov\/participant\/5780\" target=\"_blank\" rel=\"noopener noreferrer\">https:\/\/www.dataprivacyframework.gov\/participant\/5780<\/a>.   <\/p>\n<h3>Google Maps<\/h3> <p>Ce site utilise le service de cartographie Google Maps. Le fournisseur est Google Ireland Limited (\u00ab Google \u00bb), Gordon House, Barrow Street, Dublin 4, Irlande. Gr\u00e2ce \u00e0 ce service, nous pouvons int\u00e9grer des cartes sur notre site web.  <\/p> <p>Pour utiliser les fonctions de Google Maps, il est n\u00e9cessaire d\u2019enregistrer votre adresse IP. Ces informations sont g\u00e9n\u00e9ralement transmises \u00e0 un serveur de Google aux \u00c9tats-Unis et y sont stock\u00e9es. Le fournisseur de ce site n\u2019a aucune influence sur ce transfert de donn\u00e9es. Si Google Maps est activ\u00e9, Google peut utiliser Google Fonts \u00e0 des fins de pr\u00e9sentation uniforme des polices. Lors de la consultation de Google Maps, votre navigateur charge les polices web n\u00e9cessaires dans son cache afin d\u2019afficher correctement les textes et les polices.    <\/p> <p>L\u2019utilisation de Google Maps se fait dans l\u2019int\u00e9r\u00eat d\u2019une pr\u00e9sentation attrayante de nos offres en ligne et d\u2019une localisation facile des lieux que nous indiquons sur le site web. Cela constitue un int\u00e9r\u00eat l\u00e9gitime au sens de l\u2019art. 6, al. 1, let. f du RGPD. Si un consentement correspondant a \u00e9t\u00e9 demand\u00e9, le traitement s\u2019effectue exclusivement sur la base de l\u2019art. 6, al. 1, let. a du RGPD et de l\u2019art. 25, al. 1 de la TDDDG, dans la mesure o\u00f9 le consentement inclut le stockage de cookies ou l\u2019acc\u00e8s \u00e0 des informations dans le terminal de l\u2019utilisateur (par exemple, empreinte num\u00e9rique de l\u2019appareil) au sens de la TDDDG. Le consentement peut \u00eatre r\u00e9voqu\u00e9 \u00e0 tout moment.        <\/p> <p>Le transfert de donn\u00e9es vers les \u00c9tats-Unis s\u2019appuie sur les clauses contractuelles types de la Commission europ\u00e9enne. Vous trouverez des d\u00e9tails ici : <a href=\"https:\/\/privacy.google.com\/businesses\/gdprcontrollerterms\/\" target=\"_blank\" rel=\"noopener noreferrer\">https:\/\/privacy.google.com\/businesses\/gdprcontrollerterms\/<\/a> et <a href=\"https:\/\/privacy.google.com\/businesses\/gdprcontrollerterms\/sccs\/\" target=\"_blank\" rel=\"noopener noreferrer\">https:\/\/privacy.google.com\/businesses\/gdprcontrollerterms\/sccs\/<\/a>. <\/p> <p>Vous trouverez plus d\u2019informations sur le traitement des donn\u00e9es des utilisateurs dans la politique de confidentialit\u00e9 de Google : <a href=\"https:\/\/policies.google.com\/privacy?hl=de\" target=\"_blank\" rel=\"noopener noreferrer\">https:\/\/policies.google.com\/privacy?hl=fr<\/a>.<\/p>\n<p>L\u2019entreprise dispose d\u2019une certification au titre du \u00ab EU-US Data Privacy Framework \u00bb (DPF). Le DPF est un accord entre l\u2019Union europ\u00e9enne et les \u00c9tats-Unis, qui vise \u00e0 garantir le respect des normes europ\u00e9ennes de protection des donn\u00e9es lors de traitements de donn\u00e9es aux \u00c9tats-Unis. Toute entreprise certifi\u00e9e au titre du DPF s\u2019engage \u00e0 respecter ces normes de protection des donn\u00e9es. Vous trouverez de plus amples informations aupr\u00e8s du fournisseur via le lien suivant : <a href=\"https:\/\/www.dataprivacyframework.gov\/participant\/5780\" target=\"_blank\" rel=\"noopener noreferrer\">https:\/\/www.dataprivacyframework.gov\/participant\/5780<\/a>.   <\/p>\n<h3>Google reCAPTCHA<\/h3> <p>Nous utilisons \u00ab Google reCAPTCHA \u00bb (ci-apr\u00e8s \u00ab reCAPTCHA \u00bb) sur ce site web. Le fournisseur est Google Ireland Limited (\u00ab Google \u00bb), Gordon House, Barrow Street, Dublin 4, Irlande. <\/p> <p>reCAPTCHA est destin\u00e9 \u00e0 v\u00e9rifier si la saisie de donn\u00e9es sur ce site web (par exemple dans un formulaire de contact) est effectu\u00e9e par un \u00eatre humain ou par un programme automatis\u00e9. Pour ce faire, reCAPTCHA analyse le comportement du visiteur du site web \u00e0 l\u2019aide de diff\u00e9rentes caract\u00e9ristiques. Cette analyse commence automatiquement d\u00e8s que le visiteur entre sur le site web. Pour l\u2019analyse, reCAPTCHA \u00e9value diverses informations (par exemple, l\u2019adresse IP, la dur\u00e9e de visite du visiteur sur le site web ou les mouvements de souris effectu\u00e9s par l\u2019utilisateur). Les donn\u00e9es collect\u00e9es lors de l\u2019analyse sont transmises \u00e0 Google.    <\/p> <p>Les analyses reCAPTCHA se d\u00e9roulent enti\u00e8rement en arri\u00e8re-plan. Les visiteurs du site web ne sont pas inform\u00e9s qu\u2019une analyse a lieu. <\/p> <p>Dans ce contexte, Google agit en tant que simple sous-traitant au sens de l\u2019art. 28 du RGPD et n\u2019utilisera pas les donn\u00e9es collect\u00e9es par ce biais \u00e0 ses propres fins. L\u2019utilisation de l\u2019outil est bas\u00e9e sur un contrat de sous-traitance (DPA) avec Google. <\/p> <p>Le stockage et l\u2019analyse des donn\u00e9es sont effectu\u00e9s sur la base de l\u2019art. 6, par. 1, let. f du RGPD. L\u2019exploitant du site web a un int\u00e9r\u00eat l\u00e9gitime \u00e0 prot\u00e9ger ses offres web contre l\u2019exploration automatis\u00e9e abusive et contre le SPAM. Si un consentement correspondant a \u00e9t\u00e9 demand\u00e9, le traitement est effectu\u00e9 exclusivement sur la base de l\u2019art. 6, par. 1, let. a du RGPD et du \u00a7 25, par. 1 du TDDDG, dans la mesure o\u00f9 le consentement couvre le stockage de cookies ou l\u2019acc\u00e8s \u00e0 des informations sur l\u2019\u00e9quipement terminal de l\u2019utilisateur (p. ex. profilage de l\u2019appareil) au sens du TDDDG. Le consentement peut \u00eatre r\u00e9voqu\u00e9 \u00e0 tout moment.        <\/p>\n<p>L\u2019entreprise dispose d\u2019une certification au titre du \u00ab EU-US Data Privacy Framework \u00bb (DPF). Le DPF est un accord entre l\u2019Union europ\u00e9enne et les \u00c9tats-Unis, qui vise \u00e0 garantir le respect des normes europ\u00e9ennes de protection des donn\u00e9es lors de traitements de donn\u00e9es aux \u00c9tats-Unis. Toute entreprise certifi\u00e9e au titre du DPF s\u2019engage \u00e0 respecter ces normes de protection des donn\u00e9es. Vous trouverez de plus amples informations aupr\u00e8s du fournisseur via le lien suivant : <a href=\"https:\/\/www.dataprivacyframework.gov\/participant\/5780\" target=\"_blank\" rel=\"noopener noreferrer\">https:\/\/www.dataprivacyframework.gov\/participant\/5780<\/a>.   <\/p>\t\t\t\t<\/div>\n\t\t\t\t<\/div>\n\t\t\t\t<\/div>\n\t\t\t\t\t<\/div>\n\t\t\t\t<\/div>\n\t\t\t\t<\/div>\n\t\t","protected":false},"excerpt":{"rendered":"<p>Politique de confidentialit\u00e9 Politique de confidentialit\u00e9 1. Protection des donn\u00e9es en un coup d&#8217;\u0153il Informations g\u00e9n\u00e9rales Les informations suivantes vous donnent un aper\u00e7u simple de ce qui advient de vos donn\u00e9es \u00e0 caract\u00e8re personnel lorsque vous visitez ce site web. Les donn\u00e9es \u00e0 caract\u00e8re personnel sont toutes les donn\u00e9es permettant de vous identifier personnellement. Pour [&hellip;]<\/p>\n","protected":false},"author":3,"featured_media":0,"parent":0,"menu_order":0,"comment_status":"closed","ping_status":"closed","template":"elementor_header_footer","meta":{"footnotes":""},"class_list":["post-9310","page","type-page","status-publish","hentry"],"yoast_head":"<!-- This site is optimized with the Yoast SEO plugin v28.3 - https:\/\/yoast.com\/product\/yoast-seo-wordpress\/ -->\n<title>D\u00e9claration de confidentialit\u00e9 - rema.germany<\/title>\n<meta name=\"robots\" content=\"index, follow, max-snippet:-1, max-image-preview:large, max-video-preview:-1\" \/>\n<link rel=\"canonical\" href=\"https:\/\/www.rema-germany.com\/fr\/politique-de-confidentialite\/\" \/>\n<meta property=\"og:locale\" content=\"fr_FR\" \/>\n<meta property=\"og:type\" content=\"article\" \/>\n<meta property=\"og:title\" content=\"D\u00e9claration de confidentialit\u00e9 - rema.germany\" \/>\n<meta property=\"og:description\" content=\"Politique de confidentialit\u00e9 Politique de confidentialit\u00e9 1. Protection des donn\u00e9es en un coup d&#8217;\u0153il Informations g\u00e9n\u00e9rales Les informations suivantes vous donnent un aper\u00e7u simple de ce qui advient de vos donn\u00e9es \u00e0 caract\u00e8re personnel lorsque vous visitez ce site web. Les donn\u00e9es \u00e0 caract\u00e8re personnel sont toutes les donn\u00e9es permettant de vous identifier personnellement. Pour [&hellip;]\" \/>\n<meta property=\"og:url\" content=\"https:\/\/www.rema-germany.com\/fr\/politique-de-confidentialite\/\" \/>\n<meta property=\"og:site_name\" content=\"rema.germany\" \/>\n<meta property=\"article:publisher\" content=\"https:\/\/www.facebook.com\/p\/Brokamp-Containerdienst-Mllabfuhr-100057048657158\" \/>\n<meta property=\"article:modified_time\" content=\"2026-08-26T09:42:34+00:00\" \/>\n<meta name=\"twitter:card\" content=\"summary_large_image\" \/>\n<meta name=\"twitter:label1\" content=\"Dur\u00e9e de lecture estim\u00e9e\" \/>\n\t<meta name=\"twitter:data1\" content=\"32 minutes\" \/>\n<script type=\"application\/ld+json\" class=\"yoast-schema-graph\">{\"@context\":\"https:\\\/\\\/schema.org\",\"@graph\":[{\"@type\":\"WebPage\",\"@id\":\"https:\\\/\\\/www.rema-germany.com\\\/fr\\\/politique-de-confidentialite\\\/\",\"url\":\"https:\\\/\\\/www.rema-germany.com\\\/fr\\\/politique-de-confidentialite\\\/\",\"name\":\"D\u00e9claration de confidentialit\u00e9 - rema.germany\",\"isPartOf\":{\"@id\":\"https:\\\/\\\/www.rema-germany.com\\\/fr\\\/#website\"},\"datePublished\":\"2025-12-22T14:28:09+00:00\",\"dateModified\":\"2026-08-26T09:42:34+00:00\",\"breadcrumb\":{\"@id\":\"https:\\\/\\\/www.rema-germany.com\\\/fr\\\/politique-de-confidentialite\\\/#breadcrumb\"},\"inLanguage\":\"fr-FR\",\"potentialAction\":[{\"@type\":\"ReadAction\",\"target\":[\"https:\\\/\\\/www.rema-germany.com\\\/fr\\\/politique-de-confidentialite\\\/\"]}]},{\"@type\":\"BreadcrumbList\",\"@id\":\"https:\\\/\\\/www.rema-germany.com\\\/fr\\\/politique-de-confidentialite\\\/#breadcrumb\",\"itemListElement\":[{\"@type\":\"ListItem\",\"position\":1,\"name\":\"Accueil\",\"item\":\"https:\\\/\\\/www.rema-germany.com\\\/fr\\\/\"},{\"@type\":\"ListItem\",\"position\":2,\"name\":\"D\u00e9claration de confidentialit\u00e9\"}]},{\"@type\":\"WebSite\",\"@id\":\"https:\\\/\\\/www.rema-germany.com\\\/fr\\\/#website\",\"url\":\"https:\\\/\\\/www.rema-germany.com\\\/fr\\\/\",\"name\":\"Brokamp - Containerdienst, M\u00fcllabfuhr und Schubbodentransporte\",\"description\":\"part of a better future\",\"publisher\":{\"@id\":\"https:\\\/\\\/www.rema-germany.com\\\/fr\\\/#organization\"},\"potentialAction\":[{\"@type\":\"SearchAction\",\"target\":{\"@type\":\"EntryPoint\",\"urlTemplate\":\"https:\\\/\\\/www.rema-germany.com\\\/fr\\\/?s={search_term_string}\"},\"query-input\":{\"@type\":\"PropertyValueSpecification\",\"valueRequired\":true,\"valueName\":\"search_term_string\"}}],\"inLanguage\":\"fr-FR\"},{\"@type\":\"Organization\",\"@id\":\"https:\\\/\\\/www.rema-germany.com\\\/fr\\\/#organization\",\"name\":\"Brokamp - Containerdienst, M\u00fcllabfuhr und Schubbodentransporte\",\"url\":\"https:\\\/\\\/www.rema-germany.com\\\/fr\\\/\",\"logo\":{\"@type\":\"ImageObject\",\"inLanguage\":\"fr-FR\",\"@id\":\"https:\\\/\\\/www.rema-germany.com\\\/fr\\\/#\\\/schema\\\/logo\\\/image\\\/\",\"url\":\"https:\\\/\\\/www.rema-germany.com\\\/wp-content\\\/uploads\\\/2023\\\/10\\\/rema.germany-Wort-Bild-Marke-Effekt-RBG.svg\",\"contentUrl\":\"https:\\\/\\\/www.rema-germany.com\\\/wp-content\\\/uploads\\\/2023\\\/10\\\/rema.germany-Wort-Bild-Marke-Effekt-RBG.svg\",\"caption\":\"Brokamp - Containerdienst, M\u00fcllabfuhr und Schubbodentransporte\"},\"image\":{\"@id\":\"https:\\\/\\\/www.rema-germany.com\\\/fr\\\/#\\\/schema\\\/logo\\\/image\\\/\"},\"sameAs\":[\"https:\\\/\\\/www.facebook.com\\\/p\\\/Brokamp-Containerdienst-Mllabfuhr-100057048657158\",\"https:\\\/\\\/www.instagram.com\\\/brokamp_containerdienst\\\/\"]}]}<\/script>\n<!-- \/ Yoast SEO plugin. -->","yoast_head_json":{"title":"D\u00e9claration de confidentialit\u00e9 - rema.germany","robots":{"index":"index","follow":"follow","max-snippet":"max-snippet:-1","max-image-preview":"max-image-preview:large","max-video-preview":"max-video-preview:-1"},"canonical":"https:\/\/www.rema-germany.com\/fr\/politique-de-confidentialite\/","og_locale":"fr_FR","og_type":"article","og_title":"D\u00e9claration de confidentialit\u00e9 - rema.germany","og_description":"Politique de confidentialit\u00e9 Politique de confidentialit\u00e9 1. Protection des donn\u00e9es en un coup d&#8217;\u0153il Informations g\u00e9n\u00e9rales Les informations suivantes vous donnent un aper\u00e7u simple de ce qui advient de vos donn\u00e9es \u00e0 caract\u00e8re personnel lorsque vous visitez ce site web. Les donn\u00e9es \u00e0 caract\u00e8re personnel sont toutes les donn\u00e9es permettant de vous identifier personnellement. Pour [&hellip;]","og_url":"https:\/\/www.rema-germany.com\/fr\/politique-de-confidentialite\/","og_site_name":"rema.germany","article_publisher":"https:\/\/www.facebook.com\/p\/Brokamp-Containerdienst-Mllabfuhr-100057048657158","article_modified_time":"2026-08-26T09:42:34+00:00","twitter_card":"summary_large_image","twitter_misc":{"Dur\u00e9e de lecture estim\u00e9e":"32 minutes"},"schema":{"@context":"https:\/\/schema.org","@graph":[{"@type":"WebPage","@id":"https:\/\/www.rema-germany.com\/fr\/politique-de-confidentialite\/","url":"https:\/\/www.rema-germany.com\/fr\/politique-de-confidentialite\/","name":"D\u00e9claration de confidentialit\u00e9 - rema.germany","isPartOf":{"@id":"https:\/\/www.rema-germany.com\/fr\/#website"},"datePublished":"2025-12-22T14:28:09+00:00","dateModified":"2026-08-26T09:42:34+00:00","breadcrumb":{"@id":"https:\/\/www.rema-germany.com\/fr\/politique-de-confidentialite\/#breadcrumb"},"inLanguage":"fr-FR","potentialAction":[{"@type":"ReadAction","target":["https:\/\/www.rema-germany.com\/fr\/politique-de-confidentialite\/"]}]},{"@type":"BreadcrumbList","@id":"https:\/\/www.rema-germany.com\/fr\/politique-de-confidentialite\/#breadcrumb","itemListElement":[{"@type":"ListItem","position":1,"name":"Accueil","item":"https:\/\/www.rema-germany.com\/fr\/"},{"@type":"ListItem","position":2,"name":"D\u00e9claration de confidentialit\u00e9"}]},{"@type":"WebSite","@id":"https:\/\/www.rema-germany.com\/fr\/#website","url":"https:\/\/www.rema-germany.com\/fr\/","name":"Brokamp - Containerdienst, M\u00fcllabfuhr und Schubbodentransporte","description":"part of a better future","publisher":{"@id":"https:\/\/www.rema-germany.com\/fr\/#organization"},"potentialAction":[{"@type":"SearchAction","target":{"@type":"EntryPoint","urlTemplate":"https:\/\/www.rema-germany.com\/fr\/?s={search_term_string}"},"query-input":{"@type":"PropertyValueSpecification","valueRequired":true,"valueName":"search_term_string"}}],"inLanguage":"fr-FR"},{"@type":"Organization","@id":"https:\/\/www.rema-germany.com\/fr\/#organization","name":"Brokamp - Containerdienst, M\u00fcllabfuhr und Schubbodentransporte","url":"https:\/\/www.rema-germany.com\/fr\/","logo":{"@type":"ImageObject","inLanguage":"fr-FR","@id":"https:\/\/www.rema-germany.com\/fr\/#\/schema\/logo\/image\/","url":"https:\/\/www.rema-germany.com\/wp-content\/uploads\/2023\/10\/rema.germany-Wort-Bild-Marke-Effekt-RBG.svg","contentUrl":"https:\/\/www.rema-germany.com\/wp-content\/uploads\/2023\/10\/rema.germany-Wort-Bild-Marke-Effekt-RBG.svg","caption":"Brokamp - Containerdienst, M\u00fcllabfuhr und Schubbodentransporte"},"image":{"@id":"https:\/\/www.rema-germany.com\/fr\/#\/schema\/logo\/image\/"},"sameAs":["https:\/\/www.facebook.com\/p\/Brokamp-Containerdienst-Mllabfuhr-100057048657158","https:\/\/www.instagram.com\/brokamp_containerdienst\/"]}]}},"_links":{"self":[{"href":"https:\/\/www.rema-germany.com\/fr\/wp-json\/wp\/v2\/pages\/9310","targetHints":{"allow":["GET"]}}],"collection":[{"href":"https:\/\/www.rema-germany.com\/fr\/wp-json\/wp\/v2\/pages"}],"about":[{"href":"https:\/\/www.rema-germany.com\/fr\/wp-json\/wp\/v2\/types\/page"}],"author":[{"embeddable":true,"href":"https:\/\/www.rema-germany.com\/fr\/wp-json\/wp\/v2\/users\/3"}],"replies":[{"embeddable":true,"href":"https:\/\/www.rema-germany.com\/fr\/wp-json\/wp\/v2\/comments?post=9310"}],"version-history":[{"count":7,"href":"https:\/\/www.rema-germany.com\/fr\/wp-json\/wp\/v2\/pages\/9310\/revisions"}],"predecessor-version":[{"id":12394,"href":"https:\/\/www.rema-germany.com\/fr\/wp-json\/wp\/v2\/pages\/9310\/revisions\/12394"}],"wp:attachment":[{"href":"https:\/\/www.rema-germany.com\/fr\/wp-json\/wp\/v2\/media?parent=9310"}],"curies":[{"name":"wp","href":"https:\/\/api.w.org\/{rel}","templated":true}]}}